{"id":10651,"date":"2025-07-12T15:36:27","date_gmt":"2025-07-12T13:36:27","guid":{"rendered":"https:\/\/www.qwien.at\/culture\/"},"modified":"2026-02-18T10:38:00","modified_gmt":"2026-02-18T09:38:00","slug":"culture","status":"publish","type":"page","link":"https:\/\/www.qwien.at\/en\/culture\/","title":{"rendered":"Culture"},"content":{"rendered":"<div class=\"wpb-content-wrapper\"><p>[vc_row section_type=&#8221;container-width&#8221; padding_top_multiplier=&#8221;4x&#8221; padding_bottom_multiplier=&#8221;2x&#8221; rc_heading_color=&#8221;primary-2&#8243; rc_link_color=&#8221;primary-3&#8243; rc_link_hover_color=&#8221;primary-3&#8243; columns_gap=&#8221;60&#8243; rc_font_color=&#8221;#2D0045&#8243; section_id=&#8221;exhibitions&#8221; scroll_section_title=&#8221;Exhibitions&#8221;][vc_column]<h2 class=\"grve-element grve-title grve-align-inherit grve-h1\"><span>Current exhibitions<\/span><\/h2><div class=\"grve-element grve-divider\"><span class=\"grve-custom-divider grve-bg-primary-2 grve-align-center\" style=\"width: 100%;height: 1px;\"><\/span><\/div><div class=\"grve-empty-space grve-height-2x\"><\/div>[vc_row_inner rc_link_color=&#8221;primary-3&#8243; rc_link_hover_color=&#8221;primary-3&#8243;][vc_column_inner width=&#8221;1\/2&#8243;]<div class=\"grve-element grve-media-box grve-align-left grve-style-1\"><a href=\"https:\/\/www.qwien.at\/en\/exhibitions\/united-by-queerness-the-esc-exhibition\/\"><div class=\"grve-media\"><div class=\"grve-thumbnail-wrapper\"><div class=\"grve-thumbnail\"  style=\"padding-top: 133.393%;\"><img loading=\"lazy\" decoding=\"async\" width=\"1120\" height=\"1494\" src=\"https:\/\/www.qwien.at\/wp-content\/uploads\/2026\/02\/Qwien_ESC_Web_1-1.png\" class=\"attachment-full size-full\" alt=\"Green pedestrian signal with figures, promoting the &quot;United by Queerness&quot; exhibition.\" data-column-space=\"100\" data-lazyload=\"\" data-grve-filter=\"yes\" srcset=\"https:\/\/www.qwien.at\/wp-content\/uploads\/2026\/02\/Qwien_ESC_Web_1-1.png 1120w, https:\/\/www.qwien.at\/wp-content\/uploads\/2026\/02\/Qwien_ESC_Web_1-1-225x300.png 225w, https:\/\/www.qwien.at\/wp-content\/uploads\/2026\/02\/Qwien_ESC_Web_1-1-768x1024.png 768w, https:\/\/www.qwien.at\/wp-content\/uploads\/2026\/02\/Qwien_ESC_Web_1-1-560x747.png 560w, https:\/\/www.qwien.at\/wp-content\/uploads\/2026\/02\/Qwien_ESC_Web_1-1-840x1120.png 840w\" sizes=\"auto, (max-width: 1120px) 100vw, 1120px\" \/><\/div><\/div><\/div><\/a><div class=\"grve-box-content\"><div class=\"grve-content-inner\"><a href=\"https:\/\/www.qwien.at\/en\/exhibitions\/united-by-queerness-the-esc-exhibition\/\"><h3 class=\"grve-box-title grve-h3\">United by Queerness.<br \/>\nThe ESC Exhibition<\/h3><\/a>    <p class=\"grve-leader-text\">February 19th to May 24th<\/p><\/div><a href=\"https:\/\/www.qwien.at\/en\/exhibitions\/united-by-queerness-the-esc-exhibition\/\" class=\"grve-link-text grve-media-read-more\"><span>To the exhibition<\/span><\/a>  <\/div><\/div>[\/vc_column_inner][vc_column_inner width=&#8221;1\/2&#8243;]<div class=\"grve-element grve-media-box grve-align-left grve-style-1\"><div class=\"grve-media\"><div class=\"grve-thumbnail-wrapper\"><div class=\"grve-thumbnail\"  style=\"padding-top: 133.393%;\"><img loading=\"lazy\" decoding=\"async\" width=\"1120\" height=\"1494\" src=\"https:\/\/www.qwien.at\/wp-content\/uploads\/2026\/02\/Kacheln_Website_ralfkoenig_2-1.png\" class=\"attachment-full size-full\" alt=\"&quot;Save the date for Ralf K\u00f6nig&#039;s exhibition opening on June 3, 2026, at QWIEN.&quot;\" srcset=\"https:\/\/www.qwien.at\/wp-content\/uploads\/2026\/02\/Kacheln_Website_ralfkoenig_2-1.png 1x,https:\/\/www.qwien.at\/wp-content\/uploads\/2026\/02\/Kacheln_Website_ralfkoenig_2-1.png 2x\" data-column-space=\"100\" data-lazyload=\"\" data-grve-filter=\"yes\" \/><\/div><\/div><\/div><div class=\"grve-box-content\"><div class=\"grve-content-inner\"><h3 class=\"grve-box-title grve-h3\">Ralf K\u00f6nig.<br \/>\nThe exhibition at Qwien<\/h3>    <p class=\"grve-leader-text\">June 4 to October 11, 2026<\/p><\/div>  <\/div><\/div>[\/vc_column_inner][\/vc_row_inner][\/vc_column][\/vc_row][vc_row section_type=&#8221;container-width&#8221; padding_top_multiplier=&#8221;4x&#8221; padding_bottom_multiplier=&#8221;4x&#8221; rc_heading_color=&#8221;primary-2&#8243; rc_link_color=&#8221;primary-1&#8243; rc_link_hover_color=&#8221;primary-3&#8243; columns_gap=&#8221;60&#8243; rc_font_color=&#8221;#2D0045&#8243; section_id=&#8221;events&#8221; scroll_section_title=&#8221;Events&#8221;][vc_column]<h2 class=\"grve-element grve-title grve-align-inherit grve-h1\"><span>Current events<\/span><\/h2><div class=\"grve-element grve-divider\"><span class=\"grve-custom-divider grve-bg-primary-2 grve-align-center\" style=\"width: 100%;height: 1px;\"><\/span><\/div><div class=\"grve-empty-space grve-height-2x\"><\/div><!-- \u2705 Forced override loaded: blog-carousel.php --><!-- \ud83c\udfaf blog-carousel.php override is loaded --><div class=\"grve-element grve-carousel\">\n    <div class=\"grve-carousel-wrapper\">\n        \t<div class=\"grve-carousel-navigation grve-navigation-arrow-1\">\r\n\t\t<div class=\"grve-carousel-buttons\">\r\n\t\t\t<div class=\"grve-carousel-prev\"><div class=\"grve-svg-icon grve-direction-left grve-arrow-1 grve-svg-primary-2 grve-with-shape grve-circle grve-bg-primary-1\">\t\t\t<svg width=\"12px\" height=\"12px\" viewBox=\"0 0 12 12\">\r\n\t\t\t\t<polygon points=\"3.6 0 10 6 3.6 12 2 10.5 6.8 6 2 1.5\"><\/polygon>\r\n\t\t\t<\/svg>\r\n\t\t\t<\/div><\/div>\r\n\t\t\t<div class=\"grve-carousel-next\"><div class=\"grve-svg-icon grve-direction-right grve-arrow-1 grve-svg-primary-2 grve-with-shape grve-circle grve-bg-primary-1\">\t\t\t<svg width=\"12px\" height=\"12px\" viewBox=\"0 0 12 12\">\r\n\t\t\t\t<polygon points=\"3.6 0 10 6 3.6 12 2 10.5 6.8 6 2 1.5\"><\/polygon>\r\n\t\t\t<\/svg>\r\n\t\t\t<\/div><\/div>\r\n\t\t<\/div>\r\n\t<\/div>\r\n        <div data-items=\"3\" data-items-tablet-landscape=\"2\" data-items-tablet-portrait=\"2\" data-items-mobile=\"1\" data-slider-autoplay=\"yes\" data-pagination=\"yes\" data-slider-loop=\"yes\" data-slider-speed=\"3000\" data-slider-pause=\"yes\" data-pagination-speed=\"400\" data-gutter-size=\"30\" class=\"grve-carousel-element grve-blog-carousel grve-blog-columns grve-with-gap grve-classic-carousel\">\n            <article class=\"grve-carousel-item post-12773 post type-post status-publish format-standard has-post-thumbnail hentry category-esc-2 category-events grve-entry-item grve-blog-item\" itemscope itemType=\"http:\/\/schema.org\/BlogPosting\">\n                <div class=\"grve-post-item grve-style-1 grve-format-standard\">\r\n\t<div class=\"grve-post-item-inner\">\r\n\t\t<div class=\"grve-post-top\">\r\n\t\t\t\t\t\t<div class=\"grve-post-media grve-radius-none grve-shadow-none\">\r\n\t\t\t\t\t\t\t<a class=\"grve-item-url\" href=\"https:\/\/www.qwien.at\/en\/events\/ticketcooperation_hdgoe\/\" rel=\"bookmark\"><span class=\"screen-reader-text\">Ticket cooperation: hdg\u00f6 x Qwien<\/span><\/a>\r\n\t\t\t\t<div class=\"grve-thumbnail-wrapper\"><div class=\"grve-thumbnail\"  style=\"padding-top: 133.393%;\"><img loading=\"lazy\" decoding=\"async\" width=\"560\" height=\"747\" src=\"https:\/\/www.qwien.at\/wp-content\/uploads\/2026\/03\/Qwien_Collab-560x747.jpg\" class=\"attachment-impeka-grve-small-rect-vertical size-impeka-grve-small-rect-vertical wp-post-image\" alt=\"Green traffic light with pedestrian symbol, promoting &quot;United by Queerness&quot; event by hdg\u00f6 and Qwien.\" data-column-space=\"100\" data-lazyload=\"\" data-grve-filter=\"yes\" srcset=\"https:\/\/www.qwien.at\/wp-content\/uploads\/2026\/03\/Qwien_Collab-560x747.jpg 560w, https:\/\/www.qwien.at\/wp-content\/uploads\/2026\/03\/Qwien_Collab-225x300.jpg 225w, https:\/\/www.qwien.at\/wp-content\/uploads\/2026\/03\/Qwien_Collab-768x1024.jpg 768w, https:\/\/www.qwien.at\/wp-content\/uploads\/2026\/03\/Qwien_Collab-840x1120.jpg 840w, https:\/\/www.qwien.at\/wp-content\/uploads\/2026\/03\/Qwien_Collab.jpg 1120w\" sizes=\"auto, (max-width: 560px) 100vw, 560px\" \/><\/div><\/div>\t\t\t<\/div>\r\n\t\t\t\t\t\t\t\t\t<div class=\"grve-post-content\">\r\n\t\t\t\t\t\t\t\t<a href=\"https:\/\/www.qwien.at\/en\/events\/ticketcooperation_hdgoe\/\" rel=\"bookmark\"><h3 class=\"grve-post-title grve-h3\" itemprop=\"headline\"><span>Ticket cooperation: hdg\u00f6 x Qwien<\/span><\/h3><\/a>\t\t\t\t<div class=\"grve-post-exerpt\" itemprop=\"articleBody\">\r\n\t\t\t\t\t<p>From 25 March to 24 May 2026\n<\/p>\t\t\t\t<\/div>\r\n\t\t\t<\/div>\r\n\t\t<\/div>\r\n\t\t\t<\/div>\r\n\t\t\t<span class=\"grve-hidden\">\r\n\t\t\t<span class=\"grve-structured-data\" itemprop=\"image\" itemscope itemtype=\"http:\/\/schema.org\/ImageObject\">\r\n\t\t\t   <span itemprop='url' >https:\/\/www.qwien.at\/wp-content\/uploads\/2026\/03\/Qwien_Collab.jpg<\/span>\r\n\t\t\t   <span itemprop='height' >1120<\/span>\r\n\t\t\t   <span itemprop='width' >1494<\/span>\r\n\t\t\t<\/span>\r\n\t\t\t\t\t\t<span class=\"grve-structured-data\" itemprop=\"author\" itemscope itemtype=\"http:\/\/schema.org\/Person\">\r\n\t\t\t\t<span itemprop=\"name\">Qwien - Zentrum f\u00fcr queere Geschichte<\/span>\r\n\t\t\t<\/span>\r\n\t\t\t<span class=\"grve-structured-data\" itemprop=\"publisher\" itemscope itemtype=\"http:\/\/schema.org\/Organization\">\r\n\t\t\t\t<span itemprop='name'>Qwien - Zentrum f\u00fcr queere Geschichte<\/span>\r\n\t\t\t\t<span itemprop='logo' itemscope itemtype='http:\/\/schema.org\/ImageObject'>\r\n\t\t\t\t\t<span itemprop='url'>https:\/\/www.qwien.at\/wp-content\/uploads\/2026\/03\/Qwien_Collab.jpg<\/span>\r\n\t\t\t\t<\/span>\r\n\t\t\t<\/span>\r\n\t\t\t\t\t\t<time class=\"grve-structured-data\" itemprop=\"datePublished\" datetime=\"2026-03-26T18:05:15+01:00\">26. March 2026<\/time>\r\n\t\t\t<time class=\"grve-structured-data\" itemprop=\"dateModified\"  datetime=\"2026-03-30T17:22:30+02:00\">30. March 2026<\/time>\r\n\t\t\t<span class=\"grve-structured-data\" itemprop=\"mainEntityOfPage\" itemscope itemtype=\"http:\/\/schema.org\/WebPage\" itemid=\"https:\/\/www.qwien.at\/en\/events\/ticketcooperation_hdgoe\/\"><\/span>\r\n\t\t<\/span>\r\n\t<\/div>\r\n            <\/article>\n            <article class=\"grve-carousel-item post-12864 post type-post status-publish format-standard has-post-thumbnail hentry category-esc-2 category-events grve-entry-item grve-blog-item\" itemscope itemType=\"http:\/\/schema.org\/BlogPosting\">\n                <div class=\"grve-post-item grve-style-1 grve-format-standard\">\r\n\t<div class=\"grve-post-item-inner\">\r\n\t\t<div class=\"grve-post-top\">\r\n\t\t\t\t\t\t<div class=\"grve-post-media grve-radius-none grve-shadow-none\">\r\n\t\t\t\t\t\t\t<a class=\"grve-item-url\" href=\"https:\/\/www.qwien.at\/en\/events\/the-esc-under-the-rainbow\/\" rel=\"bookmark\"><span class=\"screen-reader-text\">Queer City Talk 2026<\/span><\/a>\r\n\t\t\t\t<div class=\"grve-thumbnail-wrapper\"><div class=\"grve-thumbnail\"  style=\"padding-top: 133.393%;\"><img loading=\"lazy\" decoding=\"async\" width=\"560\" height=\"747\" src=\"https:\/\/www.qwien.at\/wp-content\/uploads\/2026\/04\/Kacheln_Website_WASt_3-560x747.png\" class=\"attachment-impeka-grve-small-rect-vertical size-impeka-grve-small-rect-vertical wp-post-image\" alt=\"Discussion poster for &quot;Should Eurovision Be Political?&quot; at Queeres Stadtgespr\u00e4ch, April 29, 2026.\" data-column-space=\"100\" data-lazyload=\"\" data-grve-filter=\"yes\" srcset=\"https:\/\/www.qwien.at\/wp-content\/uploads\/2026\/04\/Kacheln_Website_WASt_3-560x747.png 560w, https:\/\/www.qwien.at\/wp-content\/uploads\/2026\/04\/Kacheln_Website_WASt_3-225x300.png 225w, https:\/\/www.qwien.at\/wp-content\/uploads\/2026\/04\/Kacheln_Website_WASt_3-768x1024.png 768w, https:\/\/www.qwien.at\/wp-content\/uploads\/2026\/04\/Kacheln_Website_WASt_3-840x1120.png 840w, https:\/\/www.qwien.at\/wp-content\/uploads\/2026\/04\/Kacheln_Website_WASt_3.png 1120w\" sizes=\"auto, (max-width: 560px) 100vw, 560px\" \/><\/div><\/div>\t\t\t<\/div>\r\n\t\t\t\t\t\t\t\t\t<div class=\"grve-post-content\">\r\n\t\t\t\t\t\t\t\t<a href=\"https:\/\/www.qwien.at\/en\/events\/the-esc-under-the-rainbow\/\" rel=\"bookmark\"><h3 class=\"grve-post-title grve-h3\" itemprop=\"headline\"><span>Queer City Talk 2026<\/span><\/h3><\/a>\t\t\t\t<div class=\"grve-post-exerpt\" itemprop=\"articleBody\">\r\n\t\t\t\t\t<p>April 29th 2026, 6 PM\n<\/p>\t\t\t\t<\/div>\r\n\t\t\t<\/div>\r\n\t\t<\/div>\r\n\t\t\t<\/div>\r\n\t\t\t<span class=\"grve-hidden\">\r\n\t\t\t<span class=\"grve-structured-data\" itemprop=\"image\" itemscope itemtype=\"http:\/\/schema.org\/ImageObject\">\r\n\t\t\t   <span itemprop='url' >https:\/\/www.qwien.at\/wp-content\/uploads\/2026\/04\/Kacheln_Website_WASt_3.png<\/span>\r\n\t\t\t   <span itemprop='height' >1120<\/span>\r\n\t\t\t   <span itemprop='width' >1494<\/span>\r\n\t\t\t<\/span>\r\n\t\t\t\t\t\t<span class=\"grve-structured-data\" itemprop=\"author\" itemscope itemtype=\"http:\/\/schema.org\/Person\">\r\n\t\t\t\t<span itemprop=\"name\">Qwien - Zentrum f\u00fcr queere Geschichte<\/span>\r\n\t\t\t<\/span>\r\n\t\t\t<span class=\"grve-structured-data\" itemprop=\"publisher\" itemscope itemtype=\"http:\/\/schema.org\/Organization\">\r\n\t\t\t\t<span itemprop='name'>Qwien - Zentrum f\u00fcr queere Geschichte<\/span>\r\n\t\t\t\t<span itemprop='logo' itemscope itemtype='http:\/\/schema.org\/ImageObject'>\r\n\t\t\t\t\t<span itemprop='url'>https:\/\/www.qwien.at\/wp-content\/uploads\/2026\/04\/Kacheln_Website_WASt_3.png<\/span>\r\n\t\t\t\t<\/span>\r\n\t\t\t<\/span>\r\n\t\t\t\t\t\t<time class=\"grve-structured-data\" itemprop=\"datePublished\" datetime=\"2026-04-10T18:05:05+02:00\">10. April 2026<\/time>\r\n\t\t\t<time class=\"grve-structured-data\" itemprop=\"dateModified\"  datetime=\"2026-04-21T18:11:18+02:00\">21. April 2026<\/time>\r\n\t\t\t<span class=\"grve-structured-data\" itemprop=\"mainEntityOfPage\" itemscope itemtype=\"http:\/\/schema.org\/WebPage\" itemid=\"https:\/\/www.qwien.at\/en\/events\/the-esc-under-the-rainbow\/\"><\/span>\r\n\t\t<\/span>\r\n\t<\/div>\r\n            <\/article>\n            <article class=\"grve-carousel-item post-12901 post type-post status-publish format-standard has-post-thumbnail hentry category-esc-2 category-events grve-entry-item grve-blog-item\" itemscope itemType=\"http:\/\/schema.org\/BlogPosting\">\n                <div class=\"grve-post-item grve-style-1 grve-format-standard\">\r\n\t<div class=\"grve-post-item-inner\">\r\n\t\t<div class=\"grve-post-top\">\r\n\t\t\t\t\t\t<div class=\"grve-post-media grve-radius-none grve-shadow-none\">\r\n\t\t\t\t\t\t\t<a class=\"grve-item-url\" href=\"https:\/\/www.qwien.at\/en\/events\/guided-tours-eurovison-song-contest\/\" rel=\"bookmark\"><span class=\"screen-reader-text\">Guided Tours: Eurovison Song Contest<\/span><\/a>\r\n\t\t\t\t<div class=\"grve-thumbnail-wrapper\"><div class=\"grve-thumbnail\"  style=\"padding-top: 133.393%;\"><img loading=\"lazy\" decoding=\"async\" width=\"560\" height=\"747\" src=\"https:\/\/www.qwien.at\/wp-content\/uploads\/2026\/04\/Kacheln_Website_Eng_2-1-560x747.png\" class=\"attachment-impeka-grve-small-rect-vertical size-impeka-grve-small-rect-vertical wp-post-image\" alt=\"Text graphic promoting &quot;Queering City: Walks &amp; Guided Tours&quot; and &quot;Eurovision,&quot; emphasizing unity in queerness.\" data-column-space=\"100\" data-lazyload=\"\" data-grve-filter=\"yes\" srcset=\"https:\/\/www.qwien.at\/wp-content\/uploads\/2026\/04\/Kacheln_Website_Eng_2-1-560x747.png 560w, https:\/\/www.qwien.at\/wp-content\/uploads\/2026\/04\/Kacheln_Website_Eng_2-1-225x300.png 225w, https:\/\/www.qwien.at\/wp-content\/uploads\/2026\/04\/Kacheln_Website_Eng_2-1-768x1024.png 768w, https:\/\/www.qwien.at\/wp-content\/uploads\/2026\/04\/Kacheln_Website_Eng_2-1-840x1120.png 840w, https:\/\/www.qwien.at\/wp-content\/uploads\/2026\/04\/Kacheln_Website_Eng_2-1.png 1120w\" sizes=\"auto, (max-width: 560px) 100vw, 560px\" \/><\/div><\/div>\t\t\t<\/div>\r\n\t\t\t\t\t\t\t\t\t<div class=\"grve-post-content\">\r\n\t\t\t\t\t\t\t\t<a href=\"https:\/\/www.qwien.at\/en\/events\/guided-tours-eurovison-song-contest\/\" rel=\"bookmark\"><h3 class=\"grve-post-title grve-h3\" itemprop=\"headline\"><span>Guided Tours: Eurovison Song Contest<\/span><\/h3><\/a>\t\t\t\t<div class=\"grve-post-exerpt\" itemprop=\"articleBody\">\r\n\t\t\t\t\t<p>Exhibition ends May 24, 2026\n<\/p>\t\t\t\t<\/div>\r\n\t\t\t<\/div>\r\n\t\t<\/div>\r\n\t\t\t<\/div>\r\n\t\t\t<span class=\"grve-hidden\">\r\n\t\t\t<span class=\"grve-structured-data\" itemprop=\"image\" itemscope itemtype=\"http:\/\/schema.org\/ImageObject\">\r\n\t\t\t   <span itemprop='url' >https:\/\/www.qwien.at\/wp-content\/uploads\/2026\/04\/Kacheln_Website_Eng_2-1.png<\/span>\r\n\t\t\t   <span itemprop='height' >1120<\/span>\r\n\t\t\t   <span itemprop='width' >1494<\/span>\r\n\t\t\t<\/span>\r\n\t\t\t\t\t\t<span class=\"grve-structured-data\" itemprop=\"author\" itemscope itemtype=\"http:\/\/schema.org\/Person\">\r\n\t\t\t\t<span itemprop=\"name\">Qwien - Zentrum f\u00fcr queere Geschichte<\/span>\r\n\t\t\t<\/span>\r\n\t\t\t<span class=\"grve-structured-data\" itemprop=\"publisher\" itemscope itemtype=\"http:\/\/schema.org\/Organization\">\r\n\t\t\t\t<span itemprop='name'>Qwien - Zentrum f\u00fcr queere Geschichte<\/span>\r\n\t\t\t\t<span itemprop='logo' itemscope itemtype='http:\/\/schema.org\/ImageObject'>\r\n\t\t\t\t\t<span itemprop='url'>https:\/\/www.qwien.at\/wp-content\/uploads\/2026\/04\/Kacheln_Website_Eng_2-1.png<\/span>\r\n\t\t\t\t<\/span>\r\n\t\t\t<\/span>\r\n\t\t\t\t\t\t<time class=\"grve-structured-data\" itemprop=\"datePublished\" datetime=\"2026-04-18T16:20:22+02:00\">18. April 2026<\/time>\r\n\t\t\t<time class=\"grve-structured-data\" itemprop=\"dateModified\"  datetime=\"2026-04-26T17:21:39+02:00\">26. April 2026<\/time>\r\n\t\t\t<span class=\"grve-structured-data\" itemprop=\"mainEntityOfPage\" itemscope itemtype=\"http:\/\/schema.org\/WebPage\" itemid=\"https:\/\/www.qwien.at\/en\/events\/guided-tours-eurovison-song-contest\/\"><\/span>\r\n\t\t<\/span>\r\n\t<\/div>\r\n            <\/article>\n            <article class=\"grve-carousel-item post-12801 post type-post status-publish format-standard has-post-thumbnail hentry category-esc-2 category-events grve-entry-item grve-blog-item\" itemscope itemType=\"http:\/\/schema.org\/BlogPosting\">\n                <div class=\"grve-post-item grve-style-1 grve-format-standard\">\r\n\t<div class=\"grve-post-item-inner\">\r\n\t\t<div class=\"grve-post-top\">\r\n\t\t\t\t\t\t<div class=\"grve-post-media grve-radius-none grve-shadow-none\">\r\n\t\t\t\t\t\t\t<a class=\"grve-item-url\" href=\"https:\/\/www.qwien.at\/en\/events\/esc-quiz-night-qwien\/\" rel=\"bookmark\"><span class=\"screen-reader-text\">Camp, Chaos &#038; Eurovision<\/span><\/a>\r\n\t\t\t\t<div class=\"grve-thumbnail-wrapper\"><div class=\"grve-thumbnail\"  style=\"padding-top: 133.393%;\"><img loading=\"lazy\" decoding=\"async\" width=\"560\" height=\"747\" src=\"https:\/\/www.qwien.at\/wp-content\/uploads\/2026\/04\/Kacheln_Website_SertraLIna_1-560x747.png\" class=\"attachment-impeka-grve-small-rect-vertical size-impeka-grve-small-rect-vertical wp-post-image\" alt=\"Person with dramatic makeup poses for a promotional event titled &quot;Camp, Chaos &amp; Eurovision.&quot;\" data-column-space=\"100\" data-lazyload=\"\" data-grve-filter=\"yes\" srcset=\"https:\/\/www.qwien.at\/wp-content\/uploads\/2026\/04\/Kacheln_Website_SertraLIna_1-560x747.png 560w, https:\/\/www.qwien.at\/wp-content\/uploads\/2026\/04\/Kacheln_Website_SertraLIna_1-225x300.png 225w, https:\/\/www.qwien.at\/wp-content\/uploads\/2026\/04\/Kacheln_Website_SertraLIna_1-768x1024.png 768w, https:\/\/www.qwien.at\/wp-content\/uploads\/2026\/04\/Kacheln_Website_SertraLIna_1-840x1120.png 840w, https:\/\/www.qwien.at\/wp-content\/uploads\/2026\/04\/Kacheln_Website_SertraLIna_1.png 1120w\" sizes=\"auto, (max-width: 560px) 100vw, 560px\" \/><\/div><\/div>\t\t\t<\/div>\r\n\t\t\t\t\t\t\t\t\t<div class=\"grve-post-content\">\r\n\t\t\t\t\t\t\t\t<a href=\"https:\/\/www.qwien.at\/en\/events\/esc-quiz-night-qwien\/\" rel=\"bookmark\"><h3 class=\"grve-post-title grve-h3\" itemprop=\"headline\"><span>Camp, Chaos &#038; Eurovision<\/span><\/h3><\/a>\t\t\t\t<div class=\"grve-post-exerpt\" itemprop=\"articleBody\">\r\n\t\t\t\t\t<p>Mai 3rd, 2026, 5 PM\n<\/p>\t\t\t\t<\/div>\r\n\t\t\t<\/div>\r\n\t\t<\/div>\r\n\t\t\t<\/div>\r\n\t\t\t<span class=\"grve-hidden\">\r\n\t\t\t<span class=\"grve-structured-data\" itemprop=\"image\" itemscope itemtype=\"http:\/\/schema.org\/ImageObject\">\r\n\t\t\t   <span itemprop='url' >https:\/\/www.qwien.at\/wp-content\/uploads\/2026\/04\/Kacheln_Website_SertraLIna_1.png<\/span>\r\n\t\t\t   <span itemprop='height' >1120<\/span>\r\n\t\t\t   <span itemprop='width' >1494<\/span>\r\n\t\t\t<\/span>\r\n\t\t\t\t\t\t<span class=\"grve-structured-data\" itemprop=\"author\" itemscope itemtype=\"http:\/\/schema.org\/Person\">\r\n\t\t\t\t<span itemprop=\"name\">Qwien - Zentrum f\u00fcr queere Geschichte<\/span>\r\n\t\t\t<\/span>\r\n\t\t\t<span class=\"grve-structured-data\" itemprop=\"publisher\" itemscope itemtype=\"http:\/\/schema.org\/Organization\">\r\n\t\t\t\t<span itemprop='name'>Qwien - Zentrum f\u00fcr queere Geschichte<\/span>\r\n\t\t\t\t<span itemprop='logo' itemscope itemtype='http:\/\/schema.org\/ImageObject'>\r\n\t\t\t\t\t<span itemprop='url'>https:\/\/www.qwien.at\/wp-content\/uploads\/2026\/04\/Kacheln_Website_SertraLIna_1.png<\/span>\r\n\t\t\t\t<\/span>\r\n\t\t\t<\/span>\r\n\t\t\t\t\t\t<time class=\"grve-structured-data\" itemprop=\"datePublished\" datetime=\"2026-04-01T12:12:15+02:00\">1. April 2026<\/time>\r\n\t\t\t<time class=\"grve-structured-data\" itemprop=\"dateModified\"  datetime=\"2026-04-13T14:35:32+02:00\">13. April 2026<\/time>\r\n\t\t\t<span class=\"grve-structured-data\" itemprop=\"mainEntityOfPage\" itemscope itemtype=\"http:\/\/schema.org\/WebPage\" itemid=\"https:\/\/www.qwien.at\/en\/events\/esc-quiz-night-qwien\/\"><\/span>\r\n\t\t<\/span>\r\n\t<\/div>\r\n            <\/article>\n            <article class=\"grve-carousel-item post-12838 post type-post status-publish format-standard has-post-thumbnail hentry category-esc-2 category-events grve-entry-item grve-blog-item\" itemscope itemType=\"http:\/\/schema.org\/BlogPosting\">\n                <div class=\"grve-post-item grve-style-1 grve-format-standard\">\r\n\t<div class=\"grve-post-item-inner\">\r\n\t\t<div class=\"grve-post-top\">\r\n\t\t\t\t\t\t<div class=\"grve-post-media grve-radius-none grve-shadow-none\">\r\n\t\t\t\t\t\t\t<a class=\"grve-item-url\" href=\"https:\/\/www.qwien.at\/en\/events\/queering-moebelmuseum-vienna\/\" rel=\"bookmark\"><span class=\"screen-reader-text\">Queering M\u00f6belmuseum Vienna<\/span><\/a>\r\n\t\t\t\t<div class=\"grve-thumbnail-wrapper\"><div class=\"grve-thumbnail\"  style=\"padding-top: 133.393%;\"><img loading=\"lazy\" decoding=\"async\" width=\"560\" height=\"747\" src=\"https:\/\/www.qwien.at\/wp-content\/uploads\/2026\/04\/Kacheln_Website_MOebelmuseum-560x747.png\" class=\"attachment-impeka-grve-small-rect-vertical size-impeka-grve-small-rect-vertical wp-post-image\" alt=\"&quot;Queering M\u00f6belmuseum event poster featuring a green chaise lounge and colorful room decor.&quot;\" data-column-space=\"100\" data-lazyload=\"\" data-grve-filter=\"yes\" srcset=\"https:\/\/www.qwien.at\/wp-content\/uploads\/2026\/04\/Kacheln_Website_MOebelmuseum-560x747.png 560w, https:\/\/www.qwien.at\/wp-content\/uploads\/2026\/04\/Kacheln_Website_MOebelmuseum-225x300.png 225w, https:\/\/www.qwien.at\/wp-content\/uploads\/2026\/04\/Kacheln_Website_MOebelmuseum-768x1024.png 768w, https:\/\/www.qwien.at\/wp-content\/uploads\/2026\/04\/Kacheln_Website_MOebelmuseum-840x1120.png 840w, https:\/\/www.qwien.at\/wp-content\/uploads\/2026\/04\/Kacheln_Website_MOebelmuseum.png 1120w\" sizes=\"auto, (max-width: 560px) 100vw, 560px\" \/><\/div><\/div>\t\t\t<\/div>\r\n\t\t\t\t\t\t\t\t\t<div class=\"grve-post-content\">\r\n\t\t\t\t\t\t\t\t<a href=\"https:\/\/www.qwien.at\/en\/events\/queering-moebelmuseum-vienna\/\" rel=\"bookmark\"><h3 class=\"grve-post-title grve-h3\" itemprop=\"headline\"><span>Queering M\u00f6belmuseum Vienna<\/span><\/h3><\/a>\t\t\t\t<div class=\"grve-post-exerpt\" itemprop=\"articleBody\">\r\n\t\t\t\t\t<p>May 12th 2026, from 3 to 4:30 PM\n<\/p>\t\t\t\t<\/div>\r\n\t\t\t<\/div>\r\n\t\t<\/div>\r\n\t\t\t<\/div>\r\n\t\t\t<span class=\"grve-hidden\">\r\n\t\t\t<span class=\"grve-structured-data\" itemprop=\"image\" itemscope itemtype=\"http:\/\/schema.org\/ImageObject\">\r\n\t\t\t   <span itemprop='url' >https:\/\/www.qwien.at\/wp-content\/uploads\/2026\/04\/Kacheln_Website_MOebelmuseum.png<\/span>\r\n\t\t\t   <span itemprop='height' >1120<\/span>\r\n\t\t\t   <span itemprop='width' >1494<\/span>\r\n\t\t\t<\/span>\r\n\t\t\t\t\t\t<span class=\"grve-structured-data\" itemprop=\"author\" itemscope itemtype=\"http:\/\/schema.org\/Person\">\r\n\t\t\t\t<span itemprop=\"name\">Qwien - Zentrum f\u00fcr queere Geschichte<\/span>\r\n\t\t\t<\/span>\r\n\t\t\t<span class=\"grve-structured-data\" itemprop=\"publisher\" itemscope itemtype=\"http:\/\/schema.org\/Organization\">\r\n\t\t\t\t<span itemprop='name'>Qwien - Zentrum f\u00fcr queere Geschichte<\/span>\r\n\t\t\t\t<span itemprop='logo' itemscope itemtype='http:\/\/schema.org\/ImageObject'>\r\n\t\t\t\t\t<span itemprop='url'>https:\/\/www.qwien.at\/wp-content\/uploads\/2026\/04\/Kacheln_Website_MOebelmuseum.png<\/span>\r\n\t\t\t\t<\/span>\r\n\t\t\t<\/span>\r\n\t\t\t\t\t\t<time class=\"grve-structured-data\" itemprop=\"datePublished\" datetime=\"2026-04-02T17:45:49+02:00\">2. April 2026<\/time>\r\n\t\t\t<time class=\"grve-structured-data\" itemprop=\"dateModified\"  datetime=\"2026-04-02T18:11:57+02:00\">2. April 2026<\/time>\r\n\t\t\t<span class=\"grve-structured-data\" itemprop=\"mainEntityOfPage\" itemscope itemtype=\"http:\/\/schema.org\/WebPage\" itemid=\"https:\/\/www.qwien.at\/en\/events\/queering-moebelmuseum-vienna\/\"><\/span>\r\n\t\t<\/span>\r\n\t<\/div>\r\n            <\/article>\n            <article class=\"grve-carousel-item post-12915 post type-post status-publish format-standard has-post-thumbnail hentry category-events grve-entry-item grve-blog-item\" itemscope itemType=\"http:\/\/schema.org\/BlogPosting\">\n                <div class=\"grve-post-item grve-style-1 grve-format-standard\">\r\n\t<div class=\"grve-post-item-inner\">\r\n\t\t<div class=\"grve-post-top\">\r\n\t\t\t\t\t\t<div class=\"grve-post-media grve-radius-none grve-shadow-none\">\r\n\t\t\t\t\t\t\t<a class=\"grve-item-url\" href=\"https:\/\/www.qwien.at\/en\/events\/saturday-at-4-with-julya-rabinowich\/\" rel=\"bookmark\"><span class=\"screen-reader-text\">Saturday at 4 with Julya Rabinowich<\/span><\/a>\r\n\t\t\t\t<div class=\"grve-thumbnail-wrapper\"><div class=\"grve-thumbnail\"  style=\"padding-top: 133.393%;\"><img loading=\"lazy\" decoding=\"async\" width=\"560\" height=\"747\" src=\"https:\/\/www.qwien.at\/wp-content\/uploads\/2026\/04\/Kacheln_Website_JULYA-RABINOWICH_1-560x747.png\" class=\"attachment-impeka-grve-small-rect-vertical size-impeka-grve-small-rect-vertical wp-post-image\" alt=\"Portrait of author Julya Rabinowich promoting a reading event on May 23 at 4 PM.\" data-column-space=\"100\" data-lazyload=\"\" data-grve-filter=\"yes\" srcset=\"https:\/\/www.qwien.at\/wp-content\/uploads\/2026\/04\/Kacheln_Website_JULYA-RABINOWICH_1-560x747.png 560w, https:\/\/www.qwien.at\/wp-content\/uploads\/2026\/04\/Kacheln_Website_JULYA-RABINOWICH_1-225x300.png 225w, https:\/\/www.qwien.at\/wp-content\/uploads\/2026\/04\/Kacheln_Website_JULYA-RABINOWICH_1-768x1024.png 768w, https:\/\/www.qwien.at\/wp-content\/uploads\/2026\/04\/Kacheln_Website_JULYA-RABINOWICH_1-840x1120.png 840w, https:\/\/www.qwien.at\/wp-content\/uploads\/2026\/04\/Kacheln_Website_JULYA-RABINOWICH_1.png 1120w\" sizes=\"auto, (max-width: 560px) 100vw, 560px\" \/><\/div><\/div>\t\t\t<\/div>\r\n\t\t\t\t\t\t\t\t\t<div class=\"grve-post-content\">\r\n\t\t\t\t\t\t\t\t<a href=\"https:\/\/www.qwien.at\/en\/events\/saturday-at-4-with-julya-rabinowich\/\" rel=\"bookmark\"><h3 class=\"grve-post-title grve-h3\" itemprop=\"headline\"><span>Saturday at 4 with Julya Rabinowich<\/span><\/h3><\/a>\t\t\t\t<div class=\"grve-post-exerpt\" itemprop=\"articleBody\">\r\n\t\t\t\t\t<p>23 May, 4 pm\n<\/p>\t\t\t\t<\/div>\r\n\t\t\t<\/div>\r\n\t\t<\/div>\r\n\t\t\t<\/div>\r\n\t\t\t<span class=\"grve-hidden\">\r\n\t\t\t<span class=\"grve-structured-data\" itemprop=\"image\" itemscope itemtype=\"http:\/\/schema.org\/ImageObject\">\r\n\t\t\t   <span itemprop='url' >https:\/\/www.qwien.at\/wp-content\/uploads\/2026\/04\/Kacheln_Website_JULYA-RABINOWICH_1.png<\/span>\r\n\t\t\t   <span itemprop='height' >1120<\/span>\r\n\t\t\t   <span itemprop='width' >1494<\/span>\r\n\t\t\t<\/span>\r\n\t\t\t\t\t\t<span class=\"grve-structured-data\" itemprop=\"author\" itemscope itemtype=\"http:\/\/schema.org\/Person\">\r\n\t\t\t\t<span itemprop=\"name\">Qwien - Zentrum f\u00fcr queere Geschichte<\/span>\r\n\t\t\t<\/span>\r\n\t\t\t<span class=\"grve-structured-data\" itemprop=\"publisher\" itemscope itemtype=\"http:\/\/schema.org\/Organization\">\r\n\t\t\t\t<span itemprop='name'>Qwien - Zentrum f\u00fcr queere Geschichte<\/span>\r\n\t\t\t\t<span itemprop='logo' itemscope itemtype='http:\/\/schema.org\/ImageObject'>\r\n\t\t\t\t\t<span itemprop='url'>https:\/\/www.qwien.at\/wp-content\/uploads\/2026\/04\/Kacheln_Website_JULYA-RABINOWICH_1.png<\/span>\r\n\t\t\t\t<\/span>\r\n\t\t\t<\/span>\r\n\t\t\t\t\t\t<time class=\"grve-structured-data\" itemprop=\"datePublished\" datetime=\"2026-04-20T13:26:49+02:00\">20. April 2026<\/time>\r\n\t\t\t<time class=\"grve-structured-data\" itemprop=\"dateModified\"  datetime=\"2026-04-26T17:26:05+02:00\">26. April 2026<\/time>\r\n\t\t\t<span class=\"grve-structured-data\" itemprop=\"mainEntityOfPage\" itemscope itemtype=\"http:\/\/schema.org\/WebPage\" itemid=\"https:\/\/www.qwien.at\/en\/events\/saturday-at-4-with-julya-rabinowich\/\"><\/span>\r\n\t\t<\/span>\r\n\t<\/div>\r\n            <\/article>\n            <article class=\"grve-carousel-item post-12962 post type-post status-publish format-standard has-post-thumbnail hentry category-events category-exhibitions grve-entry-item grve-blog-item\" itemscope itemType=\"http:\/\/schema.org\/BlogPosting\">\n                <div class=\"grve-post-item grve-style-1 grve-format-standard\">\r\n\t<div class=\"grve-post-item-inner\">\r\n\t\t<div class=\"grve-post-top\">\r\n\t\t\t\t\t\t<div class=\"grve-post-media grve-radius-none grve-shadow-none\">\r\n\t\t\t\t\t\t\t<a class=\"grve-item-url\" href=\"https:\/\/www.qwien.at\/en\/events\/queerart-prize-2026\/\" rel=\"bookmark\"><span class=\"screen-reader-text\">Queer Art Prize 2026<\/span><\/a>\r\n\t\t\t\t<div class=\"grve-thumbnail-wrapper\"><div class=\"grve-thumbnail\"  style=\"padding-top: 133.393%;\"><img loading=\"lazy\" decoding=\"async\" width=\"560\" height=\"747\" src=\"https:\/\/www.qwien.at\/wp-content\/uploads\/2026\/04\/Kacheln_QAP26_5-560x747.png\" class=\"attachment-impeka-grve-small-rect-vertical size-impeka-grve-small-rect-vertical wp-post-image\" alt=\"Queer Art Prize 2026 exhibition poster featuring a figure with artistic tape on their back.\" data-column-space=\"100\" data-lazyload=\"\" data-grve-filter=\"yes\" srcset=\"https:\/\/www.qwien.at\/wp-content\/uploads\/2026\/04\/Kacheln_QAP26_5-560x747.png 560w, https:\/\/www.qwien.at\/wp-content\/uploads\/2026\/04\/Kacheln_QAP26_5-225x300.png 225w, https:\/\/www.qwien.at\/wp-content\/uploads\/2026\/04\/Kacheln_QAP26_5-768x1024.png 768w, https:\/\/www.qwien.at\/wp-content\/uploads\/2026\/04\/Kacheln_QAP26_5-840x1120.png 840w, https:\/\/www.qwien.at\/wp-content\/uploads\/2026\/04\/Kacheln_QAP26_5.png 1120w\" sizes=\"auto, (max-width: 560px) 100vw, 560px\" \/><\/div><\/div>\t\t\t<\/div>\r\n\t\t\t\t\t\t\t\t\t<div class=\"grve-post-content\">\r\n\t\t\t\t\t\t\t\t<a href=\"https:\/\/www.qwien.at\/en\/events\/queerart-prize-2026\/\" rel=\"bookmark\"><h3 class=\"grve-post-title grve-h3\" itemprop=\"headline\"><span>Queer Art Prize 2026<\/span><\/h3><\/a>\t\t\t\t<div class=\"grve-post-exerpt\" itemprop=\"articleBody\">\r\n\t\t\t\t\t<p>28 May \u2013 14 June 2026\n<\/p>\t\t\t\t<\/div>\r\n\t\t\t<\/div>\r\n\t\t<\/div>\r\n\t\t\t<\/div>\r\n\t\t\t<span class=\"grve-hidden\">\r\n\t\t\t<span class=\"grve-structured-data\" itemprop=\"image\" itemscope itemtype=\"http:\/\/schema.org\/ImageObject\">\r\n\t\t\t   <span itemprop='url' >https:\/\/www.qwien.at\/wp-content\/uploads\/2026\/04\/Kacheln_QAP26_5.png<\/span>\r\n\t\t\t   <span itemprop='height' >1120<\/span>\r\n\t\t\t   <span itemprop='width' >1494<\/span>\r\n\t\t\t<\/span>\r\n\t\t\t\t\t\t<span class=\"grve-structured-data\" itemprop=\"author\" itemscope itemtype=\"http:\/\/schema.org\/Person\">\r\n\t\t\t\t<span itemprop=\"name\">Qwien - Zentrum f\u00fcr queere Geschichte<\/span>\r\n\t\t\t<\/span>\r\n\t\t\t<span class=\"grve-structured-data\" itemprop=\"publisher\" itemscope itemtype=\"http:\/\/schema.org\/Organization\">\r\n\t\t\t\t<span itemprop='name'>Qwien - Zentrum f\u00fcr queere Geschichte<\/span>\r\n\t\t\t\t<span itemprop='logo' itemscope itemtype='http:\/\/schema.org\/ImageObject'>\r\n\t\t\t\t\t<span itemprop='url'>https:\/\/www.qwien.at\/wp-content\/uploads\/2026\/04\/Kacheln_QAP26_5.png<\/span>\r\n\t\t\t\t<\/span>\r\n\t\t\t<\/span>\r\n\t\t\t\t\t\t<time class=\"grve-structured-data\" itemprop=\"datePublished\" datetime=\"2026-04-28T15:17:46+02:00\">28. April 2026<\/time>\r\n\t\t\t<time class=\"grve-structured-data\" itemprop=\"dateModified\"  datetime=\"2026-04-28T16:01:23+02:00\">28. April 2026<\/time>\r\n\t\t\t<span class=\"grve-structured-data\" itemprop=\"mainEntityOfPage\" itemscope itemtype=\"http:\/\/schema.org\/WebPage\" itemid=\"https:\/\/www.qwien.at\/en\/events\/queerart-prize-2026\/\"><\/span>\r\n\t\t<\/span>\r\n\t<\/div>\r\n            <\/article>\n        <\/div>\n    <\/div>\n<\/div>\n[\/vc_column][\/vc_row][vc_row section_type=&#8221;container-width&#8221; padding_top_multiplier=&#8221;&#8221; padding_bottom_multiplier=&#8221;4x&#8221; rc_heading_color=&#8221;primary-2&#8243; rc_link_color=&#8221;primary-1&#8243; rc_link_hover_color=&#8221;primary-3&#8243; columns_gap=&#8221;60&#8243; rc_font_color=&#8221;#2D0045&#8243; section_id=&#8221;news&#8221; scroll_section_title=&#8221;News&#8221;][vc_column]<h2 class=\"grve-element grve-title grve-align-inherit grve-h1\"><span>News<\/span><\/h2><div class=\"grve-element grve-divider\"><span class=\"grve-custom-divider grve-bg-primary-2 grve-align-center\" style=\"width: 100%;height: 1px;\"><\/span><\/div><div class=\"grve-empty-space grve-height-2x\"><\/div><div data-display-style=\"pagination\" data-spinner=\"no\" data-columns-large-screen=\"3\" data-columns=\"3\" data-columns-tablet-landscape=\"2\" data-columns-tablet-portrait=\"2\" data-columns-mobile=\"1\" data-layout=\"fitRows\" data-gutter-size=\"30\" data-animation=\"fade-in-up\" data-items-height=\"equal\" class=\"grve-element grve-blog grve-blog-columns grve-blog-grid grve-isotope grve-with-gap\" id=\"el-blog-default-id\">\r\n\t<div class=\"grve-isotope-container\">\r\n\t\t<div class=\"grve-grid-sizer\"><\/div>\r\n\r\n\t<article class=\"post-11935 post type-post status-publish format-standard has-post-thumbnail hentry category-news grve-entry-item grve-blog-item\" itemscope itemType=\"http:\/\/schema.org\/BlogPosting\">\r\n\t\t<div class=\"grve-isotope-item-inner grve-default-size\">\r\n\t\t\t<div class=\"grve-post-item grve-style-3 grve-format-standard\">\r\n\t<div class=\"grve-post-item-inner grve-radius-none grve-shadow-none grve-bg-default grve-text-default grve-headings-default\">\r\n\t\t\t\t\t<a class=\"grve-item-url\" href=\"https:\/\/www.qwien.at\/en\/news\/ines-rieder-1954-2015-2\/\" rel=\"bookmark\"><span class=\"screen-reader-text\">Ines Rieder. A memory<\/span><\/a>\r\n\t\t\t\t\t\t<div class=\"grve-background-wrapper\">\r\n\t\t\t<div class=\"grve-bg-image\" style=\"background-image: url(https:\/\/www.qwien.at\/wp-content\/uploads\/2025\/12\/Ines-c-WASt.jpg);\"><\/div>\t\t\t\t\t\t<div class=\"grve-bg-overlay grve-bg-primary-3 grve-opacity-70\"><\/div>\r\n\t\t\t\t\t<\/div>\r\n\t\t\t\t\t\r\n\t\t<div class=\"grve-post-content\">\r\n\t\t\t\t\t\t<h4 class=\"grve-post-title grve-heading-color grve-h4\" itemprop=\"headline\"><span>Ines Rieder. A memory<\/span><\/h4>\t\t\t<p>\t\t\t\t\t\t\n<\/p><a class=\"grve-read-more grve-link-text\" href=\"https:\/\/www.qwien.at\/en\/news\/ines-rieder-1954-2015-2\/\"><span>Read more<\/span>\t\t\t\t<svg width=\"40px\" height=\"16px\" viewBox=\"0 0 40 16\">\r\n\t\t\t\t\t<polygon class=\"grve-arrow-line\" points=\"0 7 38 7 38 9 0 9\"><\/polygon>\r\n\t\t\t\t\t<polygon class=\"grve-arrow-point\" points=\"31.3481912 0 40 8 31.3481912 16 30 14.5816219 37.1 8 30 1.41837809\"><\/polygon>\r\n\t\t\t\t<\/svg>\r\n\t\t\t<\/a>\t\t<\/div>\r\n\t\t\t<\/div>\r\n\t\t\t<span class=\"grve-hidden\">\r\n\t\t\t<span class=\"grve-structured-data\" itemprop=\"image\" itemscope itemtype=\"http:\/\/schema.org\/ImageObject\">\r\n\t\t\t   <span itemprop='url' >https:\/\/www.qwien.at\/wp-content\/uploads\/2025\/12\/Ines-c-WASt.jpg<\/span>\r\n\t\t\t   <span itemprop='height' >781<\/span>\r\n\t\t\t   <span itemprop='width' >854<\/span>\r\n\t\t\t<\/span>\r\n\t\t\t\t\t\t<span class=\"grve-structured-data\" itemprop=\"author\" itemscope itemtype=\"http:\/\/schema.org\/Person\">\r\n\t\t\t\t<span itemprop=\"name\">Qwien - Zentrum f\u00fcr queere Geschichte<\/span>\r\n\t\t\t<\/span>\r\n\t\t\t<span class=\"grve-structured-data\" itemprop=\"publisher\" itemscope itemtype=\"http:\/\/schema.org\/Organization\">\r\n\t\t\t\t<span itemprop='name'>Qwien - Zentrum f\u00fcr queere Geschichte<\/span>\r\n\t\t\t\t<span itemprop='logo' itemscope itemtype='http:\/\/schema.org\/ImageObject'>\r\n\t\t\t\t\t<span itemprop='url'>https:\/\/www.qwien.at\/wp-content\/uploads\/2025\/12\/Ines-c-WASt.jpg<\/span>\r\n\t\t\t\t<\/span>\r\n\t\t\t<\/span>\r\n\t\t\t\t\t\t<time class=\"grve-structured-data\" itemprop=\"datePublished\" datetime=\"2025-12-26T18:23:47+01:00\">26. December 2025<\/time>\r\n\t\t\t<time class=\"grve-structured-data\" itemprop=\"dateModified\"  datetime=\"2026-01-05T10:44:39+01:00\">5. January 2026<\/time>\r\n\t\t\t<span class=\"grve-structured-data\" itemprop=\"mainEntityOfPage\" itemscope itemtype=\"http:\/\/schema.org\/WebPage\" itemid=\"https:\/\/www.qwien.at\/en\/news\/ines-rieder-1954-2015-2\/\"><\/span>\r\n\t\t<\/span>\r\n\t<\/div>\r\n\r\n\t\t<\/div>\r\n\t<\/article>\r\n\t\r\n\t<article class=\"post-11922 post type-post status-publish format-standard has-post-thumbnail hentry category-news grve-entry-item grve-blog-item\" itemscope itemType=\"http:\/\/schema.org\/BlogPosting\">\r\n\t\t<div class=\"grve-isotope-item-inner grve-default-size\">\r\n\t\t\t<div class=\"grve-post-item grve-style-3 grve-format-standard\">\r\n\t<div class=\"grve-post-item-inner grve-radius-none grve-shadow-none grve-bg-default grve-text-default grve-headings-default\">\r\n\t\t\t\t\t<a class=\"grve-item-url\" href=\"https:\/\/www.qwien.at\/en\/news\/an-eventful-year-qwien-becomes-a-queer-cultural-center\/\" rel=\"bookmark\"><span class=\"screen-reader-text\">An eventful year<\/br> Qwien becomes a queer cultural center<\/span><\/a>\r\n\t\t\t\t\t\t<div class=\"grve-background-wrapper\">\r\n\t\t\t<div class=\"grve-bg-image\" style=\"background-image: url(https:\/\/www.qwien.at\/wp-content\/uploads\/2025\/12\/QWien__GH12217_small-1280x1920.jpg);\"><\/div>\t\t\t\t\t\t<div class=\"grve-bg-overlay grve-bg-primary-3 grve-opacity-70\"><\/div>\r\n\t\t\t\t\t<\/div>\r\n\t\t\t\t\t\r\n\t\t<div class=\"grve-post-content\">\r\n\t\t\t\t\t\t<h4 class=\"grve-post-title grve-heading-color grve-h4\" itemprop=\"headline\"><span>An eventful year<\/br> Qwien becomes a queer cultural center<\/span><\/h4>\t\t\t<p>[vc_column width=\"1\/3\" column_sticky=\"yes\" column_sticky_offset=\"150\"][vc_column width=\"1\/6\"][vc_column width=\"1\/2\" full_height=\"yes\"]An eventful year... is coming to an end for us. It began with a building site and ended with drastic cuts to our annual&hellip;<\/p><a class=\"grve-read-more grve-link-text\" href=\"https:\/\/www.qwien.at\/en\/news\/an-eventful-year-qwien-becomes-a-queer-cultural-center\/\"><span>Read more<\/span>\t\t\t\t<svg width=\"40px\" height=\"16px\" viewBox=\"0 0 40 16\">\r\n\t\t\t\t\t<polygon class=\"grve-arrow-line\" points=\"0 7 38 7 38 9 0 9\"><\/polygon>\r\n\t\t\t\t\t<polygon class=\"grve-arrow-point\" points=\"31.3481912 0 40 8 31.3481912 16 30 14.5816219 37.1 8 30 1.41837809\"><\/polygon>\r\n\t\t\t\t<\/svg>\r\n\t\t\t<\/a>\t\t<\/div>\r\n\t\t\t<\/div>\r\n\t\t\t<span class=\"grve-hidden\">\r\n\t\t\t<span class=\"grve-structured-data\" itemprop=\"image\" itemscope itemtype=\"http:\/\/schema.org\/ImageObject\">\r\n\t\t\t   <span itemprop='url' >https:\/\/www.qwien.at\/wp-content\/uploads\/2025\/12\/QWien__GH12217_small.jpg<\/span>\r\n\t\t\t   <span itemprop='height' >1707<\/span>\r\n\t\t\t   <span itemprop='width' >2560<\/span>\r\n\t\t\t<\/span>\r\n\t\t\t\t\t\t<span class=\"grve-structured-data\" itemprop=\"author\" itemscope itemtype=\"http:\/\/schema.org\/Person\">\r\n\t\t\t\t<span itemprop=\"name\">Qwien - Zentrum f\u00fcr queere Geschichte<\/span>\r\n\t\t\t<\/span>\r\n\t\t\t<span class=\"grve-structured-data\" itemprop=\"publisher\" itemscope itemtype=\"http:\/\/schema.org\/Organization\">\r\n\t\t\t\t<span itemprop='name'>Qwien - Zentrum f\u00fcr queere Geschichte<\/span>\r\n\t\t\t\t<span itemprop='logo' itemscope itemtype='http:\/\/schema.org\/ImageObject'>\r\n\t\t\t\t\t<span itemprop='url'>https:\/\/www.qwien.at\/wp-content\/uploads\/2025\/12\/QWien__GH12217_small.jpg<\/span>\r\n\t\t\t\t<\/span>\r\n\t\t\t<\/span>\r\n\t\t\t\t\t\t<time class=\"grve-structured-data\" itemprop=\"datePublished\" datetime=\"2025-12-16T14:58:11+01:00\">16. December 2025<\/time>\r\n\t\t\t<time class=\"grve-structured-data\" itemprop=\"dateModified\"  datetime=\"2025-12-18T17:57:51+01:00\">18. December 2025<\/time>\r\n\t\t\t<span class=\"grve-structured-data\" itemprop=\"mainEntityOfPage\" itemscope itemtype=\"http:\/\/schema.org\/WebPage\" itemid=\"https:\/\/www.qwien.at\/en\/news\/an-eventful-year-qwien-becomes-a-queer-cultural-center\/\"><\/span>\r\n\t\t<\/span>\r\n\t<\/div>\r\n\r\n\t\t<\/div>\r\n\t<\/article>\r\n\t\r\n\t<article class=\"post-12605 post type-post status-publish format-standard has-post-thumbnail hentry category-news grve-entry-item grve-blog-item\" itemscope itemType=\"http:\/\/schema.org\/BlogPosting\">\r\n\t\t<div class=\"grve-isotope-item-inner grve-default-size\">\r\n\t\t\t<div class=\"grve-post-item grve-style-3 grve-format-standard\">\r\n\t<div class=\"grve-post-item-inner grve-radius-none grve-shadow-none grve-bg-default grve-text-default grve-headings-default\">\r\n\t\t\t\t\t<a class=\"grve-item-url\" href=\"https:\/\/www.qwien.at\/en\/news\/love-sexuality-intimacy-in-exile-historical-and-current-perspectives\/\" rel=\"bookmark\"><span class=\"screen-reader-text\">Love, sexuality &amp; intimacy in exile<\/br> Historical and current perspectives<\/span><\/a>\r\n\t\t\t\t\t\t<div class=\"grve-background-wrapper\">\r\n\t\t\t<div class=\"grve-bg-image\" style=\"background-image: url(https:\/\/www.qwien.at\/wp-content\/uploads\/2025\/11\/Exil-Tagung-1.jpg);\"><\/div>\t\t\t\t\t\t<div class=\"grve-bg-overlay grve-bg-primary-3 grve-opacity-70\"><\/div>\r\n\t\t\t\t\t<\/div>\r\n\t\t\t\t\t\r\n\t\t<div class=\"grve-post-content\">\r\n\t\t\t\t\t\t<h4 class=\"grve-post-title grve-heading-color grve-h4\" itemprop=\"headline\"><span>Love, sexuality &amp; intimacy in exile<\/br> Historical and current perspectives<\/span><\/h4>\t\t\t<p>Sun November 23 &#8211; Tue November 25, 2025\n<\/p><a class=\"grve-read-more grve-link-text\" href=\"https:\/\/www.qwien.at\/en\/news\/love-sexuality-intimacy-in-exile-historical-and-current-perspectives\/\"><span>Read more<\/span>\t\t\t\t<svg width=\"40px\" height=\"16px\" viewBox=\"0 0 40 16\">\r\n\t\t\t\t\t<polygon class=\"grve-arrow-line\" points=\"0 7 38 7 38 9 0 9\"><\/polygon>\r\n\t\t\t\t\t<polygon class=\"grve-arrow-point\" points=\"31.3481912 0 40 8 31.3481912 16 30 14.5816219 37.1 8 30 1.41837809\"><\/polygon>\r\n\t\t\t\t<\/svg>\r\n\t\t\t<\/a>\t\t<\/div>\r\n\t\t\t<\/div>\r\n\t\t\t<span class=\"grve-hidden\">\r\n\t\t\t<span class=\"grve-structured-data\" itemprop=\"image\" itemscope itemtype=\"http:\/\/schema.org\/ImageObject\">\r\n\t\t\t   <span itemprop='url' >https:\/\/www.qwien.at\/wp-content\/uploads\/2025\/11\/Exil-Tagung-1.jpg<\/span>\r\n\t\t\t   <span itemprop='height' >666<\/span>\r\n\t\t\t   <span itemprop='width' >923<\/span>\r\n\t\t\t<\/span>\r\n\t\t\t\t\t\t<span class=\"grve-structured-data\" itemprop=\"author\" itemscope itemtype=\"http:\/\/schema.org\/Person\">\r\n\t\t\t\t<span itemprop=\"name\">Qwien - Zentrum f\u00fcr queere Geschichte<\/span>\r\n\t\t\t<\/span>\r\n\t\t\t<span class=\"grve-structured-data\" itemprop=\"publisher\" itemscope itemtype=\"http:\/\/schema.org\/Organization\">\r\n\t\t\t\t<span itemprop='name'>Qwien - Zentrum f\u00fcr queere Geschichte<\/span>\r\n\t\t\t\t<span itemprop='logo' itemscope itemtype='http:\/\/schema.org\/ImageObject'>\r\n\t\t\t\t\t<span itemprop='url'>https:\/\/www.qwien.at\/wp-content\/uploads\/2025\/11\/Exil-Tagung-1.jpg<\/span>\r\n\t\t\t\t<\/span>\r\n\t\t\t<\/span>\r\n\t\t\t\t\t\t<time class=\"grve-structured-data\" itemprop=\"datePublished\" datetime=\"2025-11-16T16:20:08+01:00\">16. November 2025<\/time>\r\n\t\t\t<time class=\"grve-structured-data\" itemprop=\"dateModified\"  datetime=\"2026-02-16T16:26:07+01:00\">16. February 2026<\/time>\r\n\t\t\t<span class=\"grve-structured-data\" itemprop=\"mainEntityOfPage\" itemscope itemtype=\"http:\/\/schema.org\/WebPage\" itemid=\"https:\/\/www.qwien.at\/en\/news\/love-sexuality-intimacy-in-exile-historical-and-current-perspectives\/\"><\/span>\r\n\t\t<\/span>\r\n\t<\/div>\r\n\r\n\t\t<\/div>\r\n\t<\/article>\r\n\t\r\n\t<article class=\"post-10891 post type-post status-publish format-standard has-post-thumbnail hentry category-news grve-entry-item grve-blog-item\" itemscope itemType=\"http:\/\/schema.org\/BlogPosting\">\r\n\t\t<div class=\"grve-isotope-item-inner grve-default-size\">\r\n\t\t\t<div class=\"grve-post-item grve-style-3 grve-format-standard\">\r\n\t<div class=\"grve-post-item-inner grve-radius-none grve-shadow-none grve-bg-default grve-text-default grve-headings-default\">\r\n\t\t\t\t\t<a class=\"grve-item-url\" href=\"https:\/\/www.qwien.at\/en\/news\/not-the-first-movement-stories-and-queers-of-color-in-germany\/\" rel=\"bookmark\"><span class=\"screen-reader-text\">Not the first<\/br> Movement stories and queers of color in Germany<\/span><\/a>\r\n\t\t\t\t\t\t<div class=\"grve-background-wrapper\">\r\n\t\t\t<div class=\"grve-bg-image\" style=\"background-image: url(https:\/\/www.qwien.at\/wp-content\/uploads\/2025\/10\/Nicht_die_Ersten_RGB-1-1270x1920.jpg);\"><\/div>\t\t\t\t\t\t<div class=\"grve-bg-overlay grve-bg-primary-3 grve-opacity-70\"><\/div>\r\n\t\t\t\t\t<\/div>\r\n\t\t\t\t\t\r\n\t\t<div class=\"grve-post-content\">\r\n\t\t\t\t\t\t<h4 class=\"grve-post-title grve-heading-color grve-h4\" itemprop=\"headline\"><span>Not the first<\/br> Movement stories and queers of color in Germany<\/span><\/h4>\t\t\t<p>Thu, October 30, 2025, 6:00 &#8211; 8:00 p.m.\n<\/p><a class=\"grve-read-more grve-link-text\" href=\"https:\/\/www.qwien.at\/en\/news\/not-the-first-movement-stories-and-queers-of-color-in-germany\/\"><span>Read more<\/span>\t\t\t\t<svg width=\"40px\" height=\"16px\" viewBox=\"0 0 40 16\">\r\n\t\t\t\t\t<polygon class=\"grve-arrow-line\" points=\"0 7 38 7 38 9 0 9\"><\/polygon>\r\n\t\t\t\t\t<polygon class=\"grve-arrow-point\" points=\"31.3481912 0 40 8 31.3481912 16 30 14.5816219 37.1 8 30 1.41837809\"><\/polygon>\r\n\t\t\t\t<\/svg>\r\n\t\t\t<\/a>\t\t<\/div>\r\n\t\t\t<\/div>\r\n\t\t\t<span class=\"grve-hidden\">\r\n\t\t\t<span class=\"grve-structured-data\" itemprop=\"image\" itemscope itemtype=\"http:\/\/schema.org\/ImageObject\">\r\n\t\t\t   <span itemprop='url' >https:\/\/www.qwien.at\/wp-content\/uploads\/2025\/10\/Nicht_die_Ersten_RGB-1.jpg<\/span>\r\n\t\t\t   <span itemprop='height' >1641<\/span>\r\n\t\t\t   <span itemprop='width' >2480<\/span>\r\n\t\t\t<\/span>\r\n\t\t\t\t\t\t<span class=\"grve-structured-data\" itemprop=\"author\" itemscope itemtype=\"http:\/\/schema.org\/Person\">\r\n\t\t\t\t<span itemprop=\"name\">Qwien - Zentrum f\u00fcr queere Geschichte<\/span>\r\n\t\t\t<\/span>\r\n\t\t\t<span class=\"grve-structured-data\" itemprop=\"publisher\" itemscope itemtype=\"http:\/\/schema.org\/Organization\">\r\n\t\t\t\t<span itemprop='name'>Qwien - Zentrum f\u00fcr queere Geschichte<\/span>\r\n\t\t\t\t<span itemprop='logo' itemscope itemtype='http:\/\/schema.org\/ImageObject'>\r\n\t\t\t\t\t<span itemprop='url'>https:\/\/www.qwien.at\/wp-content\/uploads\/2025\/10\/Nicht_die_Ersten_RGB-1.jpg<\/span>\r\n\t\t\t\t<\/span>\r\n\t\t\t<\/span>\r\n\t\t\t\t\t\t<time class=\"grve-structured-data\" itemprop=\"datePublished\" datetime=\"2025-10-26T21:04:10+01:00\">26. October 2025<\/time>\r\n\t\t\t<time class=\"grve-structured-data\" itemprop=\"dateModified\"  datetime=\"2025-11-17T10:52:24+01:00\">17. November 2025<\/time>\r\n\t\t\t<span class=\"grve-structured-data\" itemprop=\"mainEntityOfPage\" itemscope itemtype=\"http:\/\/schema.org\/WebPage\" itemid=\"https:\/\/www.qwien.at\/en\/news\/not-the-first-movement-stories-and-queers-of-color-in-germany\/\"><\/span>\r\n\t\t<\/span>\r\n\t<\/div>\r\n\r\n\t\t<\/div>\r\n\t<\/article>\r\n\t\r\n\t<article class=\"post-10878 post type-post status-publish format-standard has-post-thumbnail hentry category-news grve-entry-item grve-blog-item\" itemscope itemType=\"http:\/\/schema.org\/BlogPosting\">\r\n\t\t<div class=\"grve-isotope-item-inner grve-default-size\">\r\n\t\t\t<div class=\"grve-post-item grve-style-3 grve-format-standard\">\r\n\t<div class=\"grve-post-item-inner grve-radius-none grve-shadow-none grve-bg-default grve-text-default grve-headings-default\">\r\n\t\t\t\t\t<a class=\"grve-item-url\" href=\"https:\/\/www.qwien.at\/en\/news\/i-am-ruth-the-short-life-of-ruth-maier\/\" rel=\"bookmark\"><span class=\"screen-reader-text\">I am Ruth<\/br> The short life of Ruth Maier<\/span><\/a>\r\n\t\t\t\t\t\t<div class=\"grve-background-wrapper\">\r\n\t\t\t<div class=\"grve-bg-image\" style=\"background-image: url(https:\/\/www.qwien.at\/wp-content\/uploads\/2025\/10\/Ich-bin-Ruth1.jpg);\"><\/div>\t\t\t\t\t\t<div class=\"grve-bg-overlay grve-bg-primary-3 grve-opacity-70\"><\/div>\r\n\t\t\t\t\t<\/div>\r\n\t\t\t\t\t\r\n\t\t<div class=\"grve-post-content\">\r\n\t\t\t\t\t\t<h4 class=\"grve-post-title grve-heading-color grve-h4\" itemprop=\"headline\"><span>I am Ruth<\/br> The short life of Ruth Maier<\/span><\/h4>\t\t\t<p>November 6 &#8211; 15, 7:30 p.m.\n<\/p><a class=\"grve-read-more grve-link-text\" href=\"https:\/\/www.qwien.at\/en\/news\/i-am-ruth-the-short-life-of-ruth-maier\/\"><span>Read more<\/span>\t\t\t\t<svg width=\"40px\" height=\"16px\" viewBox=\"0 0 40 16\">\r\n\t\t\t\t\t<polygon class=\"grve-arrow-line\" points=\"0 7 38 7 38 9 0 9\"><\/polygon>\r\n\t\t\t\t\t<polygon class=\"grve-arrow-point\" points=\"31.3481912 0 40 8 31.3481912 16 30 14.5816219 37.1 8 30 1.41837809\"><\/polygon>\r\n\t\t\t\t<\/svg>\r\n\t\t\t<\/a>\t\t<\/div>\r\n\t\t\t<\/div>\r\n\t\t\t<span class=\"grve-hidden\">\r\n\t\t\t<span class=\"grve-structured-data\" itemprop=\"image\" itemscope itemtype=\"http:\/\/schema.org\/ImageObject\">\r\n\t\t\t   <span itemprop='url' >https:\/\/www.qwien.at\/wp-content\/uploads\/2025\/10\/Ich-bin-Ruth1.jpg<\/span>\r\n\t\t\t   <span itemprop='height' >1500<\/span>\r\n\t\t\t   <span itemprop='width' >1500<\/span>\r\n\t\t\t<\/span>\r\n\t\t\t\t\t\t<span class=\"grve-structured-data\" itemprop=\"author\" itemscope itemtype=\"http:\/\/schema.org\/Person\">\r\n\t\t\t\t<span itemprop=\"name\">Qwien - Zentrum f\u00fcr queere Geschichte<\/span>\r\n\t\t\t<\/span>\r\n\t\t\t<span class=\"grve-structured-data\" itemprop=\"publisher\" itemscope itemtype=\"http:\/\/schema.org\/Organization\">\r\n\t\t\t\t<span itemprop='name'>Qwien - Zentrum f\u00fcr queere Geschichte<\/span>\r\n\t\t\t\t<span itemprop='logo' itemscope itemtype='http:\/\/schema.org\/ImageObject'>\r\n\t\t\t\t\t<span itemprop='url'>https:\/\/www.qwien.at\/wp-content\/uploads\/2025\/10\/Ich-bin-Ruth1.jpg<\/span>\r\n\t\t\t\t<\/span>\r\n\t\t\t<\/span>\r\n\t\t\t\t\t\t<time class=\"grve-structured-data\" itemprop=\"datePublished\" datetime=\"2025-10-26T20:54:40+01:00\">26. October 2025<\/time>\r\n\t\t\t<time class=\"grve-structured-data\" itemprop=\"dateModified\"  datetime=\"2025-11-17T10:51:59+01:00\">17. November 2025<\/time>\r\n\t\t\t<span class=\"grve-structured-data\" itemprop=\"mainEntityOfPage\" itemscope itemtype=\"http:\/\/schema.org\/WebPage\" itemid=\"https:\/\/www.qwien.at\/en\/news\/i-am-ruth-the-short-life-of-ruth-maier\/\"><\/span>\r\n\t\t<\/span>\r\n\t<\/div>\r\n\r\n\t\t<\/div>\r\n\t<\/article>\r\n\t\t<\/div>\r\n<\/div>\r\n[\/vc_column][\/vc_row][vc_row section_type=&#8221;container-width&#8221; padding_top_multiplier=&#8221;&#8221; padding_bottom_multiplier=&#8221;4x&#8221; rc_heading_color=&#8221;primary-2&#8243; rc_link_color=&#8221;primary-1&#8243; rc_link_hover_color=&#8221;primary-3&#8243; columns_gap=&#8221;60&#8243; rc_font_color=&#8221;#2D0045&#8243; section_id=&#8221;literature&#8221; scroll_section_title=&#8221;Literature&#8221;][vc_column]<h2 class=\"grve-element grve-title grve-align-inherit grve-h1\"><span>New queer books &amp; literature<\/span><\/h2><div class=\"grve-element grve-divider\"><span class=\"grve-custom-divider grve-bg-primary-2 grve-align-center\" style=\"width: 100%;height: 1px;\"><\/span><\/div><div class=\"grve-empty-space grve-height-2x\"><\/div><div data-display-style=\"pagination\" data-spinner=\"no\" data-columns-large-screen=\"3\" data-columns=\"3\" data-columns-tablet-landscape=\"2\" data-columns-tablet-portrait=\"2\" data-columns-mobile=\"1\" data-layout=\"fitRows\" data-gutter-size=\"30\" data-animation=\"fade-in-up\" data-items-height=\"equal\" class=\"grve-element grve-blog grve-blog-columns grve-blog-grid grve-isotope grve-with-gap\" id=\"el-1752695927001-7dd40bc7-a52a\">\r\n\t<div class=\"grve-isotope-container\">\r\n\t\t<div class=\"grve-grid-sizer\"><\/div>\r\n\r\n\t<article class=\"post-10913 post type-post status-publish format-standard has-post-thumbnail hentry category-qwien-books category-literature-archive grve-entry-item grve-blog-item\" itemscope itemType=\"http:\/\/schema.org\/BlogPosting\">\r\n\t\t<div class=\"grve-isotope-item-inner grve-default-size\">\r\n\t\t\t<div class=\"grve-post-item grve-style-3 grve-format-standard\">\r\n\t<div class=\"grve-post-item-inner grve-radius-none grve-shadow-none grve-bg-default grve-text-default grve-headings-default\">\r\n\t\t\t\t\t<a class=\"grve-item-url\" href=\"https:\/\/www.qwien.at\/en\/qwien-books\/queerulieren-stoermomente-in-kunst-medien-und-wissenschaft\/\" rel=\"bookmark\"><span class=\"screen-reader-text\">Queerulieren. St\u00f6rmomente in Kunst, Medien und Wissenschaft<\/span><\/a>\r\n\t\t\t\t\t\t<div class=\"grve-background-wrapper\">\r\n\t\t\t<div class=\"grve-bg-image\" style=\"background-image: url(https:\/\/www.qwien.at\/wp-content\/uploads\/2024\/12\/queerulieren_Front.jpg);\"><\/div>\t\t\t\t\t\t<div class=\"grve-bg-overlay grve-bg-primary-2 grve-opacity-70\"><\/div>\r\n\t\t\t\t\t<\/div>\r\n\t\t\t\t\t\r\n\t\t<div class=\"grve-post-content\">\r\n\t\t\t\t\t\t<h4 class=\"grve-post-title grve-heading-color grve-h4\" itemprop=\"headline\"><span>Queerulieren. St\u00f6rmomente in Kunst, Medien und Wissenschaft<\/span><\/h4>\t\t\t<p>Ein Sammelband mit f\u00fcnfzehn Essays zur subversiven Kraft des Queer-Begriffs, wenn man ihn nicht als&hellip;<\/p><a class=\"grve-read-more grve-link-text\" href=\"https:\/\/www.qwien.at\/en\/qwien-books\/queerulieren-stoermomente-in-kunst-medien-und-wissenschaft\/\"><span>Read more<\/span>\t\t\t\t<svg width=\"40px\" height=\"16px\" viewBox=\"0 0 40 16\">\r\n\t\t\t\t\t<polygon class=\"grve-arrow-line\" points=\"0 7 38 7 38 9 0 9\"><\/polygon>\r\n\t\t\t\t\t<polygon class=\"grve-arrow-point\" points=\"31.3481912 0 40 8 31.3481912 16 30 14.5816219 37.1 8 30 1.41837809\"><\/polygon>\r\n\t\t\t\t<\/svg>\r\n\t\t\t<\/a>\t\t<\/div>\r\n\t\t\t<\/div>\r\n\t\t\t<span class=\"grve-hidden\">\r\n\t\t\t<span class=\"grve-structured-data\" itemprop=\"image\" itemscope itemtype=\"http:\/\/schema.org\/ImageObject\">\r\n\t\t\t   <span itemprop='url' >https:\/\/www.qwien.at\/wp-content\/uploads\/2024\/12\/queerulieren_Front.jpg<\/span>\r\n\t\t\t   <span itemprop='height' >642<\/span>\r\n\t\t\t   <span itemprop='width' >300<\/span>\r\n\t\t\t<\/span>\r\n\t\t\t\t\t\t<span class=\"grve-structured-data\" itemprop=\"author\" itemscope itemtype=\"http:\/\/schema.org\/Person\">\r\n\t\t\t\t<span itemprop=\"name\">Qwien - Zentrum f\u00fcr queere Geschichte<\/span>\r\n\t\t\t<\/span>\r\n\t\t\t<span class=\"grve-structured-data\" itemprop=\"publisher\" itemscope itemtype=\"http:\/\/schema.org\/Organization\">\r\n\t\t\t\t<span itemprop='name'>Qwien - Zentrum f\u00fcr queere Geschichte<\/span>\r\n\t\t\t\t<span itemprop='logo' itemscope itemtype='http:\/\/schema.org\/ImageObject'>\r\n\t\t\t\t\t<span itemprop='url'>https:\/\/www.qwien.at\/wp-content\/uploads\/2024\/12\/queerulieren_Front.jpg<\/span>\r\n\t\t\t\t<\/span>\r\n\t\t\t<\/span>\r\n\t\t\t\t\t\t<time class=\"grve-structured-data\" itemprop=\"datePublished\" datetime=\"2025-07-15T21:37:18+02:00\">15. July 2025<\/time>\r\n\t\t\t<time class=\"grve-structured-data\" itemprop=\"dateModified\"  datetime=\"2025-07-15T21:37:18+02:00\">15. July 2025<\/time>\r\n\t\t\t<span class=\"grve-structured-data\" itemprop=\"mainEntityOfPage\" itemscope itemtype=\"http:\/\/schema.org\/WebPage\" itemid=\"https:\/\/www.qwien.at\/en\/qwien-books\/queerulieren-stoermomente-in-kunst-medien-und-wissenschaft\/\"><\/span>\r\n\t\t<\/span>\r\n\t<\/div>\r\n\r\n\t\t<\/div>\r\n\t<\/article>\r\n\t\r\n\t<article class=\"post-10914 post type-post status-publish format-standard has-post-thumbnail hentry category-qwien-books category-literature-archive tag-geschichte tag-homosexualitaet tag-schweiz grve-entry-item grve-blog-item\" itemscope itemType=\"http:\/\/schema.org\/BlogPosting\">\r\n\t\t<div class=\"grve-isotope-item-inner grve-default-size\">\r\n\t\t\t<div class=\"grve-post-item grve-style-3 grve-format-standard\">\r\n\t<div class=\"grve-post-item-inner grve-radius-none grve-shadow-none grve-bg-default grve-text-default grve-headings-default\">\r\n\t\t\t\t\t<a class=\"grve-item-url\" href=\"https:\/\/www.qwien.at\/en\/qwien-books\/der-urning-selbstbewusst-schwul-vor-1900\/\" rel=\"bookmark\"><span class=\"screen-reader-text\">DER URNING. SELBSTBEWUSST SCHWUL VOR 1900<\/span><\/a>\r\n\t\t\t\t\t\t<div class=\"grve-background-wrapper\">\r\n\t\t\t<div class=\"grve-bg-image\" style=\"background-image: url(https:\/\/www.qwien.at\/wp-content\/uploads\/2024\/12\/Urning_front.jpg);\"><\/div>\t\t\t\t\t\t<div class=\"grve-bg-overlay grve-bg-primary-2 grve-opacity-70\"><\/div>\r\n\t\t\t\t\t<\/div>\r\n\t\t\t\t\t\r\n\t\t<div class=\"grve-post-content\">\r\n\t\t\t\t\t\t<h4 class=\"grve-post-title grve-heading-color grve-h4\" itemprop=\"headline\"><span>DER URNING. SELBSTBEWUSST SCHWUL VOR 1900<\/span><\/h4>\t\t\t<p>Die Schweizer Historiker Philipp Hofstetter und Ren\u00e9 Hornung haben die Biografie von Jakob Rudolf Forster,&hellip;<\/p><a class=\"grve-read-more grve-link-text\" href=\"https:\/\/www.qwien.at\/en\/qwien-books\/der-urning-selbstbewusst-schwul-vor-1900\/\"><span>Read more<\/span>\t\t\t\t<svg width=\"40px\" height=\"16px\" viewBox=\"0 0 40 16\">\r\n\t\t\t\t\t<polygon class=\"grve-arrow-line\" points=\"0 7 38 7 38 9 0 9\"><\/polygon>\r\n\t\t\t\t\t<polygon class=\"grve-arrow-point\" points=\"31.3481912 0 40 8 31.3481912 16 30 14.5816219 37.1 8 30 1.41837809\"><\/polygon>\r\n\t\t\t\t<\/svg>\r\n\t\t\t<\/a>\t\t<\/div>\r\n\t\t\t<\/div>\r\n\t\t\t<span class=\"grve-hidden\">\r\n\t\t\t<span class=\"grve-structured-data\" itemprop=\"image\" itemscope itemtype=\"http:\/\/schema.org\/ImageObject\">\r\n\t\t\t   <span itemprop='url' >https:\/\/www.qwien.at\/wp-content\/uploads\/2024\/12\/Urning_front.jpg<\/span>\r\n\t\t\t   <span itemprop='height' >412<\/span>\r\n\t\t\t   <span itemprop='width' >241<\/span>\r\n\t\t\t<\/span>\r\n\t\t\t\t\t\t<span class=\"grve-structured-data\" itemprop=\"author\" itemscope itemtype=\"http:\/\/schema.org\/Person\">\r\n\t\t\t\t<span itemprop=\"name\">Qwien - Zentrum f\u00fcr queere Geschichte<\/span>\r\n\t\t\t<\/span>\r\n\t\t\t<span class=\"grve-structured-data\" itemprop=\"publisher\" itemscope itemtype=\"http:\/\/schema.org\/Organization\">\r\n\t\t\t\t<span itemprop='name'>Qwien - Zentrum f\u00fcr queere Geschichte<\/span>\r\n\t\t\t\t<span itemprop='logo' itemscope itemtype='http:\/\/schema.org\/ImageObject'>\r\n\t\t\t\t\t<span itemprop='url'>https:\/\/www.qwien.at\/wp-content\/uploads\/2024\/12\/Urning_front.jpg<\/span>\r\n\t\t\t\t<\/span>\r\n\t\t\t<\/span>\r\n\t\t\t\t\t\t<time class=\"grve-structured-data\" itemprop=\"datePublished\" datetime=\"2025-07-15T21:37:18+02:00\">15. July 2025<\/time>\r\n\t\t\t<time class=\"grve-structured-data\" itemprop=\"dateModified\"  datetime=\"2025-07-15T21:37:18+02:00\">15. July 2025<\/time>\r\n\t\t\t<span class=\"grve-structured-data\" itemprop=\"mainEntityOfPage\" itemscope itemtype=\"http:\/\/schema.org\/WebPage\" itemid=\"https:\/\/www.qwien.at\/en\/qwien-books\/der-urning-selbstbewusst-schwul-vor-1900\/\"><\/span>\r\n\t\t<\/span>\r\n\t<\/div>\r\n\r\n\t\t<\/div>\r\n\t<\/article>\r\n\t\r\n\t<article class=\"post-10919 post type-post status-publish format-standard has-post-thumbnail hentry category-qwien-books category-literature-archive tag-geschichte tag-homosexualitaet tag-osteuropa tag-polen tag-rezension grve-entry-item grve-blog-item\" itemscope itemType=\"http:\/\/schema.org\/BlogPosting\">\r\n\t\t<div class=\"grve-isotope-item-inner grve-default-size\">\r\n\t\t\t<div class=\"grve-post-item grve-style-3 grve-format-standard\">\r\n\t<div class=\"grve-post-item-inner grve-radius-none grve-shadow-none grve-bg-default grve-text-default grve-headings-default\">\r\n\t\t\t\t\t<a class=\"grve-item-url\" href=\"https:\/\/www.qwien.at\/en\/qwien-books\/ein-jahrbuch-feiert-jubilaeum\/\" rel=\"bookmark\"><span class=\"screen-reader-text\">Ein Jahrbuch feiert Jubil\u00e4um<\/span><\/a>\r\n\t\t\t\t\t\t<div class=\"grve-background-wrapper\">\r\n\t\t\t<div class=\"grve-bg-image\" style=\"background-image: url(https:\/\/www.qwien.at\/wp-content\/uploads\/2025\/01\/COVER-Invertito-25-Ausschnitt.jpg);\"><\/div>\t\t\t\t\t\t<div class=\"grve-bg-overlay grve-bg-primary-2 grve-opacity-70\"><\/div>\r\n\t\t\t\t\t<\/div>\r\n\t\t\t\t\t\r\n\t\t<div class=\"grve-post-content\">\r\n\t\t\t\t\t\t<h4 class=\"grve-post-title grve-heading-color grve-h4\" itemprop=\"headline\"><span>Ein Jahrbuch feiert Jubil\u00e4um<\/span><\/h4>\t\t\t<p>Das Jahrbuch f\u00fcr die Geschichte der Homosexualit\u00e4ten Invertito feiert die 25. Ausgabe mit einem Schwerpunkt&hellip;<\/p><a class=\"grve-read-more grve-link-text\" href=\"https:\/\/www.qwien.at\/en\/qwien-books\/ein-jahrbuch-feiert-jubilaeum\/\"><span>Read more<\/span>\t\t\t\t<svg width=\"40px\" height=\"16px\" viewBox=\"0 0 40 16\">\r\n\t\t\t\t\t<polygon class=\"grve-arrow-line\" points=\"0 7 38 7 38 9 0 9\"><\/polygon>\r\n\t\t\t\t\t<polygon class=\"grve-arrow-point\" points=\"31.3481912 0 40 8 31.3481912 16 30 14.5816219 37.1 8 30 1.41837809\"><\/polygon>\r\n\t\t\t\t<\/svg>\r\n\t\t\t<\/a>\t\t<\/div>\r\n\t\t\t<\/div>\r\n\t\t\t<span class=\"grve-hidden\">\r\n\t\t\t<span class=\"grve-structured-data\" itemprop=\"image\" itemscope itemtype=\"http:\/\/schema.org\/ImageObject\">\r\n\t\t\t   <span itemprop='url' >https:\/\/www.qwien.at\/wp-content\/uploads\/2025\/01\/COVER-Invertito-25-Ausschnitt.jpg<\/span>\r\n\t\t\t   <span itemprop='height' >667<\/span>\r\n\t\t\t   <span itemprop='width' >437<\/span>\r\n\t\t\t<\/span>\r\n\t\t\t\t\t\t<span class=\"grve-structured-data\" itemprop=\"author\" itemscope itemtype=\"http:\/\/schema.org\/Person\">\r\n\t\t\t\t<span itemprop=\"name\">Qwien - Zentrum f\u00fcr queere Geschichte<\/span>\r\n\t\t\t<\/span>\r\n\t\t\t<span class=\"grve-structured-data\" itemprop=\"publisher\" itemscope itemtype=\"http:\/\/schema.org\/Organization\">\r\n\t\t\t\t<span itemprop='name'>Qwien - Zentrum f\u00fcr queere Geschichte<\/span>\r\n\t\t\t\t<span itemprop='logo' itemscope itemtype='http:\/\/schema.org\/ImageObject'>\r\n\t\t\t\t\t<span itemprop='url'>https:\/\/www.qwien.at\/wp-content\/uploads\/2025\/01\/COVER-Invertito-25-Ausschnitt.jpg<\/span>\r\n\t\t\t\t<\/span>\r\n\t\t\t<\/span>\r\n\t\t\t\t\t\t<time class=\"grve-structured-data\" itemprop=\"datePublished\" datetime=\"2025-07-15T21:37:18+02:00\">15. July 2025<\/time>\r\n\t\t\t<time class=\"grve-structured-data\" itemprop=\"dateModified\"  datetime=\"2025-07-15T21:37:18+02:00\">15. July 2025<\/time>\r\n\t\t\t<span class=\"grve-structured-data\" itemprop=\"mainEntityOfPage\" itemscope itemtype=\"http:\/\/schema.org\/WebPage\" itemid=\"https:\/\/www.qwien.at\/en\/qwien-books\/ein-jahrbuch-feiert-jubilaeum\/\"><\/span>\r\n\t\t<\/span>\r\n\t<\/div>\r\n\r\n\t\t<\/div>\r\n\t<\/article>\r\n\t\r\n\t<article class=\"post-10911 post type-post status-publish format-standard has-post-thumbnail hentry category-qwien-books category-literature-archive tag-community tag-geschichte tag-rezension grve-entry-item grve-blog-item\" itemscope itemType=\"http:\/\/schema.org\/BlogPosting\">\r\n\t\t<div class=\"grve-isotope-item-inner grve-default-size\">\r\n\t\t\t<div class=\"grve-post-item grve-style-3 grve-format-standard\">\r\n\t<div class=\"grve-post-item-inner grve-radius-none grve-shadow-none grve-bg-default grve-text-default grve-headings-default\">\r\n\t\t\t\t\t<a class=\"grve-item-url\" href=\"https:\/\/www.qwien.at\/en\/qwien-books\/neue-geschichte-der-queeren-community\/\" rel=\"bookmark\"><span class=\"screen-reader-text\">Neue Geschichte der queeren Community<\/span><\/a>\r\n\t\t\t\t\t\t<div class=\"grve-background-wrapper\">\r\n\t\t\t<div class=\"grve-bg-image\" style=\"background-image: url(https:\/\/www.qwien.at\/wp-content\/uploads\/2024\/11\/20241105153309505_0001-e1730826852964.jpg);\"><\/div>\t\t\t\t\t\t<div class=\"grve-bg-overlay grve-bg-primary-2 grve-opacity-70\"><\/div>\r\n\t\t\t\t\t<\/div>\r\n\t\t\t\t\t\r\n\t\t<div class=\"grve-post-content\">\r\n\t\t\t\t\t\t<h4 class=\"grve-post-title grve-heading-color grve-h4\" itemprop=\"headline\"><span>Neue Geschichte der queeren Community<\/span><\/h4>\t\t\t<p>In \u201eLGBTIQ* Communities. Lebenswelten und Diskurse seit 1970\u201c bietet Lukas Spenlingwimmer einen \u00dcberblick zu LGTIQ*&hellip;<\/p><a class=\"grve-read-more grve-link-text\" href=\"https:\/\/www.qwien.at\/en\/qwien-books\/neue-geschichte-der-queeren-community\/\"><span>Read more<\/span>\t\t\t\t<svg width=\"40px\" height=\"16px\" viewBox=\"0 0 40 16\">\r\n\t\t\t\t\t<polygon class=\"grve-arrow-line\" points=\"0 7 38 7 38 9 0 9\"><\/polygon>\r\n\t\t\t\t\t<polygon class=\"grve-arrow-point\" points=\"31.3481912 0 40 8 31.3481912 16 30 14.5816219 37.1 8 30 1.41837809\"><\/polygon>\r\n\t\t\t\t<\/svg>\r\n\t\t\t<\/a>\t\t<\/div>\r\n\t\t\t<\/div>\r\n\t\t\t<span class=\"grve-hidden\">\r\n\t\t\t<span class=\"grve-structured-data\" itemprop=\"image\" itemscope itemtype=\"http:\/\/schema.org\/ImageObject\">\r\n\t\t\t   <span itemprop='url' >https:\/\/www.qwien.at\/wp-content\/uploads\/2024\/11\/20241105153309505_0001-e1730826852964.jpg<\/span>\r\n\t\t\t   <span itemprop='height' >1748<\/span>\r\n\t\t\t   <span itemprop='width' >2480<\/span>\r\n\t\t\t<\/span>\r\n\t\t\t\t\t\t<span class=\"grve-structured-data\" itemprop=\"author\" itemscope itemtype=\"http:\/\/schema.org\/Person\">\r\n\t\t\t\t<span itemprop=\"name\">Qwien - Zentrum f\u00fcr queere Geschichte<\/span>\r\n\t\t\t<\/span>\r\n\t\t\t<span class=\"grve-structured-data\" itemprop=\"publisher\" itemscope itemtype=\"http:\/\/schema.org\/Organization\">\r\n\t\t\t\t<span itemprop='name'>Qwien - Zentrum f\u00fcr queere Geschichte<\/span>\r\n\t\t\t\t<span itemprop='logo' itemscope itemtype='http:\/\/schema.org\/ImageObject'>\r\n\t\t\t\t\t<span itemprop='url'>https:\/\/www.qwien.at\/wp-content\/uploads\/2024\/11\/20241105153309505_0001-e1730826852964.jpg<\/span>\r\n\t\t\t\t<\/span>\r\n\t\t\t<\/span>\r\n\t\t\t\t\t\t<time class=\"grve-structured-data\" itemprop=\"datePublished\" datetime=\"2025-07-15T21:37:18+02:00\">15. July 2025<\/time>\r\n\t\t\t<time class=\"grve-structured-data\" itemprop=\"dateModified\"  datetime=\"2025-07-15T21:37:18+02:00\">15. July 2025<\/time>\r\n\t\t\t<span class=\"grve-structured-data\" itemprop=\"mainEntityOfPage\" itemscope itemtype=\"http:\/\/schema.org\/WebPage\" itemid=\"https:\/\/www.qwien.at\/en\/qwien-books\/neue-geschichte-der-queeren-community\/\"><\/span>\r\n\t\t<\/span>\r\n\t<\/div>\r\n\r\n\t\t<\/div>\r\n\t<\/article>\r\n\t\r\n\t<article class=\"post-10979 post type-post status-publish format-standard has-post-thumbnail hentry category-qwien-books category-literature-archive grve-entry-item grve-blog-item\" itemscope itemType=\"http:\/\/schema.org\/BlogPosting\">\r\n\t\t<div class=\"grve-isotope-item-inner grve-default-size\">\r\n\t\t\t<div class=\"grve-post-item grve-style-3 grve-format-standard\">\r\n\t<div class=\"grve-post-item-inner grve-radius-none grve-shadow-none grve-bg-default grve-text-default grve-headings-default\">\r\n\t\t\t\t\t<a class=\"grve-item-url\" href=\"https:\/\/www.qwien.at\/en\/qwien-books\/aether-8-queer-vienna-einblicke-in-ein-bewegungsarchiv\/\" rel=\"bookmark\"><span class=\"screen-reader-text\">\u00c6ther #8 &#8211; Queer Vienna: Einblicke in ein Bewegungsarchiv<\/span><\/a>\r\n\t\t\t\t\t\t<div class=\"grve-background-wrapper\">\r\n\t\t\t<div class=\"grve-bg-image\" style=\"background-image: url(https:\/\/www.qwien.at\/wp-content\/uploads\/2023\/04\/aether.png);\"><\/div>\t\t\t\t\t\t<div class=\"grve-bg-overlay grve-bg-primary-2 grve-opacity-70\"><\/div>\r\n\t\t\t\t\t<\/div>\r\n\t\t\t\t\t\r\n\t\t<div class=\"grve-post-content\">\r\n\t\t\t\t\t\t<h4 class=\"grve-post-title grve-heading-color grve-h4\" itemprop=\"headline\"><span>\u00c6ther #8 &#8211; Queer Vienna: Einblicke in ein Bewegungsarchiv<\/span><\/h4>\t\t\t<p>Auch wenn Queerness und LGBTQIA+ Themen immer mehr in der Mainstreamgesellschaft Platz bekommen, sehen wir&hellip;<\/p><a class=\"grve-read-more grve-link-text\" href=\"https:\/\/www.qwien.at\/en\/qwien-books\/aether-8-queer-vienna-einblicke-in-ein-bewegungsarchiv\/\"><span>Read more<\/span>\t\t\t\t<svg width=\"40px\" height=\"16px\" viewBox=\"0 0 40 16\">\r\n\t\t\t\t\t<polygon class=\"grve-arrow-line\" points=\"0 7 38 7 38 9 0 9\"><\/polygon>\r\n\t\t\t\t\t<polygon class=\"grve-arrow-point\" points=\"31.3481912 0 40 8 31.3481912 16 30 14.5816219 37.1 8 30 1.41837809\"><\/polygon>\r\n\t\t\t\t<\/svg>\r\n\t\t\t<\/a>\t\t<\/div>\r\n\t\t\t<\/div>\r\n\t\t\t<span class=\"grve-hidden\">\r\n\t\t\t<span class=\"grve-structured-data\" itemprop=\"image\" itemscope itemtype=\"http:\/\/schema.org\/ImageObject\">\r\n\t\t\t   <span itemprop='url' >https:\/\/www.qwien.at\/wp-content\/uploads\/2023\/04\/aether.png<\/span>\r\n\t\t\t   <span itemprop='height' >559<\/span>\r\n\t\t\t   <span itemprop='width' >795<\/span>\r\n\t\t\t<\/span>\r\n\t\t\t\t\t\t<span class=\"grve-structured-data\" itemprop=\"author\" itemscope itemtype=\"http:\/\/schema.org\/Person\">\r\n\t\t\t\t<span itemprop=\"name\">Qwien - Zentrum f\u00fcr queere Geschichte<\/span>\r\n\t\t\t<\/span>\r\n\t\t\t<span class=\"grve-structured-data\" itemprop=\"publisher\" itemscope itemtype=\"http:\/\/schema.org\/Organization\">\r\n\t\t\t\t<span itemprop='name'>Qwien - Zentrum f\u00fcr queere Geschichte<\/span>\r\n\t\t\t\t<span itemprop='logo' itemscope itemtype='http:\/\/schema.org\/ImageObject'>\r\n\t\t\t\t\t<span itemprop='url'>https:\/\/www.qwien.at\/wp-content\/uploads\/2023\/04\/aether.png<\/span>\r\n\t\t\t\t<\/span>\r\n\t\t\t<\/span>\r\n\t\t\t\t\t\t<time class=\"grve-structured-data\" itemprop=\"datePublished\" datetime=\"2025-07-15T21:37:16+02:00\">15. July 2025<\/time>\r\n\t\t\t<time class=\"grve-structured-data\" itemprop=\"dateModified\"  datetime=\"2025-07-15T21:37:16+02:00\">15. July 2025<\/time>\r\n\t\t\t<span class=\"grve-structured-data\" itemprop=\"mainEntityOfPage\" itemscope itemtype=\"http:\/\/schema.org\/WebPage\" itemid=\"https:\/\/www.qwien.at\/en\/qwien-books\/aether-8-queer-vienna-einblicke-in-ein-bewegungsarchiv\/\"><\/span>\r\n\t\t<\/span>\r\n\t<\/div>\r\n\r\n\t\t<\/div>\r\n\t<\/article>\r\n\t\r\n\t<article class=\"post-11005 post type-post status-publish format-standard has-post-thumbnail hentry category-qwien-books category-literature-archive tag-aids tag-elba tag-fotografie tag-hans-georg-berger tag-herve-guibert tag-hiv grve-entry-item grve-blog-item\" itemscope itemType=\"http:\/\/schema.org\/BlogPosting\">\r\n\t\t<div class=\"grve-isotope-item-inner grve-default-size\">\r\n\t\t\t<div class=\"grve-post-item grve-style-3 grve-format-standard\">\r\n\t<div class=\"grve-post-item-inner grve-radius-none grve-shadow-none grve-bg-default grve-text-default grve-headings-default\">\r\n\t\t\t\t\t<a class=\"grve-item-url\" href=\"https:\/\/www.qwien.at\/en\/qwien-books\/zeugnis-einer-fotografischen-liebe\/\" rel=\"bookmark\"><span class=\"screen-reader-text\">Zeugnis einer fotografischen Liebe<\/span><\/a>\r\n\t\t\t\t\t\t<div class=\"grve-background-wrapper\">\r\n\t\t\t<div class=\"grve-bg-image\" style=\"background-image: url(https:\/\/www.qwien.at\/wp-content\/uploads\/2020\/12\/guibert_06.jpg);\"><\/div>\t\t\t\t\t\t<div class=\"grve-bg-overlay grve-bg-primary-2 grve-opacity-70\"><\/div>\r\n\t\t\t\t\t<\/div>\r\n\t\t\t\t\t\r\n\t\t<div class=\"grve-post-content\">\r\n\t\t\t\t\t\t<h4 class=\"grve-post-title grve-heading-color grve-h4\" itemprop=\"headline\"><span>Zeugnis einer fotografischen Liebe<\/span><\/h4>\t\t\t<p>Am 14. Dezember w\u00e4re der franz\u00f6sische Autor und Fotograf Herv\u00e9 Guibert 65 Jahre alt geworden.&hellip;<\/p><a class=\"grve-read-more grve-link-text\" href=\"https:\/\/www.qwien.at\/en\/qwien-books\/zeugnis-einer-fotografischen-liebe\/\"><span>Read more<\/span>\t\t\t\t<svg width=\"40px\" height=\"16px\" viewBox=\"0 0 40 16\">\r\n\t\t\t\t\t<polygon class=\"grve-arrow-line\" points=\"0 7 38 7 38 9 0 9\"><\/polygon>\r\n\t\t\t\t\t<polygon class=\"grve-arrow-point\" points=\"31.3481912 0 40 8 31.3481912 16 30 14.5816219 37.1 8 30 1.41837809\"><\/polygon>\r\n\t\t\t\t<\/svg>\r\n\t\t\t<\/a>\t\t<\/div>\r\n\t\t\t<\/div>\r\n\t\t\t<span class=\"grve-hidden\">\r\n\t\t\t<span class=\"grve-structured-data\" itemprop=\"image\" itemscope itemtype=\"http:\/\/schema.org\/ImageObject\">\r\n\t\t\t   <span itemprop='url' >https:\/\/www.qwien.at\/wp-content\/uploads\/2020\/12\/guibert_06.jpg<\/span>\r\n\t\t\t   <span itemprop='height' >900<\/span>\r\n\t\t\t   <span itemprop='width' >597<\/span>\r\n\t\t\t<\/span>\r\n\t\t\t\t\t\t<span class=\"grve-structured-data\" itemprop=\"author\" itemscope itemtype=\"http:\/\/schema.org\/Person\">\r\n\t\t\t\t<span itemprop=\"name\">Qwien - Zentrum f\u00fcr queere Geschichte<\/span>\r\n\t\t\t<\/span>\r\n\t\t\t<span class=\"grve-structured-data\" itemprop=\"publisher\" itemscope itemtype=\"http:\/\/schema.org\/Organization\">\r\n\t\t\t\t<span itemprop='name'>Qwien - Zentrum f\u00fcr queere Geschichte<\/span>\r\n\t\t\t\t<span itemprop='logo' itemscope itemtype='http:\/\/schema.org\/ImageObject'>\r\n\t\t\t\t\t<span itemprop='url'>https:\/\/www.qwien.at\/wp-content\/uploads\/2020\/12\/guibert_06.jpg<\/span>\r\n\t\t\t\t<\/span>\r\n\t\t\t<\/span>\r\n\t\t\t\t\t\t<time class=\"grve-structured-data\" itemprop=\"datePublished\" datetime=\"2025-07-15T21:37:14+02:00\">15. July 2025<\/time>\r\n\t\t\t<time class=\"grve-structured-data\" itemprop=\"dateModified\"  datetime=\"2025-07-15T21:37:14+02:00\">15. July 2025<\/time>\r\n\t\t\t<span class=\"grve-structured-data\" itemprop=\"mainEntityOfPage\" itemscope itemtype=\"http:\/\/schema.org\/WebPage\" itemid=\"https:\/\/www.qwien.at\/en\/qwien-books\/zeugnis-einer-fotografischen-liebe\/\"><\/span>\r\n\t\t<\/span>\r\n\t<\/div>\r\n\r\n\t\t<\/div>\r\n\t<\/article>\r\n\t\t<\/div>\r\n<\/div>\r\n[\/vc_column][\/vc_row]<\/p>\n<\/div>","protected":false},"excerpt":{"rendered":"<p>[vc_row section_type=&#8221;container-width&#8221; padding_top_multiplier=&#8221;4x&#8221; padding_bottom_multiplier=&#8221;2x&#8221; rc_heading_color=&#8221;primary-2&#8243; rc_link_color=&#8221;primary-3&#8243; rc_link_hover_color=&#8221;primary-3&#8243; columns_gap=&#8221;60&#8243; rc_font_color=&#8221;#2D0045&#8243; section_id=&#8221;exhibitions&#8221; scroll_section_title=&#8221;Exhibitions&#8221;][vc_column][vc_row_inner rc_link_color=&#8221;primary-3&#8243; rc_link_hover_color=&#8221;primary-3&#8243;][vc_column_inner width=&#8221;1\/2&#8243;][\/vc_column_inner][vc_column_inner width=&#8221;1\/2&#8243;][\/vc_column_inner][\/vc_row_inner][\/vc_column][\/vc_row][vc_row section_type=&#8221;container-width&#8221; padding_top_multiplier=&#8221;4x&#8221; padding_bottom_multiplier=&#8221;4x&#8221; rc_heading_color=&#8221;primary-2&#8243; rc_link_color=&#8221;primary-1&#8243; rc_link_hover_color=&#8221;primary-3&#8243; columns_gap=&#8221;60&#8243; rc_font_color=&#8221;#2D0045&#8243; section_id=&#8221;events&#8221; scroll_section_title=&#8221;Events&#8221;][vc_column][\/vc_column][\/vc_row][vc_row section_type=&#8221;container-width&#8221; padding_top_multiplier=&#8221;&#8221; padding_bottom_multiplier=&#8221;4x&#8221; rc_heading_color=&#8221;primary-2&#8243; rc_link_color=&#8221;primary-1&#8243; rc_link_hover_color=&#8221;primary-3&#8243; columns_gap=&#8221;60&#8243; rc_font_color=&#8221;#2D0045&#8243; section_id=&#8221;news&#8221; scroll_section_title=&#8221;News&#8221;][vc_column][\/vc_column][\/vc_row][vc_row section_type=&#8221;container-width&#8221; padding_top_multiplier=&#8221;&#8221; padding_bottom_multiplier=&#8221;4x&#8221; rc_heading_color=&#8221;primary-2&#8243; rc_link_color=&#8221;primary-1&#8243; rc_link_hover_color=&#8221;primary-3&#8243; columns_gap=&#8221;60&#8243; rc_font_color=&#8221;#2D0045&#8243; section_id=&#8221;literature&#8221; scroll_section_title=&#8221;Literature&#8221;][vc_column][\/vc_column][\/vc_row]<\/p>\n","protected":false},"author":11,"featured_media":10128,"parent":0,"menu_order":0,"comment_status":"closed","ping_status":"closed","template":"page-templates\/template-section-nav.php","meta":{"_acf_changed":false,"footnotes":""},"class_list":["post-10651","page","type-page","status-publish","has-post-thumbnail","hentry","grve-entry-item"],"acf":[],"yoast_head":"<!-- This site is optimized with the Yoast SEO plugin v27.5 - https:\/\/yoast.com\/product\/yoast-seo-wordpress\/ -->\n<title>Qwien Cultural Program - Experience Queer History<\/title>\n<meta name=\"description\" content=\"Qwien cultural program: lectures, readings, discussions &amp; events on queer culture and history in Vienna. Discover now!\" \/>\n<meta name=\"robots\" content=\"index, follow, max-snippet:-1, max-image-preview:large, max-video-preview:-1\" \/>\n<link rel=\"canonical\" href=\"https:\/\/www.qwien.at\/en\/culture\/\" \/>\n<meta property=\"og:locale\" content=\"en_US\" \/>\n<meta property=\"og:type\" content=\"article\" \/>\n<meta property=\"og:title\" content=\"Qwien Cultural Program - Experience Queer History\" \/>\n<meta property=\"og:description\" content=\"Qwien cultural program: lectures, readings, discussions &amp; events on queer culture and history in Vienna. Discover now!\" \/>\n<meta property=\"og:url\" content=\"https:\/\/www.qwien.at\/en\/culture\/\" \/>\n<meta property=\"og:site_name\" content=\"Qwien - Zentrum f\u00fcr queere Geschichte\" \/>\n<meta property=\"article:modified_time\" content=\"2026-02-18T09:38:00+00:00\" \/>\n<meta property=\"og:image\" content=\"https:\/\/www.qwien.at\/wp-content\/uploads\/2025\/06\/seo-yoast-2.png\" \/>\n\t<meta property=\"og:image:width\" content=\"697\" \/>\n\t<meta property=\"og:image:height\" content=\"697\" \/>\n\t<meta property=\"og:image:type\" content=\"image\/png\" \/>\n<meta name=\"twitter:card\" content=\"summary_large_image\" \/>\n<meta name=\"twitter:label1\" content=\"Est. reading time\" \/>\n\t<meta name=\"twitter:data1\" content=\"2 minutes\" \/>\n<script type=\"application\/ld+json\" class=\"yoast-schema-graph\">{\"@context\":\"https:\\\/\\\/schema.org\",\"@graph\":[{\"@type\":\"WebPage\",\"@id\":\"https:\\\/\\\/www.qwien.at\\\/en\\\/culture\\\/\",\"url\":\"https:\\\/\\\/www.qwien.at\\\/en\\\/culture\\\/\",\"name\":\"Qwien Cultural Program - Experience Queer History\",\"isPartOf\":{\"@id\":\"https:\\\/\\\/www.qwien.at\\\/en\\\/#website\"},\"primaryImageOfPage\":{\"@id\":\"https:\\\/\\\/www.qwien.at\\\/en\\\/culture\\\/#primaryimage\"},\"image\":{\"@id\":\"https:\\\/\\\/www.qwien.at\\\/en\\\/culture\\\/#primaryimage\"},\"thumbnailUrl\":\"https:\\\/\\\/www.qwien.at\\\/wp-content\\\/uploads\\\/2025\\\/06\\\/seo-yoast-2.png\",\"datePublished\":\"2025-07-12T13:36:27+00:00\",\"dateModified\":\"2026-02-18T09:38:00+00:00\",\"description\":\"Qwien cultural program: lectures, readings, discussions & events on queer culture and history in Vienna. Discover now!\",\"breadcrumb\":{\"@id\":\"https:\\\/\\\/www.qwien.at\\\/en\\\/culture\\\/#breadcrumb\"},\"inLanguage\":\"en-US\",\"potentialAction\":[{\"@type\":\"ReadAction\",\"target\":[\"https:\\\/\\\/www.qwien.at\\\/en\\\/culture\\\/\"]}]},{\"@type\":\"ImageObject\",\"inLanguage\":\"en-US\",\"@id\":\"https:\\\/\\\/www.qwien.at\\\/en\\\/culture\\\/#primaryimage\",\"url\":\"https:\\\/\\\/www.qwien.at\\\/wp-content\\\/uploads\\\/2025\\\/06\\\/seo-yoast-2.png\",\"contentUrl\":\"https:\\\/\\\/www.qwien.at\\\/wp-content\\\/uploads\\\/2025\\\/06\\\/seo-yoast-2.png\",\"width\":697,\"height\":697,\"caption\":\"Text graphic featuring the word \\\"Qwien\\\" in bold, dark letters on a bright pink background.\"},{\"@type\":\"BreadcrumbList\",\"@id\":\"https:\\\/\\\/www.qwien.at\\\/en\\\/culture\\\/#breadcrumb\",\"itemListElement\":[{\"@type\":\"ListItem\",\"position\":1,\"name\":\"Startseite\",\"item\":\"https:\\\/\\\/www.qwien.at\\\/en\\\/\"},{\"@type\":\"ListItem\",\"position\":2,\"name\":\"Culture\"}]},{\"@type\":\"WebSite\",\"@id\":\"https:\\\/\\\/www.qwien.at\\\/en\\\/#website\",\"url\":\"https:\\\/\\\/www.qwien.at\\\/en\\\/\",\"name\":\"Qwien - Zentrum f\u00fcr queere Geschichte\",\"description\":\"\",\"publisher\":{\"@id\":\"https:\\\/\\\/www.qwien.at\\\/en\\\/#organization\"},\"potentialAction\":[{\"@type\":\"SearchAction\",\"target\":{\"@type\":\"EntryPoint\",\"urlTemplate\":\"https:\\\/\\\/www.qwien.at\\\/en\\\/?s={search_term_string}\"},\"query-input\":{\"@type\":\"PropertyValueSpecification\",\"valueRequired\":true,\"valueName\":\"search_term_string\"}}],\"inLanguage\":\"en-US\"},{\"@type\":\"Organization\",\"@id\":\"https:\\\/\\\/www.qwien.at\\\/en\\\/#organization\",\"name\":\"Qwien\",\"url\":\"https:\\\/\\\/www.qwien.at\\\/en\\\/\",\"logo\":{\"@type\":\"ImageObject\",\"inLanguage\":\"en-US\",\"@id\":\"https:\\\/\\\/www.qwien.at\\\/en\\\/#\\\/schema\\\/logo\\\/image\\\/\",\"url\":\"https:\\\/\\\/www.qwien.at\\\/wp-content\\\/uploads\\\/2025\\\/06\\\/seo-yoast-2.png\",\"contentUrl\":\"https:\\\/\\\/www.qwien.at\\\/wp-content\\\/uploads\\\/2025\\\/06\\\/seo-yoast-2.png\",\"width\":697,\"height\":697,\"caption\":\"Qwien\"},\"image\":{\"@id\":\"https:\\\/\\\/www.qwien.at\\\/en\\\/#\\\/schema\\\/logo\\\/image\\\/\"},\"sameAs\":[\"https:\\\/\\\/www.instagram.com\\\/qwien.zentrum\\\/\"]}]}<\/script>\n<!-- \/ Yoast SEO plugin. -->","yoast_head_json":{"title":"Qwien Cultural Program - Experience Queer History","description":"Qwien cultural program: lectures, readings, discussions & events on queer culture and history in Vienna. Discover now!","robots":{"index":"index","follow":"follow","max-snippet":"max-snippet:-1","max-image-preview":"max-image-preview:large","max-video-preview":"max-video-preview:-1"},"canonical":"https:\/\/www.qwien.at\/en\/culture\/","og_locale":"en_US","og_type":"article","og_title":"Qwien Cultural Program - Experience Queer History","og_description":"Qwien cultural program: lectures, readings, discussions & events on queer culture and history in Vienna. Discover now!","og_url":"https:\/\/www.qwien.at\/en\/culture\/","og_site_name":"Qwien - Zentrum f\u00fcr queere Geschichte","article_modified_time":"2026-02-18T09:38:00+00:00","og_image":[{"width":697,"height":697,"url":"https:\/\/www.qwien.at\/wp-content\/uploads\/2025\/06\/seo-yoast-2.png","type":"image\/png"}],"twitter_card":"summary_large_image","twitter_misc":{"Est. reading time":"2 minutes"},"schema":{"@context":"https:\/\/schema.org","@graph":[{"@type":"WebPage","@id":"https:\/\/www.qwien.at\/en\/culture\/","url":"https:\/\/www.qwien.at\/en\/culture\/","name":"Qwien Cultural Program - Experience Queer History","isPartOf":{"@id":"https:\/\/www.qwien.at\/en\/#website"},"primaryImageOfPage":{"@id":"https:\/\/www.qwien.at\/en\/culture\/#primaryimage"},"image":{"@id":"https:\/\/www.qwien.at\/en\/culture\/#primaryimage"},"thumbnailUrl":"https:\/\/www.qwien.at\/wp-content\/uploads\/2025\/06\/seo-yoast-2.png","datePublished":"2025-07-12T13:36:27+00:00","dateModified":"2026-02-18T09:38:00+00:00","description":"Qwien cultural program: lectures, readings, discussions & events on queer culture and history in Vienna. Discover now!","breadcrumb":{"@id":"https:\/\/www.qwien.at\/en\/culture\/#breadcrumb"},"inLanguage":"en-US","potentialAction":[{"@type":"ReadAction","target":["https:\/\/www.qwien.at\/en\/culture\/"]}]},{"@type":"ImageObject","inLanguage":"en-US","@id":"https:\/\/www.qwien.at\/en\/culture\/#primaryimage","url":"https:\/\/www.qwien.at\/wp-content\/uploads\/2025\/06\/seo-yoast-2.png","contentUrl":"https:\/\/www.qwien.at\/wp-content\/uploads\/2025\/06\/seo-yoast-2.png","width":697,"height":697,"caption":"Text graphic featuring the word \"Qwien\" in bold, dark letters on a bright pink background."},{"@type":"BreadcrumbList","@id":"https:\/\/www.qwien.at\/en\/culture\/#breadcrumb","itemListElement":[{"@type":"ListItem","position":1,"name":"Startseite","item":"https:\/\/www.qwien.at\/en\/"},{"@type":"ListItem","position":2,"name":"Culture"}]},{"@type":"WebSite","@id":"https:\/\/www.qwien.at\/en\/#website","url":"https:\/\/www.qwien.at\/en\/","name":"Qwien - Zentrum f\u00fcr queere Geschichte","description":"","publisher":{"@id":"https:\/\/www.qwien.at\/en\/#organization"},"potentialAction":[{"@type":"SearchAction","target":{"@type":"EntryPoint","urlTemplate":"https:\/\/www.qwien.at\/en\/?s={search_term_string}"},"query-input":{"@type":"PropertyValueSpecification","valueRequired":true,"valueName":"search_term_string"}}],"inLanguage":"en-US"},{"@type":"Organization","@id":"https:\/\/www.qwien.at\/en\/#organization","name":"Qwien","url":"https:\/\/www.qwien.at\/en\/","logo":{"@type":"ImageObject","inLanguage":"en-US","@id":"https:\/\/www.qwien.at\/en\/#\/schema\/logo\/image\/","url":"https:\/\/www.qwien.at\/wp-content\/uploads\/2025\/06\/seo-yoast-2.png","contentUrl":"https:\/\/www.qwien.at\/wp-content\/uploads\/2025\/06\/seo-yoast-2.png","width":697,"height":697,"caption":"Qwien"},"image":{"@id":"https:\/\/www.qwien.at\/en\/#\/schema\/logo\/image\/"},"sameAs":["https:\/\/www.instagram.com\/qwien.zentrum\/"]}]}},"_links":{"self":[{"href":"https:\/\/www.qwien.at\/en\/wp-json\/wp\/v2\/pages\/10651","targetHints":{"allow":["GET"]}}],"collection":[{"href":"https:\/\/www.qwien.at\/en\/wp-json\/wp\/v2\/pages"}],"about":[{"href":"https:\/\/www.qwien.at\/en\/wp-json\/wp\/v2\/types\/page"}],"author":[{"embeddable":true,"href":"https:\/\/www.qwien.at\/en\/wp-json\/wp\/v2\/users\/11"}],"replies":[{"embeddable":true,"href":"https:\/\/www.qwien.at\/en\/wp-json\/wp\/v2\/comments?post=10651"}],"version-history":[{"count":38,"href":"https:\/\/www.qwien.at\/en\/wp-json\/wp\/v2\/pages\/10651\/revisions"}],"predecessor-version":[{"id":12703,"href":"https:\/\/www.qwien.at\/en\/wp-json\/wp\/v2\/pages\/10651\/revisions\/12703"}],"wp:featuredmedia":[{"embeddable":true,"href":"https:\/\/www.qwien.at\/en\/wp-json\/wp\/v2\/media\/10128"}],"wp:attachment":[{"href":"https:\/\/www.qwien.at\/en\/wp-json\/wp\/v2\/media?parent=10651"}],"curies":[{"name":"wp","href":"https:\/\/api.w.org\/{rel}","templated":true}]}}