{"id":10662,"date":"2025-07-14T10:04:47","date_gmt":"2025-07-14T08:04:47","guid":{"rendered":"https:\/\/www.qwien.at\/archive\/"},"modified":"2026-02-23T10:05:24","modified_gmt":"2026-02-23T09:05:24","slug":"archive","status":"publish","type":"page","link":"https:\/\/www.qwien.at\/en\/archive\/","title":{"rendered":"Archive"},"content":{"rendered":"<div class=\"wpb-content-wrapper\"><p>[vc_row section_type=&#8221;container-width&#8221; padding_top_multiplier=&#8221;2x&#8221; padding_bottom_multiplier=&#8221;4x&#8221; rc_heading_color=&#8221;primary-2&#8243; rc_link_color=&#8221;primary-1&#8243; rc_link_hover_color=&#8221;primary-3&#8243; columns_gap=&#8221;60&#8243; rc_font_color=&#8221;#2D0045&#8243; section_id=&#8221;oeffnungszeiten&#8221; scroll_section_title=&#8221;Ausstellungen &amp; Veranstaltungen&#8221;][vc_column]<h2 class=\"grve-element grve-title grve-align-inherit grve-h2\"><span>Exhibition and event archive<\/span><\/h2><div class=\"grve-element grve-divider\"><span class=\"grve-custom-divider grve-bg-primary-2 grve-align-center\" style=\"width: 100%;height: 1px;\"><\/span><\/div>[vc_row_inner padding_top_multiplier=&#8221;1x&#8221; padding_bottom_multiplier=&#8221;2x&#8221; columns_gap=&#8221;60&#8243;][vc_column_inner]<div data-display-style=\"load-more\" data-spinner=\"no\" data-columns-large-screen=\"1\" data-columns=\"1\" data-columns-tablet-landscape=\"1\" data-columns-tablet-portrait=\"1\" data-columns-mobile=\"1\" data-layout=\"fitRows\" data-animation=\"fade-in-up\" class=\"grve-element grve-blog grve-blog-small grve-isotope grve-with-gap show-portfolio-items\" id=\"el-1755179168002-7e21e1a4-37f3\">\r\n\t<div class=\"grve-isotope-container\">\r\n\t\t<div class=\"grve-grid-sizer\"><\/div>\r\n\r\n\t<article class=\"post-12128 post type-post status-publish format-standard has-post-thumbnail hentry category-events-archive grve-entry-item grve-blog-item\" itemscope itemType=\"http:\/\/schema.org\/BlogPosting\">\r\n\t\t<div class=\"grve-isotope-item-inner\">\r\n\t\t\t<div class=\"grve-post-item grve-small-style-2 grve-format-standard\">\r\n\t<div class=\"grve-post-item-inner\">\r\n\t\t\t\t\t<a class=\"grve-item-url\" href=\"https:\/\/www.qwien.at\/en\/events-archive\/andrea-b-braidt-gay-pride-queer-shame\/\" rel=\"bookmark\"><span class=\"screen-reader-text\">Andrea B. Braidt &#8211; Gay Pride, Queer Shame<\/span><\/a>\r\n\r\n\t\t\r\n\t\t\t\t<div class=\"grve-post-content\">\r\n\t\t\t<h3 class=\"grve-post-title grve-heading-color grve-h4\" itemprop=\"headline\"><span>Andrea B. Braidt &#8211; Gay Pride, Queer Shame<\/span><\/h3>\t\t\t\t\t\t<p>March 25, 2026, 6:30 p.m.\n<\/p>\t\t\t\t\t<\/div>\r\n\t\t<a class=\"grve-read-more grve-link-text\" href=\"https:\/\/www.qwien.at\/en\/events-archive\/andrea-b-braidt-gay-pride-queer-shame\/\"><span>Read more<\/span>\t\t\t\t<svg width=\"40px\" height=\"16px\" viewBox=\"0 0 40 16\">\r\n\t\t\t\t\t<polygon class=\"grve-arrow-line\" points=\"0 7 38 7 38 9 0 9\"><\/polygon>\r\n\t\t\t\t\t<polygon class=\"grve-arrow-point\" points=\"31.3481912 0 40 8 31.3481912 16 30 14.5816219 37.1 8 30 1.41837809\"><\/polygon>\r\n\t\t\t\t<\/svg>\r\n\t\t\t<\/a>\t<\/div>\r\n\t\t\t<span class=\"grve-hidden\">\r\n\t\t\t<span class=\"grve-structured-data\" itemprop=\"image\" itemscope itemtype=\"http:\/\/schema.org\/ImageObject\">\r\n\t\t\t   <span itemprop='url' >https:\/\/www.qwien.at\/wp-content\/uploads\/2026\/01\/Kacheln_Website_braidt.png<\/span>\r\n\t\t\t   <span itemprop='height' >1120<\/span>\r\n\t\t\t   <span itemprop='width' >1494<\/span>\r\n\t\t\t<\/span>\r\n\t\t\t\t\t\t<span class=\"grve-structured-data\" itemprop=\"author\" itemscope itemtype=\"http:\/\/schema.org\/Person\">\r\n\t\t\t\t<span itemprop=\"name\">Qwien - Zentrum f\u00fcr queere Geschichte<\/span>\r\n\t\t\t<\/span>\r\n\t\t\t<span class=\"grve-structured-data\" itemprop=\"publisher\" itemscope itemtype=\"http:\/\/schema.org\/Organization\">\r\n\t\t\t\t<span itemprop='name'>Qwien - Zentrum f\u00fcr queere Geschichte<\/span>\r\n\t\t\t\t<span itemprop='logo' itemscope itemtype='http:\/\/schema.org\/ImageObject'>\r\n\t\t\t\t\t<span itemprop='url'>https:\/\/www.qwien.at\/wp-content\/uploads\/2026\/01\/Kacheln_Website_braidt.png<\/span>\r\n\t\t\t\t<\/span>\r\n\t\t\t<\/span>\r\n\t\t\t\t\t\t<time class=\"grve-structured-data\" itemprop=\"datePublished\" datetime=\"2026-01-19T17:56:51+01:00\">19. January 2026<\/time>\r\n\t\t\t<time class=\"grve-structured-data\" itemprop=\"dateModified\"  datetime=\"2026-04-18T16:43:03+02:00\">18. April 2026<\/time>\r\n\t\t\t<span class=\"grve-structured-data\" itemprop=\"mainEntityOfPage\" itemscope itemtype=\"http:\/\/schema.org\/WebPage\" itemid=\"https:\/\/www.qwien.at\/en\/events-archive\/andrea-b-braidt-gay-pride-queer-shame\/\"><\/span>\r\n\t\t<\/span>\r\n\t<\/div>\r\n\t\t<\/div>\r\n\t<\/article>\r\n\t\r\n\t<article class=\"post-12761 post type-post status-publish format-standard has-post-thumbnail hentry category-events-archive grve-entry-item grve-blog-item\" itemscope itemType=\"http:\/\/schema.org\/BlogPosting\">\r\n\t\t<div class=\"grve-isotope-item-inner\">\r\n\t\t\t<div class=\"grve-post-item grve-small-style-2 grve-format-standard\">\r\n\t<div class=\"grve-post-item-inner\">\r\n\t\t\t\t\t<a class=\"grve-item-url\" href=\"https:\/\/www.qwien.at\/en\/events-archive\/queer-death-with-tamo\/\" rel=\"bookmark\"><span class=\"screen-reader-text\">SATURDAYS AT 4: Queer Death<\/span><\/a>\r\n\r\n\t\t\r\n\t\t\t\t<div class=\"grve-post-content\">\r\n\t\t\t<h3 class=\"grve-post-title grve-heading-color grve-h4\" itemprop=\"headline\"><span>SATURDAYS AT 4: Queer Death<\/span><\/h3>\t\t\t\t\t\t<p>April 18, 2026, 4 p.m.\n<\/p>\t\t\t\t\t<\/div>\r\n\t\t<a class=\"grve-read-more grve-link-text\" href=\"https:\/\/www.qwien.at\/en\/events-archive\/queer-death-with-tamo\/\"><span>Read more<\/span>\t\t\t\t<svg width=\"40px\" height=\"16px\" viewBox=\"0 0 40 16\">\r\n\t\t\t\t\t<polygon class=\"grve-arrow-line\" points=\"0 7 38 7 38 9 0 9\"><\/polygon>\r\n\t\t\t\t\t<polygon class=\"grve-arrow-point\" points=\"31.3481912 0 40 8 31.3481912 16 30 14.5816219 37.1 8 30 1.41837809\"><\/polygon>\r\n\t\t\t\t<\/svg>\r\n\t\t\t<\/a>\t<\/div>\r\n\t\t\t<span class=\"grve-hidden\">\r\n\t\t\t<span class=\"grve-structured-data\" itemprop=\"image\" itemscope itemtype=\"http:\/\/schema.org\/ImageObject\">\r\n\t\t\t   <span itemprop='url' >https:\/\/www.qwien.at\/wp-content\/uploads\/2026\/03\/S4_Kachel-Tamo.png<\/span>\r\n\t\t\t   <span itemprop='height' >1120<\/span>\r\n\t\t\t   <span itemprop='width' >1494<\/span>\r\n\t\t\t<\/span>\r\n\t\t\t\t\t\t<span class=\"grve-structured-data\" itemprop=\"author\" itemscope itemtype=\"http:\/\/schema.org\/Person\">\r\n\t\t\t\t<span itemprop=\"name\">Qwien - Zentrum f\u00fcr queere Geschichte<\/span>\r\n\t\t\t<\/span>\r\n\t\t\t<span class=\"grve-structured-data\" itemprop=\"publisher\" itemscope itemtype=\"http:\/\/schema.org\/Organization\">\r\n\t\t\t\t<span itemprop='name'>Qwien - Zentrum f\u00fcr queere Geschichte<\/span>\r\n\t\t\t\t<span itemprop='logo' itemscope itemtype='http:\/\/schema.org\/ImageObject'>\r\n\t\t\t\t\t<span itemprop='url'>https:\/\/www.qwien.at\/wp-content\/uploads\/2026\/03\/S4_Kachel-Tamo.png<\/span>\r\n\t\t\t\t<\/span>\r\n\t\t\t<\/span>\r\n\t\t\t\t\t\t<time class=\"grve-structured-data\" itemprop=\"datePublished\" datetime=\"2026-03-24T10:05:46+01:00\">24. March 2026<\/time>\r\n\t\t\t<time class=\"grve-structured-data\" itemprop=\"dateModified\"  datetime=\"2026-04-18T16:41:24+02:00\">18. April 2026<\/time>\r\n\t\t\t<span class=\"grve-structured-data\" itemprop=\"mainEntityOfPage\" itemscope itemtype=\"http:\/\/schema.org\/WebPage\" itemid=\"https:\/\/www.qwien.at\/en\/events-archive\/queer-death-with-tamo\/\"><\/span>\r\n\t\t<\/span>\r\n\t<\/div>\r\n\t\t<\/div>\r\n\t<\/article>\r\n\t\r\n\t<article class=\"post-12819 post type-post status-publish format-standard has-post-thumbnail hentry category-ausstellungsarchiv category-events-archive grve-entry-item grve-blog-item\" itemscope itemType=\"http:\/\/schema.org\/BlogPosting\">\r\n\t\t<div class=\"grve-isotope-item-inner\">\r\n\t\t\t<div class=\"grve-post-item grve-small-style-2 grve-format-standard\">\r\n\t<div class=\"grve-post-item-inner\">\r\n\t\t\t\t\t<a class=\"grve-item-url\" href=\"https:\/\/www.qwien.at\/en\/ausstellungsarchiv\/crypto-stamp-launch-at-qwien\/\" rel=\"bookmark\"><span class=\"screen-reader-text\">Crypto Stamp Launch at Qwien<\/span><\/a>\r\n\r\n\t\t\r\n\t\t\t\t<div class=\"grve-post-content\">\r\n\t\t\t<h3 class=\"grve-post-title grve-heading-color grve-h4\" itemprop=\"headline\"><span>Crypto Stamp Launch at Qwien<\/span><\/h3>\t\t\t\t\t\t<p>April 16th 2026, from 1 to 8 PM\n<\/p>\t\t\t\t\t<\/div>\r\n\t\t<a class=\"grve-read-more grve-link-text\" href=\"https:\/\/www.qwien.at\/en\/ausstellungsarchiv\/crypto-stamp-launch-at-qwien\/\"><span>Read more<\/span>\t\t\t\t<svg width=\"40px\" height=\"16px\" viewBox=\"0 0 40 16\">\r\n\t\t\t\t\t<polygon class=\"grve-arrow-line\" points=\"0 7 38 7 38 9 0 9\"><\/polygon>\r\n\t\t\t\t\t<polygon class=\"grve-arrow-point\" points=\"31.3481912 0 40 8 31.3481912 16 30 14.5816219 37.1 8 30 1.41837809\"><\/polygon>\r\n\t\t\t\t<\/svg>\r\n\t\t\t<\/a>\t<\/div>\r\n\t\t\t<span class=\"grve-hidden\">\r\n\t\t\t<span class=\"grve-structured-data\" itemprop=\"image\" itemscope itemtype=\"http:\/\/schema.org\/ImageObject\">\r\n\t\t\t   <span itemprop='url' >https:\/\/www.qwien.at\/wp-content\/uploads\/2026\/04\/P026_172-PHIL-POS-CS-SoM-QWien-1120x1494-RZ.jpg<\/span>\r\n\t\t\t   <span itemprop='height' >1120<\/span>\r\n\t\t\t   <span itemprop='width' >1494<\/span>\r\n\t\t\t<\/span>\r\n\t\t\t\t\t\t<span class=\"grve-structured-data\" itemprop=\"author\" itemscope itemtype=\"http:\/\/schema.org\/Person\">\r\n\t\t\t\t<span itemprop=\"name\">Qwien - Zentrum f\u00fcr queere Geschichte<\/span>\r\n\t\t\t<\/span>\r\n\t\t\t<span class=\"grve-structured-data\" itemprop=\"publisher\" itemscope itemtype=\"http:\/\/schema.org\/Organization\">\r\n\t\t\t\t<span itemprop='name'>Qwien - Zentrum f\u00fcr queere Geschichte<\/span>\r\n\t\t\t\t<span itemprop='logo' itemscope itemtype='http:\/\/schema.org\/ImageObject'>\r\n\t\t\t\t\t<span itemprop='url'>https:\/\/www.qwien.at\/wp-content\/uploads\/2026\/04\/P026_172-PHIL-POS-CS-SoM-QWien-1120x1494-RZ.jpg<\/span>\r\n\t\t\t\t<\/span>\r\n\t\t\t<\/span>\r\n\t\t\t\t\t\t<time class=\"grve-structured-data\" itemprop=\"datePublished\" datetime=\"2026-04-01T12:47:39+02:00\">1. April 2026<\/time>\r\n\t\t\t<time class=\"grve-structured-data\" itemprop=\"dateModified\"  datetime=\"2026-04-18T16:41:07+02:00\">18. April 2026<\/time>\r\n\t\t\t<span class=\"grve-structured-data\" itemprop=\"mainEntityOfPage\" itemscope itemtype=\"http:\/\/schema.org\/WebPage\" itemid=\"https:\/\/www.qwien.at\/en\/ausstellungsarchiv\/crypto-stamp-launch-at-qwien\/\"><\/span>\r\n\t\t<\/span>\r\n\t<\/div>\r\n\t\t<\/div>\r\n\t<\/article>\r\n\t\r\n\t<article class=\"post-12810 post type-post status-publish format-standard has-post-thumbnail hentry category-events-archive grve-entry-item grve-blog-item\" itemscope itemType=\"http:\/\/schema.org\/BlogPosting\">\r\n\t\t<div class=\"grve-isotope-item-inner\">\r\n\t\t\t<div class=\"grve-post-item grve-small-style-2 grve-format-standard\">\r\n\t<div class=\"grve-post-item-inner\">\r\n\t\t\t\t\t<a class=\"grve-item-url\" href=\"https:\/\/www.qwien.at\/en\/events-archive\/queer-game-lab-3\/\" rel=\"bookmark\"><span class=\"screen-reader-text\">Queer Game Lab<\/span><\/a>\r\n\r\n\t\t\r\n\t\t\t\t<div class=\"grve-post-content\">\r\n\t\t\t<h3 class=\"grve-post-title grve-heading-color grve-h4\" itemprop=\"headline\"><span>Queer Game Lab<\/span><\/h3>\t\t\t\t\t\t<p>April 12th 2026, from 2:00 to 6:00 PM.\n<\/p>\t\t\t\t\t<\/div>\r\n\t\t<a class=\"grve-read-more grve-link-text\" href=\"https:\/\/www.qwien.at\/en\/events-archive\/queer-game-lab-3\/\"><span>Read more<\/span>\t\t\t\t<svg width=\"40px\" height=\"16px\" viewBox=\"0 0 40 16\">\r\n\t\t\t\t\t<polygon class=\"grve-arrow-line\" points=\"0 7 38 7 38 9 0 9\"><\/polygon>\r\n\t\t\t\t\t<polygon class=\"grve-arrow-point\" points=\"31.3481912 0 40 8 31.3481912 16 30 14.5816219 37.1 8 30 1.41837809\"><\/polygon>\r\n\t\t\t\t<\/svg>\r\n\t\t\t<\/a>\t<\/div>\r\n\t\t\t<span class=\"grve-hidden\">\r\n\t\t\t<span class=\"grve-structured-data\" itemprop=\"image\" itemscope itemtype=\"http:\/\/schema.org\/ImageObject\">\r\n\t\t\t   <span itemprop='url' >https:\/\/www.qwien.at\/wp-content\/uploads\/2026\/04\/Kacheln_Website_Gamenight.jpg<\/span>\r\n\t\t\t   <span itemprop='height' >1120<\/span>\r\n\t\t\t   <span itemprop='width' >1494<\/span>\r\n\t\t\t<\/span>\r\n\t\t\t\t\t\t<span class=\"grve-structured-data\" itemprop=\"author\" itemscope itemtype=\"http:\/\/schema.org\/Person\">\r\n\t\t\t\t<span itemprop=\"name\">Qwien - Zentrum f\u00fcr queere Geschichte<\/span>\r\n\t\t\t<\/span>\r\n\t\t\t<span class=\"grve-structured-data\" itemprop=\"publisher\" itemscope itemtype=\"http:\/\/schema.org\/Organization\">\r\n\t\t\t\t<span itemprop='name'>Qwien - Zentrum f\u00fcr queere Geschichte<\/span>\r\n\t\t\t\t<span itemprop='logo' itemscope itemtype='http:\/\/schema.org\/ImageObject'>\r\n\t\t\t\t\t<span itemprop='url'>https:\/\/www.qwien.at\/wp-content\/uploads\/2026\/04\/Kacheln_Website_Gamenight.jpg<\/span>\r\n\t\t\t\t<\/span>\r\n\t\t\t<\/span>\r\n\t\t\t\t\t\t<time class=\"grve-structured-data\" itemprop=\"datePublished\" datetime=\"2026-04-01T12:30:58+02:00\">1. April 2026<\/time>\r\n\t\t\t<time class=\"grve-structured-data\" itemprop=\"dateModified\"  datetime=\"2026-04-13T14:38:25+02:00\">13. April 2026<\/time>\r\n\t\t\t<span class=\"grve-structured-data\" itemprop=\"mainEntityOfPage\" itemscope itemtype=\"http:\/\/schema.org\/WebPage\" itemid=\"https:\/\/www.qwien.at\/en\/events-archive\/queer-game-lab-3\/\"><\/span>\r\n\t\t<\/span>\r\n\t<\/div>\r\n\t\t<\/div>\r\n\t<\/article>\r\n\t\r\n\t<article class=\"post-12462 post type-post status-publish format-standard has-post-thumbnail hentry category-events-archive grve-entry-item grve-blog-item\" itemscope itemType=\"http:\/\/schema.org\/BlogPosting\">\r\n\t\t<div class=\"grve-isotope-item-inner\">\r\n\t\t\t<div class=\"grve-post-item grve-small-style-2 grve-format-standard\">\r\n\t<div class=\"grve-post-item-inner\">\r\n\t\t\t\t\t<a class=\"grve-item-url\" href=\"https:\/\/www.qwien.at\/en\/events-archive\/exhibition-opening-united-by-queerness\/\" rel=\"bookmark\"><span class=\"screen-reader-text\">Exhibition opening: United By Queerness<\/span><\/a>\r\n\r\n\t\t\r\n\t\t\t\t<div class=\"grve-post-content\">\r\n\t\t\t<h3 class=\"grve-post-title grve-heading-color grve-h4\" itemprop=\"headline\"><span>Exhibition opening: United By Queerness<\/span><\/h3>\t\t\t\t\t\t<p>Wednesday, 18 February 2026, 6:30 pm\nDoors open: 6:00 pm\n<\/p>\t\t\t\t\t<\/div>\r\n\t\t<a class=\"grve-read-more grve-link-text\" href=\"https:\/\/www.qwien.at\/en\/events-archive\/exhibition-opening-united-by-queerness\/\"><span>Read more<\/span>\t\t\t\t<svg width=\"40px\" height=\"16px\" viewBox=\"0 0 40 16\">\r\n\t\t\t\t\t<polygon class=\"grve-arrow-line\" points=\"0 7 38 7 38 9 0 9\"><\/polygon>\r\n\t\t\t\t\t<polygon class=\"grve-arrow-point\" points=\"31.3481912 0 40 8 31.3481912 16 30 14.5816219 37.1 8 30 1.41837809\"><\/polygon>\r\n\t\t\t\t<\/svg>\r\n\t\t\t<\/a>\t<\/div>\r\n\t\t\t<span class=\"grve-hidden\">\r\n\t\t\t<span class=\"grve-structured-data\" itemprop=\"image\" itemscope itemtype=\"http:\/\/schema.org\/ImageObject\">\r\n\t\t\t   <span itemprop='url' >https:\/\/www.qwien.at\/wp-content\/uploads\/2026\/02\/Kacheln_Website_opening_2_1.png<\/span>\r\n\t\t\t   <span itemprop='height' >1120<\/span>\r\n\t\t\t   <span itemprop='width' >1494<\/span>\r\n\t\t\t<\/span>\r\n\t\t\t\t\t\t<span class=\"grve-structured-data\" itemprop=\"author\" itemscope itemtype=\"http:\/\/schema.org\/Person\">\r\n\t\t\t\t<span itemprop=\"name\">Qwien - Zentrum f\u00fcr queere Geschichte<\/span>\r\n\t\t\t<\/span>\r\n\t\t\t<span class=\"grve-structured-data\" itemprop=\"publisher\" itemscope itemtype=\"http:\/\/schema.org\/Organization\">\r\n\t\t\t\t<span itemprop='name'>Qwien - Zentrum f\u00fcr queere Geschichte<\/span>\r\n\t\t\t\t<span itemprop='logo' itemscope itemtype='http:\/\/schema.org\/ImageObject'>\r\n\t\t\t\t\t<span itemprop='url'>https:\/\/www.qwien.at\/wp-content\/uploads\/2026\/02\/Kacheln_Website_opening_2_1.png<\/span>\r\n\t\t\t\t<\/span>\r\n\t\t\t<\/span>\r\n\t\t\t\t\t\t<time class=\"grve-structured-data\" itemprop=\"datePublished\" datetime=\"2026-02-06T13:57:08+01:00\">6. February 2026<\/time>\r\n\t\t\t<time class=\"grve-structured-data\" itemprop=\"dateModified\"  datetime=\"2026-03-26T18:16:34+01:00\">26. March 2026<\/time>\r\n\t\t\t<span class=\"grve-structured-data\" itemprop=\"mainEntityOfPage\" itemscope itemtype=\"http:\/\/schema.org\/WebPage\" itemid=\"https:\/\/www.qwien.at\/en\/events-archive\/exhibition-opening-united-by-queerness\/\"><\/span>\r\n\t\t<\/span>\r\n\t<\/div>\r\n\t\t<\/div>\r\n\t<\/article>\r\n\t\r\n\t<article class=\"post-12491 post type-post status-publish format-standard has-post-thumbnail hentry category-events-archive grve-entry-item grve-blog-item\" itemscope itemType=\"http:\/\/schema.org\/BlogPosting\">\r\n\t\t<div class=\"grve-isotope-item-inner\">\r\n\t\t\t<div class=\"grve-post-item grve-small-style-2 grve-format-standard\">\r\n\t<div class=\"grve-post-item-inner\">\r\n\t\t\t\t\t<a class=\"grve-item-url\" href=\"https:\/\/www.qwien.at\/en\/events-archive\/press-conference-united-by-queerness\/\" rel=\"bookmark\"><span class=\"screen-reader-text\">Press conference: United By Queerness<\/span><\/a>\r\n\r\n\t\t\r\n\t\t\t\t<div class=\"grve-post-content\">\r\n\t\t\t<h3 class=\"grve-post-title grve-heading-color grve-h4\" itemprop=\"headline\"><span>Press conference: United By Queerness<\/span><\/h3>\t\t\t\t\t\t<p>We invite you to the press conference and an exclusive preview of our new exhibition at Qwien!\n<\/p>\t\t\t\t\t<\/div>\r\n\t\t<a class=\"grve-read-more grve-link-text\" href=\"https:\/\/www.qwien.at\/en\/events-archive\/press-conference-united-by-queerness\/\"><span>Read more<\/span>\t\t\t\t<svg width=\"40px\" height=\"16px\" viewBox=\"0 0 40 16\">\r\n\t\t\t\t\t<polygon class=\"grve-arrow-line\" points=\"0 7 38 7 38 9 0 9\"><\/polygon>\r\n\t\t\t\t\t<polygon class=\"grve-arrow-point\" points=\"31.3481912 0 40 8 31.3481912 16 30 14.5816219 37.1 8 30 1.41837809\"><\/polygon>\r\n\t\t\t\t<\/svg>\r\n\t\t\t<\/a>\t<\/div>\r\n\t\t\t<span class=\"grve-hidden\">\r\n\t\t\t<span class=\"grve-structured-data\" itemprop=\"image\" itemscope itemtype=\"http:\/\/schema.org\/ImageObject\">\r\n\t\t\t   <span itemprop='url' >https:\/\/www.qwien.at\/wp-content\/uploads\/2026\/02\/Kacheln_Website_PK_1.png<\/span>\r\n\t\t\t   <span itemprop='height' >1120<\/span>\r\n\t\t\t   <span itemprop='width' >1494<\/span>\r\n\t\t\t<\/span>\r\n\t\t\t\t\t\t<span class=\"grve-structured-data\" itemprop=\"author\" itemscope itemtype=\"http:\/\/schema.org\/Person\">\r\n\t\t\t\t<span itemprop=\"name\">Qwien - Zentrum f\u00fcr queere Geschichte<\/span>\r\n\t\t\t<\/span>\r\n\t\t\t<span class=\"grve-structured-data\" itemprop=\"publisher\" itemscope itemtype=\"http:\/\/schema.org\/Organization\">\r\n\t\t\t\t<span itemprop='name'>Qwien - Zentrum f\u00fcr queere Geschichte<\/span>\r\n\t\t\t\t<span itemprop='logo' itemscope itemtype='http:\/\/schema.org\/ImageObject'>\r\n\t\t\t\t\t<span itemprop='url'>https:\/\/www.qwien.at\/wp-content\/uploads\/2026\/02\/Kacheln_Website_PK_1.png<\/span>\r\n\t\t\t\t<\/span>\r\n\t\t\t<\/span>\r\n\t\t\t\t\t\t<time class=\"grve-structured-data\" itemprop=\"datePublished\" datetime=\"2026-02-11T18:12:14+01:00\">11. February 2026<\/time>\r\n\t\t\t<time class=\"grve-structured-data\" itemprop=\"dateModified\"  datetime=\"2026-03-17T11:03:21+01:00\">17. March 2026<\/time>\r\n\t\t\t<span class=\"grve-structured-data\" itemprop=\"mainEntityOfPage\" itemscope itemtype=\"http:\/\/schema.org\/WebPage\" itemid=\"https:\/\/www.qwien.at\/en\/events-archive\/press-conference-united-by-queerness\/\"><\/span>\r\n\t\t<\/span>\r\n\t<\/div>\r\n\t\t<\/div>\r\n\t<\/article>\r\n\t\r\n\t<article class=\"post-12594 post type-post status-publish format-standard has-post-thumbnail hentry category-events-archive grve-entry-item grve-blog-item\" itemscope itemType=\"http:\/\/schema.org\/BlogPosting\">\r\n\t\t<div class=\"grve-isotope-item-inner\">\r\n\t\t\t<div class=\"grve-post-item grve-small-style-2 grve-format-standard\">\r\n\t<div class=\"grve-post-item-inner\">\r\n\t\t\t\t\t<a class=\"grve-item-url\" href=\"https:\/\/www.qwien.at\/en\/events-archive\/an-afternoon-with-hans-scheugl\/\" rel=\"bookmark\"><span class=\"screen-reader-text\">An afternoon with Hans Scheugl<\/span><\/a>\r\n\r\n\t\t\r\n\t\t\t\t<div class=\"grve-post-content\">\r\n\t\t\t<h3 class=\"grve-post-title grve-heading-color grve-h4\" itemprop=\"headline\"><span>An afternoon with Hans Scheugl<\/span><\/h3>\t\t\t\t\t\t<p>March 14, 2026, 4 p.m.\n<\/p>\t\t\t\t\t<\/div>\r\n\t\t<a class=\"grve-read-more grve-link-text\" href=\"https:\/\/www.qwien.at\/en\/events-archive\/an-afternoon-with-hans-scheugl\/\"><span>Read more<\/span>\t\t\t\t<svg width=\"40px\" height=\"16px\" viewBox=\"0 0 40 16\">\r\n\t\t\t\t\t<polygon class=\"grve-arrow-line\" points=\"0 7 38 7 38 9 0 9\"><\/polygon>\r\n\t\t\t\t\t<polygon class=\"grve-arrow-point\" points=\"31.3481912 0 40 8 31.3481912 16 30 14.5816219 37.1 8 30 1.41837809\"><\/polygon>\r\n\t\t\t\t<\/svg>\r\n\t\t\t<\/a>\t<\/div>\r\n\t\t\t<span class=\"grve-hidden\">\r\n\t\t\t<span class=\"grve-structured-data\" itemprop=\"image\" itemscope itemtype=\"http:\/\/schema.org\/ImageObject\">\r\n\t\t\t   <span itemprop='url' >https:\/\/www.qwien.at\/wp-content\/uploads\/2026\/02\/Kachel_Scheugl.png<\/span>\r\n\t\t\t   <span itemprop='height' >1120<\/span>\r\n\t\t\t   <span itemprop='width' >1494<\/span>\r\n\t\t\t<\/span>\r\n\t\t\t\t\t\t<span class=\"grve-structured-data\" itemprop=\"author\" itemscope itemtype=\"http:\/\/schema.org\/Person\">\r\n\t\t\t\t<span itemprop=\"name\">Qwien - Zentrum f\u00fcr queere Geschichte<\/span>\r\n\t\t\t<\/span>\r\n\t\t\t<span class=\"grve-structured-data\" itemprop=\"publisher\" itemscope itemtype=\"http:\/\/schema.org\/Organization\">\r\n\t\t\t\t<span itemprop='name'>Qwien - Zentrum f\u00fcr queere Geschichte<\/span>\r\n\t\t\t\t<span itemprop='logo' itemscope itemtype='http:\/\/schema.org\/ImageObject'>\r\n\t\t\t\t\t<span itemprop='url'>https:\/\/www.qwien.at\/wp-content\/uploads\/2026\/02\/Kachel_Scheugl.png<\/span>\r\n\t\t\t\t<\/span>\r\n\t\t\t<\/span>\r\n\t\t\t\t\t\t<time class=\"grve-structured-data\" itemprop=\"datePublished\" datetime=\"2026-02-15T17:24:16+01:00\">15. February 2026<\/time>\r\n\t\t\t<time class=\"grve-structured-data\" itemprop=\"dateModified\"  datetime=\"2026-03-17T11:03:15+01:00\">17. March 2026<\/time>\r\n\t\t\t<span class=\"grve-structured-data\" itemprop=\"mainEntityOfPage\" itemscope itemtype=\"http:\/\/schema.org\/WebPage\" itemid=\"https:\/\/www.qwien.at\/en\/events-archive\/an-afternoon-with-hans-scheugl\/\"><\/span>\r\n\t\t<\/span>\r\n\t<\/div>\r\n\t\t<\/div>\r\n\t<\/article>\r\n\t\r\n\t<article class=\"post-12628 post type-post status-publish format-standard has-post-thumbnail hentry category-events-archive grve-entry-item grve-blog-item\" itemscope itemType=\"http:\/\/schema.org\/BlogPosting\">\r\n\t\t<div class=\"grve-isotope-item-inner\">\r\n\t\t\t<div class=\"grve-post-item grve-small-style-2 grve-format-standard\">\r\n\t<div class=\"grve-post-item-inner\">\r\n\t\t\t\t\t<a class=\"grve-item-url\" href=\"https:\/\/www.qwien.at\/en\/events-archive\/in-duet-kunsthalle-wien-qwien\/\" rel=\"bookmark\"><span class=\"screen-reader-text\">In duet &#8211; Kunsthalle Wien &amp; Qwien<\/span><\/a>\r\n\r\n\t\t\r\n\t\t\t\t<div class=\"grve-post-content\">\r\n\t\t\t<h3 class=\"grve-post-title grve-heading-color grve-h4\" itemprop=\"headline\"><span>In duet &#8211; Kunsthalle Wien &amp; Qwien<\/span><\/h3>\t\t\t\t\t\t<p>February 26th, 2026, 5:30 p.m\n<\/p>\t\t\t\t\t<\/div>\r\n\t\t<a class=\"grve-read-more grve-link-text\" href=\"https:\/\/www.qwien.at\/en\/events-archive\/in-duet-kunsthalle-wien-qwien\/\"><span>Read more<\/span>\t\t\t\t<svg width=\"40px\" height=\"16px\" viewBox=\"0 0 40 16\">\r\n\t\t\t\t\t<polygon class=\"grve-arrow-line\" points=\"0 7 38 7 38 9 0 9\"><\/polygon>\r\n\t\t\t\t\t<polygon class=\"grve-arrow-point\" points=\"31.3481912 0 40 8 31.3481912 16 30 14.5816219 37.1 8 30 1.41837809\"><\/polygon>\r\n\t\t\t\t<\/svg>\r\n\t\t\t<\/a>\t<\/div>\r\n\t\t\t<span class=\"grve-hidden\">\r\n\t\t\t<span class=\"grve-structured-data\" itemprop=\"image\" itemscope itemtype=\"http:\/\/schema.org\/ImageObject\">\r\n\t\t\t   <span itemprop='url' >https:\/\/www.qwien.at\/wp-content\/uploads\/2026\/02\/Kacheln_Kunsthalle__1.png<\/span>\r\n\t\t\t   <span itemprop='height' >1120<\/span>\r\n\t\t\t   <span itemprop='width' >1494<\/span>\r\n\t\t\t<\/span>\r\n\t\t\t\t\t\t<span class=\"grve-structured-data\" itemprop=\"author\" itemscope itemtype=\"http:\/\/schema.org\/Person\">\r\n\t\t\t\t<span itemprop=\"name\">Qwien - Zentrum f\u00fcr queere Geschichte<\/span>\r\n\t\t\t<\/span>\r\n\t\t\t<span class=\"grve-structured-data\" itemprop=\"publisher\" itemscope itemtype=\"http:\/\/schema.org\/Organization\">\r\n\t\t\t\t<span itemprop='name'>Qwien - Zentrum f\u00fcr queere Geschichte<\/span>\r\n\t\t\t\t<span itemprop='logo' itemscope itemtype='http:\/\/schema.org\/ImageObject'>\r\n\t\t\t\t\t<span itemprop='url'>https:\/\/www.qwien.at\/wp-content\/uploads\/2026\/02\/Kacheln_Kunsthalle__1.png<\/span>\r\n\t\t\t\t<\/span>\r\n\t\t\t<\/span>\r\n\t\t\t\t\t\t<time class=\"grve-structured-data\" itemprop=\"datePublished\" datetime=\"2026-02-16T15:00:16+01:00\">16. February 2026<\/time>\r\n\t\t\t<time class=\"grve-structured-data\" itemprop=\"dateModified\"  datetime=\"2026-03-04T21:30:20+01:00\">4. March 2026<\/time>\r\n\t\t\t<span class=\"grve-structured-data\" itemprop=\"mainEntityOfPage\" itemscope itemtype=\"http:\/\/schema.org\/WebPage\" itemid=\"https:\/\/www.qwien.at\/en\/events-archive\/in-duet-kunsthalle-wien-qwien\/\"><\/span>\r\n\t\t<\/span>\r\n\t<\/div>\r\n\t\t<\/div>\r\n\t<\/article>\r\n\t\r\n\t<article class=\"post-12143 post type-post status-publish format-standard has-post-thumbnail hentry category-events-archive grve-entry-item grve-blog-item\" itemscope itemType=\"http:\/\/schema.org\/BlogPosting\">\r\n\t\t<div class=\"grve-isotope-item-inner\">\r\n\t\t\t<div class=\"grve-post-item grve-small-style-2 grve-format-standard\">\r\n\t<div class=\"grve-post-item-inner\">\r\n\t\t\t\t\t<a class=\"grve-item-url\" href=\"https:\/\/www.qwien.at\/en\/events-archive\/sean-hewitt-the-sky-opens-up\/\" rel=\"bookmark\"><span class=\"screen-reader-text\">Se\u00e1n Hewitt &#8211; The sky opens up<\/span><\/a>\r\n\r\n\t\t\r\n\t\t\t\t<div class=\"grve-post-content\">\r\n\t\t\t<h3 class=\"grve-post-title grve-heading-color grve-h4\" itemprop=\"headline\"><span>Se\u00e1n Hewitt &#8211; The sky opens up<\/span><\/h3>\t\t\t\t\t\t<p>February 21, 2026, 4 p.m.\n<\/p>\t\t\t\t\t<\/div>\r\n\t\t<a class=\"grve-read-more grve-link-text\" href=\"https:\/\/www.qwien.at\/en\/events-archive\/sean-hewitt-the-sky-opens-up\/\"><span>Read more<\/span>\t\t\t\t<svg width=\"40px\" height=\"16px\" viewBox=\"0 0 40 16\">\r\n\t\t\t\t\t<polygon class=\"grve-arrow-line\" points=\"0 7 38 7 38 9 0 9\"><\/polygon>\r\n\t\t\t\t\t<polygon class=\"grve-arrow-point\" points=\"31.3481912 0 40 8 31.3481912 16 30 14.5816219 37.1 8 30 1.41837809\"><\/polygon>\r\n\t\t\t\t<\/svg>\r\n\t\t\t<\/a>\t<\/div>\r\n\t\t\t<span class=\"grve-hidden\">\r\n\t\t\t<span class=\"grve-structured-data\" itemprop=\"image\" itemscope itemtype=\"http:\/\/schema.org\/ImageObject\">\r\n\t\t\t   <span itemprop='url' >https:\/\/www.qwien.at\/wp-content\/uploads\/2026\/01\/Kacheln_Website_sean_1.png<\/span>\r\n\t\t\t   <span itemprop='height' >1120<\/span>\r\n\t\t\t   <span itemprop='width' >1494<\/span>\r\n\t\t\t<\/span>\r\n\t\t\t\t\t\t<span class=\"grve-structured-data\" itemprop=\"author\" itemscope itemtype=\"http:\/\/schema.org\/Person\">\r\n\t\t\t\t<span itemprop=\"name\">Qwien - Zentrum f\u00fcr queere Geschichte<\/span>\r\n\t\t\t<\/span>\r\n\t\t\t<span class=\"grve-structured-data\" itemprop=\"publisher\" itemscope itemtype=\"http:\/\/schema.org\/Organization\">\r\n\t\t\t\t<span itemprop='name'>Qwien - Zentrum f\u00fcr queere Geschichte<\/span>\r\n\t\t\t\t<span itemprop='logo' itemscope itemtype='http:\/\/schema.org\/ImageObject'>\r\n\t\t\t\t\t<span itemprop='url'>https:\/\/www.qwien.at\/wp-content\/uploads\/2026\/01\/Kacheln_Website_sean_1.png<\/span>\r\n\t\t\t\t<\/span>\r\n\t\t\t<\/span>\r\n\t\t\t\t\t\t<time class=\"grve-structured-data\" itemprop=\"datePublished\" datetime=\"2026-01-19T16:08:53+01:00\">19. January 2026<\/time>\r\n\t\t\t<time class=\"grve-structured-data\" itemprop=\"dateModified\"  datetime=\"2026-02-23T10:02:44+01:00\">23. February 2026<\/time>\r\n\t\t\t<span class=\"grve-structured-data\" itemprop=\"mainEntityOfPage\" itemscope itemtype=\"http:\/\/schema.org\/WebPage\" itemid=\"https:\/\/www.qwien.at\/en\/events-archive\/sean-hewitt-the-sky-opens-up\/\"><\/span>\r\n\t\t<\/span>\r\n\t<\/div>\r\n\t\t<\/div>\r\n\t<\/article>\r\n\t\r\n\t<article class=\"post-12147 post type-post status-publish format-standard has-post-thumbnail hentry category-events-archive grve-entry-item grve-blog-item\" itemscope itemType=\"http:\/\/schema.org\/BlogPosting\">\r\n\t\t<div class=\"grve-isotope-item-inner\">\r\n\t\t\t<div class=\"grve-post-item grve-small-style-2 grve-format-standard\">\r\n\t<div class=\"grve-post-item-inner\">\r\n\t\t\t\t\t<a class=\"grve-item-url\" href=\"https:\/\/www.qwien.at\/en\/events-archive\/songcontest-special-mit-ryta-tale\/\" rel=\"bookmark\"><span class=\"screen-reader-text\">Songcontest-Special mit Ryta Tale<\/span><\/a>\r\n\r\n\t\t\r\n\t\t\t\t<div class=\"grve-post-content\">\r\n\t\t\t<h3 class=\"grve-post-title grve-heading-color grve-h4\" itemprop=\"headline\"><span>Songcontest-Special mit Ryta Tale<\/span><\/h3>\t\t\t\t\t\t<p>February 22, 2026, 5 p.m.\n<\/p>\t\t\t\t\t<\/div>\r\n\t\t<a class=\"grve-read-more grve-link-text\" href=\"https:\/\/www.qwien.at\/en\/events-archive\/songcontest-special-mit-ryta-tale\/\"><span>Read more<\/span>\t\t\t\t<svg width=\"40px\" height=\"16px\" viewBox=\"0 0 40 16\">\r\n\t\t\t\t\t<polygon class=\"grve-arrow-line\" points=\"0 7 38 7 38 9 0 9\"><\/polygon>\r\n\t\t\t\t\t<polygon class=\"grve-arrow-point\" points=\"31.3481912 0 40 8 31.3481912 16 30 14.5816219 37.1 8 30 1.41837809\"><\/polygon>\r\n\t\t\t\t<\/svg>\r\n\t\t\t<\/a>\t<\/div>\r\n\t\t\t<span class=\"grve-hidden\">\r\n\t\t\t<span class=\"grve-structured-data\" itemprop=\"image\" itemscope itemtype=\"http:\/\/schema.org\/ImageObject\">\r\n\t\t\t   <span itemprop='url' >https:\/\/www.qwien.at\/wp-content\/uploads\/2026\/01\/Kacheln_Website__5.png<\/span>\r\n\t\t\t   <span itemprop='height' >1120<\/span>\r\n\t\t\t   <span itemprop='width' >1494<\/span>\r\n\t\t\t<\/span>\r\n\t\t\t\t\t\t<span class=\"grve-structured-data\" itemprop=\"author\" itemscope itemtype=\"http:\/\/schema.org\/Person\">\r\n\t\t\t\t<span itemprop=\"name\">Qwien - Zentrum f\u00fcr queere Geschichte<\/span>\r\n\t\t\t<\/span>\r\n\t\t\t<span class=\"grve-structured-data\" itemprop=\"publisher\" itemscope itemtype=\"http:\/\/schema.org\/Organization\">\r\n\t\t\t\t<span itemprop='name'>Qwien - Zentrum f\u00fcr queere Geschichte<\/span>\r\n\t\t\t\t<span itemprop='logo' itemscope itemtype='http:\/\/schema.org\/ImageObject'>\r\n\t\t\t\t\t<span itemprop='url'>https:\/\/www.qwien.at\/wp-content\/uploads\/2026\/01\/Kacheln_Website__5.png<\/span>\r\n\t\t\t\t<\/span>\r\n\t\t\t<\/span>\r\n\t\t\t\t\t\t<time class=\"grve-structured-data\" itemprop=\"datePublished\" datetime=\"2026-01-19T15:28:50+01:00\">19. January 2026<\/time>\r\n\t\t\t<time class=\"grve-structured-data\" itemprop=\"dateModified\"  datetime=\"2026-02-23T10:02:35+01:00\">23. February 2026<\/time>\r\n\t\t\t<span class=\"grve-structured-data\" itemprop=\"mainEntityOfPage\" itemscope itemtype=\"http:\/\/schema.org\/WebPage\" itemid=\"https:\/\/www.qwien.at\/en\/events-archive\/songcontest-special-mit-ryta-tale\/\"><\/span>\r\n\t\t<\/span>\r\n\t<\/div>\r\n\t\t<\/div>\r\n\t<\/article>\r\n\t\t<\/div>\r\n<div class=\"grve-infinite-pagination\"><ul class='page-numbers'>\n\t<li><span aria-current=\"page\" class=\"page-numbers current\">1<\/span><\/li>\n\t<li><a class=\"page-numbers\" href=\"https:\/\/www.qwien.at\/en\/wp-json\/wp\/v2\/pages\/10662\/page\/2\/\">2<\/a><\/li>\n\t<li><a class=\"page-numbers\" href=\"https:\/\/www.qwien.at\/en\/wp-json\/wp\/v2\/pages\/10662\/page\/3\/\">3<\/a><\/li>\n\t<li><a class=\"page-numbers\" href=\"https:\/\/www.qwien.at\/en\/wp-json\/wp\/v2\/pages\/10662\/page\/4\/\">4<\/a><\/li>\n\t<li><a class=\"next page-numbers\" href=\"https:\/\/www.qwien.at\/en\/wp-json\/wp\/v2\/pages\/10662\/page\/2\/\"><svg width=\"40px\" height=\"16px\" viewBox=\"0 0 40 16\"><polygon class=\"grve-arrow-line\" points=\"0 7 38 7 38 9 0 9\"><\/polygon><polygon class=\"grve-arrow-point\" points=\"31.3481912 0 40 8 31.3481912 16 30 14.5816219 37.1 8 30 1.41837809\"><\/polygon><\/svg><\/a><\/li>\n<\/ul>\n<\/div><div class=\"grve-infinite-button-wrapper\">\r\n\t\t\t\t\t<div class=\"grve-infinite-button grve-link-text\">Load more<\/div>\r\n\t\t\t\t<\/div><\/div>\r\n[\/vc_column_inner][\/vc_row_inner][\/vc_column][\/vc_row][vc_row section_type=&#8221;container-width&#8221; padding_top_multiplier=&#8221;&#8221; padding_bottom_multiplier=&#8221;4x&#8221; rc_heading_color=&#8221;primary-2&#8243; rc_link_color=&#8221;primary-1&#8243; rc_link_hover_color=&#8221;primary-3&#8243; columns_gap=&#8221;60&#8243; rc_font_color=&#8221;#2D0045&#8243; section_id=&#8221;oeffnungszeiten&#8221; scroll_section_title=&#8221;Literatur&#8221;][vc_column]<h2 class=\"grve-element grve-title grve-align-inherit grve-h2\"><span>Literature archive<\/span><\/h2><div class=\"grve-element grve-divider\"><span class=\"grve-custom-divider grve-bg-primary-2 grve-align-center\" style=\"width: 100%;height: 1px;\"><\/span><\/div>[vc_row_inner padding_top_multiplier=&#8221;1x&#8221; padding_bottom_multiplier=&#8221;2x&#8221; columns_gap=&#8221;60&#8243;][vc_column_inner]<div data-display-style=\"infinite-scroll\" data-spinner=\"no\" data-columns-large-screen=\"1\" data-columns=\"1\" data-columns-tablet-landscape=\"1\" data-columns-tablet-portrait=\"1\" data-columns-mobile=\"1\" data-layout=\"fitRows\" data-animation=\"fade-in-up\" class=\"grve-element grve-blog grve-blog-small grve-isotope grve-with-gap show-portfolio-items\" id=\"el-1755180202242-40dd4a75-f89d\">\r\n\t<div class=\"grve-isotope-container\">\r\n\t\t<div class=\"grve-grid-sizer\"><\/div>\r\n\r\n\t<article class=\"post-10911 post type-post status-publish format-standard has-post-thumbnail hentry category-qwien-books category-literature-archive tag-community tag-geschichte tag-rezension grve-entry-item grve-blog-item\" itemscope itemType=\"http:\/\/schema.org\/BlogPosting\">\r\n\t\t<div class=\"grve-isotope-item-inner\">\r\n\t\t\t<div class=\"grve-post-item grve-small-style-2 grve-format-standard\">\r\n\t<div class=\"grve-post-item-inner\">\r\n\t\t\t\t\t<a class=\"grve-item-url\" href=\"https:\/\/www.qwien.at\/en\/qwien-books\/neue-geschichte-der-queeren-community\/\" rel=\"bookmark\"><span class=\"screen-reader-text\">Neue Geschichte der queeren Community<\/span><\/a>\r\n\r\n\t\t\r\n\t\t\t\t<div class=\"grve-post-content\">\r\n\t\t\t<h3 class=\"grve-post-title grve-heading-color grve-h4\" itemprop=\"headline\"><span>Neue Geschichte der queeren Community<\/span><\/h3>\t\t\t\t\t\t<p>In \u201eLGBTIQ* Communities. Lebenswelten und Diskurse seit 1970\u201c bietet Lukas Spenlingwimmer einen \u00dcberblick zu LGTIQ* Gemeinschaften seit den 1970er Jahren und ihre Entwicklung bis heute. Dabei bezieht er sich vor&hellip;<\/p>\t\t\t\t\t<\/div>\r\n\t\t<a class=\"grve-read-more grve-link-text\" href=\"https:\/\/www.qwien.at\/en\/qwien-books\/neue-geschichte-der-queeren-community\/\"><span>Read more<\/span>\t\t\t\t<svg width=\"40px\" height=\"16px\" viewBox=\"0 0 40 16\">\r\n\t\t\t\t\t<polygon class=\"grve-arrow-line\" points=\"0 7 38 7 38 9 0 9\"><\/polygon>\r\n\t\t\t\t\t<polygon class=\"grve-arrow-point\" points=\"31.3481912 0 40 8 31.3481912 16 30 14.5816219 37.1 8 30 1.41837809\"><\/polygon>\r\n\t\t\t\t<\/svg>\r\n\t\t\t<\/a>\t<\/div>\r\n\t\t\t<span class=\"grve-hidden\">\r\n\t\t\t<span class=\"grve-structured-data\" itemprop=\"image\" itemscope itemtype=\"http:\/\/schema.org\/ImageObject\">\r\n\t\t\t   <span itemprop='url' >https:\/\/www.qwien.at\/wp-content\/uploads\/2024\/11\/20241105153309505_0001-e1730826852964.jpg<\/span>\r\n\t\t\t   <span itemprop='height' >1748<\/span>\r\n\t\t\t   <span itemprop='width' >2480<\/span>\r\n\t\t\t<\/span>\r\n\t\t\t\t\t\t<span class=\"grve-structured-data\" itemprop=\"author\" itemscope itemtype=\"http:\/\/schema.org\/Person\">\r\n\t\t\t\t<span itemprop=\"name\">Qwien - Zentrum f\u00fcr queere Geschichte<\/span>\r\n\t\t\t<\/span>\r\n\t\t\t<span class=\"grve-structured-data\" itemprop=\"publisher\" itemscope itemtype=\"http:\/\/schema.org\/Organization\">\r\n\t\t\t\t<span itemprop='name'>Qwien - Zentrum f\u00fcr queere Geschichte<\/span>\r\n\t\t\t\t<span itemprop='logo' itemscope itemtype='http:\/\/schema.org\/ImageObject'>\r\n\t\t\t\t\t<span itemprop='url'>https:\/\/www.qwien.at\/wp-content\/uploads\/2024\/11\/20241105153309505_0001-e1730826852964.jpg<\/span>\r\n\t\t\t\t<\/span>\r\n\t\t\t<\/span>\r\n\t\t\t\t\t\t<time class=\"grve-structured-data\" itemprop=\"datePublished\" datetime=\"2025-07-15T21:37:18+02:00\">15. July 2025<\/time>\r\n\t\t\t<time class=\"grve-structured-data\" itemprop=\"dateModified\"  datetime=\"2025-07-15T21:37:18+02:00\">15. July 2025<\/time>\r\n\t\t\t<span class=\"grve-structured-data\" itemprop=\"mainEntityOfPage\" itemscope itemtype=\"http:\/\/schema.org\/WebPage\" itemid=\"https:\/\/www.qwien.at\/en\/qwien-books\/neue-geschichte-der-queeren-community\/\"><\/span>\r\n\t\t<\/span>\r\n\t<\/div>\r\n\t\t<\/div>\r\n\t<\/article>\r\n\t\r\n\t<article class=\"post-10913 post type-post status-publish format-standard has-post-thumbnail hentry category-qwien-books category-literature-archive grve-entry-item grve-blog-item\" itemscope itemType=\"http:\/\/schema.org\/BlogPosting\">\r\n\t\t<div class=\"grve-isotope-item-inner\">\r\n\t\t\t<div class=\"grve-post-item grve-small-style-2 grve-format-standard\">\r\n\t<div class=\"grve-post-item-inner\">\r\n\t\t\t\t\t<a class=\"grve-item-url\" href=\"https:\/\/www.qwien.at\/en\/qwien-books\/queerulieren-stoermomente-in-kunst-medien-und-wissenschaft\/\" rel=\"bookmark\"><span class=\"screen-reader-text\">Queerulieren. St\u00f6rmomente in Kunst, Medien und Wissenschaft<\/span><\/a>\r\n\r\n\t\t\r\n\t\t\t\t<div class=\"grve-post-content\">\r\n\t\t\t<h3 class=\"grve-post-title grve-heading-color grve-h4\" itemprop=\"headline\"><span>Queerulieren. St\u00f6rmomente in Kunst, Medien und Wissenschaft<\/span><\/h3>\t\t\t\t\t\t<p>Ein Sammelband mit f\u00fcnfzehn Essays zur subversiven Kraft des Queer-Begriffs, wenn man ihn nicht als Identit\u00e4tszuschreibung sondern als Handlungsmaxime versteht. Gelesen und f\u00fcr gut befunden von Tara Prochaska In dem&hellip;<\/p>\t\t\t\t\t<\/div>\r\n\t\t<a class=\"grve-read-more grve-link-text\" href=\"https:\/\/www.qwien.at\/en\/qwien-books\/queerulieren-stoermomente-in-kunst-medien-und-wissenschaft\/\"><span>Read more<\/span>\t\t\t\t<svg width=\"40px\" height=\"16px\" viewBox=\"0 0 40 16\">\r\n\t\t\t\t\t<polygon class=\"grve-arrow-line\" points=\"0 7 38 7 38 9 0 9\"><\/polygon>\r\n\t\t\t\t\t<polygon class=\"grve-arrow-point\" points=\"31.3481912 0 40 8 31.3481912 16 30 14.5816219 37.1 8 30 1.41837809\"><\/polygon>\r\n\t\t\t\t<\/svg>\r\n\t\t\t<\/a>\t<\/div>\r\n\t\t\t<span class=\"grve-hidden\">\r\n\t\t\t<span class=\"grve-structured-data\" itemprop=\"image\" itemscope itemtype=\"http:\/\/schema.org\/ImageObject\">\r\n\t\t\t   <span itemprop='url' >https:\/\/www.qwien.at\/wp-content\/uploads\/2024\/12\/queerulieren_Front.jpg<\/span>\r\n\t\t\t   <span itemprop='height' >642<\/span>\r\n\t\t\t   <span itemprop='width' >300<\/span>\r\n\t\t\t<\/span>\r\n\t\t\t\t\t\t<span class=\"grve-structured-data\" itemprop=\"author\" itemscope itemtype=\"http:\/\/schema.org\/Person\">\r\n\t\t\t\t<span itemprop=\"name\">Qwien - Zentrum f\u00fcr queere Geschichte<\/span>\r\n\t\t\t<\/span>\r\n\t\t\t<span class=\"grve-structured-data\" itemprop=\"publisher\" itemscope itemtype=\"http:\/\/schema.org\/Organization\">\r\n\t\t\t\t<span itemprop='name'>Qwien - Zentrum f\u00fcr queere Geschichte<\/span>\r\n\t\t\t\t<span itemprop='logo' itemscope itemtype='http:\/\/schema.org\/ImageObject'>\r\n\t\t\t\t\t<span itemprop='url'>https:\/\/www.qwien.at\/wp-content\/uploads\/2024\/12\/queerulieren_Front.jpg<\/span>\r\n\t\t\t\t<\/span>\r\n\t\t\t<\/span>\r\n\t\t\t\t\t\t<time class=\"grve-structured-data\" itemprop=\"datePublished\" datetime=\"2025-07-15T21:37:18+02:00\">15. July 2025<\/time>\r\n\t\t\t<time class=\"grve-structured-data\" itemprop=\"dateModified\"  datetime=\"2025-07-15T21:37:18+02:00\">15. July 2025<\/time>\r\n\t\t\t<span class=\"grve-structured-data\" itemprop=\"mainEntityOfPage\" itemscope itemtype=\"http:\/\/schema.org\/WebPage\" itemid=\"https:\/\/www.qwien.at\/en\/qwien-books\/queerulieren-stoermomente-in-kunst-medien-und-wissenschaft\/\"><\/span>\r\n\t\t<\/span>\r\n\t<\/div>\r\n\t\t<\/div>\r\n\t<\/article>\r\n\t\r\n\t<article class=\"post-10914 post type-post status-publish format-standard has-post-thumbnail hentry category-qwien-books category-literature-archive tag-geschichte tag-homosexualitaet tag-schweiz grve-entry-item grve-blog-item\" itemscope itemType=\"http:\/\/schema.org\/BlogPosting\">\r\n\t\t<div class=\"grve-isotope-item-inner\">\r\n\t\t\t<div class=\"grve-post-item grve-small-style-2 grve-format-standard\">\r\n\t<div class=\"grve-post-item-inner\">\r\n\t\t\t\t\t<a class=\"grve-item-url\" href=\"https:\/\/www.qwien.at\/en\/qwien-books\/der-urning-selbstbewusst-schwul-vor-1900\/\" rel=\"bookmark\"><span class=\"screen-reader-text\">DER URNING. SELBSTBEWUSST SCHWUL VOR 1900<\/span><\/a>\r\n\r\n\t\t\r\n\t\t\t\t<div class=\"grve-post-content\">\r\n\t\t\t<h3 class=\"grve-post-title grve-heading-color grve-h4\" itemprop=\"headline\"><span>DER URNING. SELBSTBEWUSST SCHWUL VOR 1900<\/span><\/h3>\t\t\t\t\t\t<p>Die Schweizer Historiker Philipp Hofstetter und Ren\u00e9 Hornung haben die Biografie von Jakob Rudolf Forster, einem Pionier der Schwulenbewegung, geschrieben und st\u00fctzen sich dabei auf mikrohistorische Analysen. Eine Rezension von&hellip;<\/p>\t\t\t\t\t<\/div>\r\n\t\t<a class=\"grve-read-more grve-link-text\" href=\"https:\/\/www.qwien.at\/en\/qwien-books\/der-urning-selbstbewusst-schwul-vor-1900\/\"><span>Read more<\/span>\t\t\t\t<svg width=\"40px\" height=\"16px\" viewBox=\"0 0 40 16\">\r\n\t\t\t\t\t<polygon class=\"grve-arrow-line\" points=\"0 7 38 7 38 9 0 9\"><\/polygon>\r\n\t\t\t\t\t<polygon class=\"grve-arrow-point\" points=\"31.3481912 0 40 8 31.3481912 16 30 14.5816219 37.1 8 30 1.41837809\"><\/polygon>\r\n\t\t\t\t<\/svg>\r\n\t\t\t<\/a>\t<\/div>\r\n\t\t\t<span class=\"grve-hidden\">\r\n\t\t\t<span class=\"grve-structured-data\" itemprop=\"image\" itemscope itemtype=\"http:\/\/schema.org\/ImageObject\">\r\n\t\t\t   <span itemprop='url' >https:\/\/www.qwien.at\/wp-content\/uploads\/2024\/12\/Urning_front.jpg<\/span>\r\n\t\t\t   <span itemprop='height' >412<\/span>\r\n\t\t\t   <span itemprop='width' >241<\/span>\r\n\t\t\t<\/span>\r\n\t\t\t\t\t\t<span class=\"grve-structured-data\" itemprop=\"author\" itemscope itemtype=\"http:\/\/schema.org\/Person\">\r\n\t\t\t\t<span itemprop=\"name\">Qwien - Zentrum f\u00fcr queere Geschichte<\/span>\r\n\t\t\t<\/span>\r\n\t\t\t<span class=\"grve-structured-data\" itemprop=\"publisher\" itemscope itemtype=\"http:\/\/schema.org\/Organization\">\r\n\t\t\t\t<span itemprop='name'>Qwien - Zentrum f\u00fcr queere Geschichte<\/span>\r\n\t\t\t\t<span itemprop='logo' itemscope itemtype='http:\/\/schema.org\/ImageObject'>\r\n\t\t\t\t\t<span itemprop='url'>https:\/\/www.qwien.at\/wp-content\/uploads\/2024\/12\/Urning_front.jpg<\/span>\r\n\t\t\t\t<\/span>\r\n\t\t\t<\/span>\r\n\t\t\t\t\t\t<time class=\"grve-structured-data\" itemprop=\"datePublished\" datetime=\"2025-07-15T21:37:18+02:00\">15. July 2025<\/time>\r\n\t\t\t<time class=\"grve-structured-data\" itemprop=\"dateModified\"  datetime=\"2025-07-15T21:37:18+02:00\">15. July 2025<\/time>\r\n\t\t\t<span class=\"grve-structured-data\" itemprop=\"mainEntityOfPage\" itemscope itemtype=\"http:\/\/schema.org\/WebPage\" itemid=\"https:\/\/www.qwien.at\/en\/qwien-books\/der-urning-selbstbewusst-schwul-vor-1900\/\"><\/span>\r\n\t\t<\/span>\r\n\t<\/div>\r\n\t\t<\/div>\r\n\t<\/article>\r\n\t\r\n\t<article class=\"post-10919 post type-post status-publish format-standard has-post-thumbnail hentry category-qwien-books category-literature-archive tag-geschichte tag-homosexualitaet tag-osteuropa tag-polen tag-rezension grve-entry-item grve-blog-item\" itemscope itemType=\"http:\/\/schema.org\/BlogPosting\">\r\n\t\t<div class=\"grve-isotope-item-inner\">\r\n\t\t\t<div class=\"grve-post-item grve-small-style-2 grve-format-standard\">\r\n\t<div class=\"grve-post-item-inner\">\r\n\t\t\t\t\t<a class=\"grve-item-url\" href=\"https:\/\/www.qwien.at\/en\/qwien-books\/ein-jahrbuch-feiert-jubilaeum\/\" rel=\"bookmark\"><span class=\"screen-reader-text\">Ein Jahrbuch feiert Jubil\u00e4um<\/span><\/a>\r\n\r\n\t\t\r\n\t\t\t\t<div class=\"grve-post-content\">\r\n\t\t\t<h3 class=\"grve-post-title grve-heading-color grve-h4\" itemprop=\"headline\"><span>Ein Jahrbuch feiert Jubil\u00e4um<\/span><\/h3>\t\t\t\t\t\t<p>Das Jahrbuch f\u00fcr die Geschichte der Homosexualit\u00e4ten Invertito feiert die 25. Ausgabe mit einem Schwerpunkt auf die queere Geschichte Osteuropas. Tara Prochaska bespricht die vielf\u00e4ltigen Beitr\u00e4ge. Mikrohistorische Beitr\u00e4ge Im ersten&hellip;<\/p>\t\t\t\t\t<\/div>\r\n\t\t<a class=\"grve-read-more grve-link-text\" href=\"https:\/\/www.qwien.at\/en\/qwien-books\/ein-jahrbuch-feiert-jubilaeum\/\"><span>Read more<\/span>\t\t\t\t<svg width=\"40px\" height=\"16px\" viewBox=\"0 0 40 16\">\r\n\t\t\t\t\t<polygon class=\"grve-arrow-line\" points=\"0 7 38 7 38 9 0 9\"><\/polygon>\r\n\t\t\t\t\t<polygon class=\"grve-arrow-point\" points=\"31.3481912 0 40 8 31.3481912 16 30 14.5816219 37.1 8 30 1.41837809\"><\/polygon>\r\n\t\t\t\t<\/svg>\r\n\t\t\t<\/a>\t<\/div>\r\n\t\t\t<span class=\"grve-hidden\">\r\n\t\t\t<span class=\"grve-structured-data\" itemprop=\"image\" itemscope itemtype=\"http:\/\/schema.org\/ImageObject\">\r\n\t\t\t   <span itemprop='url' >https:\/\/www.qwien.at\/wp-content\/uploads\/2025\/01\/COVER-Invertito-25-Ausschnitt.jpg<\/span>\r\n\t\t\t   <span itemprop='height' >667<\/span>\r\n\t\t\t   <span itemprop='width' >437<\/span>\r\n\t\t\t<\/span>\r\n\t\t\t\t\t\t<span class=\"grve-structured-data\" itemprop=\"author\" itemscope itemtype=\"http:\/\/schema.org\/Person\">\r\n\t\t\t\t<span itemprop=\"name\">Qwien - Zentrum f\u00fcr queere Geschichte<\/span>\r\n\t\t\t<\/span>\r\n\t\t\t<span class=\"grve-structured-data\" itemprop=\"publisher\" itemscope itemtype=\"http:\/\/schema.org\/Organization\">\r\n\t\t\t\t<span itemprop='name'>Qwien - Zentrum f\u00fcr queere Geschichte<\/span>\r\n\t\t\t\t<span itemprop='logo' itemscope itemtype='http:\/\/schema.org\/ImageObject'>\r\n\t\t\t\t\t<span itemprop='url'>https:\/\/www.qwien.at\/wp-content\/uploads\/2025\/01\/COVER-Invertito-25-Ausschnitt.jpg<\/span>\r\n\t\t\t\t<\/span>\r\n\t\t\t<\/span>\r\n\t\t\t\t\t\t<time class=\"grve-structured-data\" itemprop=\"datePublished\" datetime=\"2025-07-15T21:37:18+02:00\">15. July 2025<\/time>\r\n\t\t\t<time class=\"grve-structured-data\" itemprop=\"dateModified\"  datetime=\"2025-07-15T21:37:18+02:00\">15. July 2025<\/time>\r\n\t\t\t<span class=\"grve-structured-data\" itemprop=\"mainEntityOfPage\" itemscope itemtype=\"http:\/\/schema.org\/WebPage\" itemid=\"https:\/\/www.qwien.at\/en\/qwien-books\/ein-jahrbuch-feiert-jubilaeum\/\"><\/span>\r\n\t\t<\/span>\r\n\t<\/div>\r\n\t\t<\/div>\r\n\t<\/article>\r\n\t\r\n\t<article class=\"post-10979 post type-post status-publish format-standard has-post-thumbnail hentry category-qwien-books category-literature-archive grve-entry-item grve-blog-item\" itemscope itemType=\"http:\/\/schema.org\/BlogPosting\">\r\n\t\t<div class=\"grve-isotope-item-inner\">\r\n\t\t\t<div class=\"grve-post-item grve-small-style-2 grve-format-standard\">\r\n\t<div class=\"grve-post-item-inner\">\r\n\t\t\t\t\t<a class=\"grve-item-url\" href=\"https:\/\/www.qwien.at\/en\/qwien-books\/aether-8-queer-vienna-einblicke-in-ein-bewegungsarchiv\/\" rel=\"bookmark\"><span class=\"screen-reader-text\">\u00c6ther #8 &#8211; Queer Vienna: Einblicke in ein Bewegungsarchiv<\/span><\/a>\r\n\r\n\t\t\r\n\t\t\t\t<div class=\"grve-post-content\">\r\n\t\t\t<h3 class=\"grve-post-title grve-heading-color grve-h4\" itemprop=\"headline\"><span>\u00c6ther #8 &#8211; Queer Vienna: Einblicke in ein Bewegungsarchiv<\/span><\/h3>\t\t\t\t\t\t<p>Auch wenn Queerness und LGBTQIA+ Themen immer mehr in der Mainstreamgesellschaft Platz bekommen, sehen wir auch gleichzeitig mehr Politisierung und Bek\u00e4mpfung von Grundrechten, die seit Jahrzehnten eingefordert worden waren. so&hellip;<\/p>\t\t\t\t\t<\/div>\r\n\t\t<a class=\"grve-read-more grve-link-text\" href=\"https:\/\/www.qwien.at\/en\/qwien-books\/aether-8-queer-vienna-einblicke-in-ein-bewegungsarchiv\/\"><span>Read more<\/span>\t\t\t\t<svg width=\"40px\" height=\"16px\" viewBox=\"0 0 40 16\">\r\n\t\t\t\t\t<polygon class=\"grve-arrow-line\" points=\"0 7 38 7 38 9 0 9\"><\/polygon>\r\n\t\t\t\t\t<polygon class=\"grve-arrow-point\" points=\"31.3481912 0 40 8 31.3481912 16 30 14.5816219 37.1 8 30 1.41837809\"><\/polygon>\r\n\t\t\t\t<\/svg>\r\n\t\t\t<\/a>\t<\/div>\r\n\t\t\t<span class=\"grve-hidden\">\r\n\t\t\t<span class=\"grve-structured-data\" itemprop=\"image\" itemscope itemtype=\"http:\/\/schema.org\/ImageObject\">\r\n\t\t\t   <span itemprop='url' >https:\/\/www.qwien.at\/wp-content\/uploads\/2023\/04\/aether.png<\/span>\r\n\t\t\t   <span itemprop='height' >559<\/span>\r\n\t\t\t   <span itemprop='width' >795<\/span>\r\n\t\t\t<\/span>\r\n\t\t\t\t\t\t<span class=\"grve-structured-data\" itemprop=\"author\" itemscope itemtype=\"http:\/\/schema.org\/Person\">\r\n\t\t\t\t<span itemprop=\"name\">Qwien - Zentrum f\u00fcr queere Geschichte<\/span>\r\n\t\t\t<\/span>\r\n\t\t\t<span class=\"grve-structured-data\" itemprop=\"publisher\" itemscope itemtype=\"http:\/\/schema.org\/Organization\">\r\n\t\t\t\t<span itemprop='name'>Qwien - Zentrum f\u00fcr queere Geschichte<\/span>\r\n\t\t\t\t<span itemprop='logo' itemscope itemtype='http:\/\/schema.org\/ImageObject'>\r\n\t\t\t\t\t<span itemprop='url'>https:\/\/www.qwien.at\/wp-content\/uploads\/2023\/04\/aether.png<\/span>\r\n\t\t\t\t<\/span>\r\n\t\t\t<\/span>\r\n\t\t\t\t\t\t<time class=\"grve-structured-data\" itemprop=\"datePublished\" datetime=\"2025-07-15T21:37:16+02:00\">15. July 2025<\/time>\r\n\t\t\t<time class=\"grve-structured-data\" itemprop=\"dateModified\"  datetime=\"2025-07-15T21:37:16+02:00\">15. July 2025<\/time>\r\n\t\t\t<span class=\"grve-structured-data\" itemprop=\"mainEntityOfPage\" itemscope itemtype=\"http:\/\/schema.org\/WebPage\" itemid=\"https:\/\/www.qwien.at\/en\/qwien-books\/aether-8-queer-vienna-einblicke-in-ein-bewegungsarchiv\/\"><\/span>\r\n\t\t<\/span>\r\n\t<\/div>\r\n\t\t<\/div>\r\n\t<\/article>\r\n\t\r\n\t<article class=\"post-11005 post type-post status-publish format-standard has-post-thumbnail hentry category-qwien-books category-literature-archive tag-aids tag-elba tag-fotografie tag-hans-georg-berger tag-herve-guibert tag-hiv grve-entry-item grve-blog-item\" itemscope itemType=\"http:\/\/schema.org\/BlogPosting\">\r\n\t\t<div class=\"grve-isotope-item-inner\">\r\n\t\t\t<div class=\"grve-post-item grve-small-style-2 grve-format-standard\">\r\n\t<div class=\"grve-post-item-inner\">\r\n\t\t\t\t\t<a class=\"grve-item-url\" href=\"https:\/\/www.qwien.at\/en\/qwien-books\/zeugnis-einer-fotografischen-liebe\/\" rel=\"bookmark\"><span class=\"screen-reader-text\">Zeugnis einer fotografischen Liebe<\/span><\/a>\r\n\r\n\t\t\r\n\t\t\t\t<div class=\"grve-post-content\">\r\n\t\t\t<h3 class=\"grve-post-title grve-heading-color grve-h4\" itemprop=\"headline\"><span>Zeugnis einer fotografischen Liebe<\/span><\/h3>\t\t\t\t\t\t<p>Am 14. Dezember w\u00e4re der franz\u00f6sische Autor und Fotograf Herv\u00e9 Guibert 65 Jahre alt geworden. Um Guibert, der zu Lebzeiten mit seinen offensiven Aids-Romanen Aufsehen erregte, ist es schon lange&hellip;<\/p>\t\t\t\t\t<\/div>\r\n\t\t<a class=\"grve-read-more grve-link-text\" href=\"https:\/\/www.qwien.at\/en\/qwien-books\/zeugnis-einer-fotografischen-liebe\/\"><span>Read more<\/span>\t\t\t\t<svg width=\"40px\" height=\"16px\" viewBox=\"0 0 40 16\">\r\n\t\t\t\t\t<polygon class=\"grve-arrow-line\" points=\"0 7 38 7 38 9 0 9\"><\/polygon>\r\n\t\t\t\t\t<polygon class=\"grve-arrow-point\" points=\"31.3481912 0 40 8 31.3481912 16 30 14.5816219 37.1 8 30 1.41837809\"><\/polygon>\r\n\t\t\t\t<\/svg>\r\n\t\t\t<\/a>\t<\/div>\r\n\t\t\t<span class=\"grve-hidden\">\r\n\t\t\t<span class=\"grve-structured-data\" itemprop=\"image\" itemscope itemtype=\"http:\/\/schema.org\/ImageObject\">\r\n\t\t\t   <span itemprop='url' >https:\/\/www.qwien.at\/wp-content\/uploads\/2020\/12\/guibert_06.jpg<\/span>\r\n\t\t\t   <span itemprop='height' >900<\/span>\r\n\t\t\t   <span itemprop='width' >597<\/span>\r\n\t\t\t<\/span>\r\n\t\t\t\t\t\t<span class=\"grve-structured-data\" itemprop=\"author\" itemscope itemtype=\"http:\/\/schema.org\/Person\">\r\n\t\t\t\t<span itemprop=\"name\">Qwien - Zentrum f\u00fcr queere Geschichte<\/span>\r\n\t\t\t<\/span>\r\n\t\t\t<span class=\"grve-structured-data\" itemprop=\"publisher\" itemscope itemtype=\"http:\/\/schema.org\/Organization\">\r\n\t\t\t\t<span itemprop='name'>Qwien - Zentrum f\u00fcr queere Geschichte<\/span>\r\n\t\t\t\t<span itemprop='logo' itemscope itemtype='http:\/\/schema.org\/ImageObject'>\r\n\t\t\t\t\t<span itemprop='url'>https:\/\/www.qwien.at\/wp-content\/uploads\/2020\/12\/guibert_06.jpg<\/span>\r\n\t\t\t\t<\/span>\r\n\t\t\t<\/span>\r\n\t\t\t\t\t\t<time class=\"grve-structured-data\" itemprop=\"datePublished\" datetime=\"2025-07-15T21:37:14+02:00\">15. July 2025<\/time>\r\n\t\t\t<time class=\"grve-structured-data\" itemprop=\"dateModified\"  datetime=\"2025-07-15T21:37:14+02:00\">15. July 2025<\/time>\r\n\t\t\t<span class=\"grve-structured-data\" itemprop=\"mainEntityOfPage\" itemscope itemtype=\"http:\/\/schema.org\/WebPage\" itemid=\"https:\/\/www.qwien.at\/en\/qwien-books\/zeugnis-einer-fotografischen-liebe\/\"><\/span>\r\n\t\t<\/span>\r\n\t<\/div>\r\n\t\t<\/div>\r\n\t<\/article>\r\n\t\r\n\t<article class=\"post-11006 post type-post status-publish format-standard has-post-thumbnail hentry category-qwien-books category-literature-archive category-qwien grve-entry-item grve-blog-item\" itemscope itemType=\"http:\/\/schema.org\/BlogPosting\">\r\n\t\t<div class=\"grve-isotope-item-inner\">\r\n\t\t\t<div class=\"grve-post-item grve-small-style-2 grve-format-standard\">\r\n\t<div class=\"grve-post-item-inner\">\r\n\t\t\t\t\t<a class=\"grve-item-url\" href=\"https:\/\/www.qwien.at\/en\/qwien-books\/vieldeutiges-leben\/\" rel=\"bookmark\"><span class=\"screen-reader-text\">Vieldeutiges Leben<\/span><\/a>\r\n\r\n\t\t\r\n\t\t\t\t<div class=\"grve-post-content\">\r\n\t\t\t<h3 class=\"grve-post-title grve-heading-color grve-h4\" itemprop=\"headline\"><span>Vieldeutiges Leben<\/span><\/h3>\t\t\t\t\t\t<p>Was schreiben \u00fcber einen Roman, der allseits gelobt wurde, der von berufenen Literaturkritiker*innen schon in Bezug zu Didier Eribon und Eduard Louis, den schwulen Literaturstars aus Frankreich, gestellt wurde? Neben&hellip;<\/p>\t\t\t\t\t<\/div>\r\n\t\t<a class=\"grve-read-more grve-link-text\" href=\"https:\/\/www.qwien.at\/en\/qwien-books\/vieldeutiges-leben\/\"><span>Read more<\/span>\t\t\t\t<svg width=\"40px\" height=\"16px\" viewBox=\"0 0 40 16\">\r\n\t\t\t\t\t<polygon class=\"grve-arrow-line\" points=\"0 7 38 7 38 9 0 9\"><\/polygon>\r\n\t\t\t\t\t<polygon class=\"grve-arrow-point\" points=\"31.3481912 0 40 8 31.3481912 16 30 14.5816219 37.1 8 30 1.41837809\"><\/polygon>\r\n\t\t\t\t<\/svg>\r\n\t\t\t<\/a>\t<\/div>\r\n\t\t\t<span class=\"grve-hidden\">\r\n\t\t\t<span class=\"grve-structured-data\" itemprop=\"image\" itemscope itemtype=\"http:\/\/schema.org\/ImageObject\">\r\n\t\t\t   <span itemprop='url' >https:\/\/www.qwien.at\/wp-content\/uploads\/2020\/12\/Bauer_Cover-Detail.jpg<\/span>\r\n\t\t\t   <span itemprop='height' >1476<\/span>\r\n\t\t\t   <span itemprop='width' >1001<\/span>\r\n\t\t\t<\/span>\r\n\t\t\t\t\t\t<span class=\"grve-structured-data\" itemprop=\"author\" itemscope itemtype=\"http:\/\/schema.org\/Person\">\r\n\t\t\t\t<span itemprop=\"name\">Qwien - Zentrum f\u00fcr queere Geschichte<\/span>\r\n\t\t\t<\/span>\r\n\t\t\t<span class=\"grve-structured-data\" itemprop=\"publisher\" itemscope itemtype=\"http:\/\/schema.org\/Organization\">\r\n\t\t\t\t<span itemprop='name'>Qwien - Zentrum f\u00fcr queere Geschichte<\/span>\r\n\t\t\t\t<span itemprop='logo' itemscope itemtype='http:\/\/schema.org\/ImageObject'>\r\n\t\t\t\t\t<span itemprop='url'>https:\/\/www.qwien.at\/wp-content\/uploads\/2020\/12\/Bauer_Cover-Detail.jpg<\/span>\r\n\t\t\t\t<\/span>\r\n\t\t\t<\/span>\r\n\t\t\t\t\t\t<time class=\"grve-structured-data\" itemprop=\"datePublished\" datetime=\"2025-07-15T21:37:14+02:00\">15. July 2025<\/time>\r\n\t\t\t<time class=\"grve-structured-data\" itemprop=\"dateModified\"  datetime=\"2025-07-15T21:37:14+02:00\">15. July 2025<\/time>\r\n\t\t\t<span class=\"grve-structured-data\" itemprop=\"mainEntityOfPage\" itemscope itemtype=\"http:\/\/schema.org\/WebPage\" itemid=\"https:\/\/www.qwien.at\/en\/qwien-books\/vieldeutiges-leben\/\"><\/span>\r\n\t\t<\/span>\r\n\t<\/div>\r\n\t\t<\/div>\r\n\t<\/article>\r\n\t\r\n\t<article class=\"post-11008 post type-post status-publish format-standard has-post-thumbnail hentry category-qwien-books category-literature-archive tag-biografie tag-botho-laserstein tag-homophilenbewegung tag-paragraf-175 tag-sexualstrafrecht grve-entry-item grve-blog-item\" itemscope itemType=\"http:\/\/schema.org\/BlogPosting\">\r\n\t\t<div class=\"grve-isotope-item-inner\">\r\n\t\t\t<div class=\"grve-post-item grve-small-style-2 grve-format-standard\">\r\n\t<div class=\"grve-post-item-inner\">\r\n\t\t\t\t\t<a class=\"grve-item-url\" href=\"https:\/\/www.qwien.at\/en\/qwien-books\/widerspruechliches-leben\/\" rel=\"bookmark\"><span class=\"screen-reader-text\">Widerspr\u00fcchliches Leben<\/span><\/a>\r\n\r\n\t\t\r\n\t\t\t\t<div class=\"grve-post-content\">\r\n\t\t\t<h3 class=\"grve-post-title grve-heading-color grve-h4\" itemprop=\"headline\"><span>Widerspr\u00fcchliches Leben<\/span><\/h3>\t\t\t\t\t\t<p>Der Historiker Raimund Wolfert, der sich u.a. um die Erforschung unterschiedlicher Str\u00f6mungen der Homosexuellenbewegung gro\u00dfe Verdienste erworben hat, hat eine Biografie des deutschen Juristen Botho Laserstein geschrieben. Beim Lesen mancher&hellip;<\/p>\t\t\t\t\t<\/div>\r\n\t\t<a class=\"grve-read-more grve-link-text\" href=\"https:\/\/www.qwien.at\/en\/qwien-books\/widerspruechliches-leben\/\"><span>Read more<\/span>\t\t\t\t<svg width=\"40px\" height=\"16px\" viewBox=\"0 0 40 16\">\r\n\t\t\t\t\t<polygon class=\"grve-arrow-line\" points=\"0 7 38 7 38 9 0 9\"><\/polygon>\r\n\t\t\t\t\t<polygon class=\"grve-arrow-point\" points=\"31.3481912 0 40 8 31.3481912 16 30 14.5816219 37.1 8 30 1.41837809\"><\/polygon>\r\n\t\t\t\t<\/svg>\r\n\t\t\t<\/a>\t<\/div>\r\n\t\t\t<span class=\"grve-hidden\">\r\n\t\t\t<span class=\"grve-structured-data\" itemprop=\"image\" itemscope itemtype=\"http:\/\/schema.org\/ImageObject\">\r\n\t\t\t   <span itemprop='url' >https:\/\/www.qwien.at\/wp-content\/uploads\/2021\/01\/Laserstein_Cover-e1610120738247.jpg<\/span>\r\n\t\t\t   <span itemprop='height' >771<\/span>\r\n\t\t\t   <span itemprop='width' >642<\/span>\r\n\t\t\t<\/span>\r\n\t\t\t\t\t\t<span class=\"grve-structured-data\" itemprop=\"author\" itemscope itemtype=\"http:\/\/schema.org\/Person\">\r\n\t\t\t\t<span itemprop=\"name\">Qwien - Zentrum f\u00fcr queere Geschichte<\/span>\r\n\t\t\t<\/span>\r\n\t\t\t<span class=\"grve-structured-data\" itemprop=\"publisher\" itemscope itemtype=\"http:\/\/schema.org\/Organization\">\r\n\t\t\t\t<span itemprop='name'>Qwien - Zentrum f\u00fcr queere Geschichte<\/span>\r\n\t\t\t\t<span itemprop='logo' itemscope itemtype='http:\/\/schema.org\/ImageObject'>\r\n\t\t\t\t\t<span itemprop='url'>https:\/\/www.qwien.at\/wp-content\/uploads\/2021\/01\/Laserstein_Cover-e1610120738247.jpg<\/span>\r\n\t\t\t\t<\/span>\r\n\t\t\t<\/span>\r\n\t\t\t\t\t\t<time class=\"grve-structured-data\" itemprop=\"datePublished\" datetime=\"2025-07-15T21:37:14+02:00\">15. July 2025<\/time>\r\n\t\t\t<time class=\"grve-structured-data\" itemprop=\"dateModified\"  datetime=\"2025-07-15T21:37:14+02:00\">15. July 2025<\/time>\r\n\t\t\t<span class=\"grve-structured-data\" itemprop=\"mainEntityOfPage\" itemscope itemtype=\"http:\/\/schema.org\/WebPage\" itemid=\"https:\/\/www.qwien.at\/en\/qwien-books\/widerspruechliches-leben\/\"><\/span>\r\n\t\t<\/span>\r\n\t<\/div>\r\n\t\t<\/div>\r\n\t<\/article>\r\n\t\r\n\t<article class=\"post-11009 post type-post status-publish format-standard has-post-thumbnail hentry category-qwien-books category-literature-archive grve-entry-item grve-blog-item\" itemscope itemType=\"http:\/\/schema.org\/BlogPosting\">\r\n\t\t<div class=\"grve-isotope-item-inner\">\r\n\t\t\t<div class=\"grve-post-item grve-small-style-2 grve-format-standard\">\r\n\t<div class=\"grve-post-item-inner\">\r\n\t\t\t\t\t<a class=\"grve-item-url\" href=\"https:\/\/www.qwien.at\/en\/qwien-books\/historisches-lesefutter\/\" rel=\"bookmark\"><span class=\"screen-reader-text\">Historisches Lesefutter<\/span><\/a>\r\n\r\n\t\t\r\n\t\t\t\t<div class=\"grve-post-content\">\r\n\t\t\t<h3 class=\"grve-post-title grve-heading-color grve-h4\" itemprop=\"headline\"><span>Historisches Lesefutter<\/span><\/h3>\t\t\t\t\t\t<p>Der renommierte Medizinhistorischer Florian G. Mildenberger hat den ersten Teil einer historischen Romanbiografie \u00fcber einen fiktiven, schwulen Prinzen vorgelegt. Andreas Brunner hat Der letzte Schwan gelesen. Mitunter ist es ja&hellip;<\/p>\t\t\t\t\t<\/div>\r\n\t\t<a class=\"grve-read-more grve-link-text\" href=\"https:\/\/www.qwien.at\/en\/qwien-books\/historisches-lesefutter\/\"><span>Read more<\/span>\t\t\t\t<svg width=\"40px\" height=\"16px\" viewBox=\"0 0 40 16\">\r\n\t\t\t\t\t<polygon class=\"grve-arrow-line\" points=\"0 7 38 7 38 9 0 9\"><\/polygon>\r\n\t\t\t\t\t<polygon class=\"grve-arrow-point\" points=\"31.3481912 0 40 8 31.3481912 16 30 14.5816219 37.1 8 30 1.41837809\"><\/polygon>\r\n\t\t\t\t<\/svg>\r\n\t\t\t<\/a>\t<\/div>\r\n\t\t\t<span class=\"grve-hidden\">\r\n\t\t\t<span class=\"grve-structured-data\" itemprop=\"image\" itemscope itemtype=\"http:\/\/schema.org\/ImageObject\">\r\n\t\t\t   <span itemprop='url' >https:\/\/www.qwien.at\/wp-content\/uploads\/2021\/01\/Mildenberger_1_Ausschnitt.jpg<\/span>\r\n\t\t\t   <span itemprop='height' >1968<\/span>\r\n\t\t\t   <span itemprop='width' >1284<\/span>\r\n\t\t\t<\/span>\r\n\t\t\t\t\t\t<span class=\"grve-structured-data\" itemprop=\"author\" itemscope itemtype=\"http:\/\/schema.org\/Person\">\r\n\t\t\t\t<span itemprop=\"name\">Qwien - Zentrum f\u00fcr queere Geschichte<\/span>\r\n\t\t\t<\/span>\r\n\t\t\t<span class=\"grve-structured-data\" itemprop=\"publisher\" itemscope itemtype=\"http:\/\/schema.org\/Organization\">\r\n\t\t\t\t<span itemprop='name'>Qwien - Zentrum f\u00fcr queere Geschichte<\/span>\r\n\t\t\t\t<span itemprop='logo' itemscope itemtype='http:\/\/schema.org\/ImageObject'>\r\n\t\t\t\t\t<span itemprop='url'>https:\/\/www.qwien.at\/wp-content\/uploads\/2021\/01\/Mildenberger_1_Ausschnitt.jpg<\/span>\r\n\t\t\t\t<\/span>\r\n\t\t\t<\/span>\r\n\t\t\t\t\t\t<time class=\"grve-structured-data\" itemprop=\"datePublished\" datetime=\"2025-07-15T21:37:14+02:00\">15. July 2025<\/time>\r\n\t\t\t<time class=\"grve-structured-data\" itemprop=\"dateModified\"  datetime=\"2025-07-15T21:37:14+02:00\">15. July 2025<\/time>\r\n\t\t\t<span class=\"grve-structured-data\" itemprop=\"mainEntityOfPage\" itemscope itemtype=\"http:\/\/schema.org\/WebPage\" itemid=\"https:\/\/www.qwien.at\/en\/qwien-books\/historisches-lesefutter\/\"><\/span>\r\n\t\t<\/span>\r\n\t<\/div>\r\n\t\t<\/div>\r\n\t<\/article>\r\n\t\r\n\t<article class=\"post-11023 post type-post status-publish format-standard has-post-thumbnail hentry category-qwien-books category-literature-archive category-qwien tag-emigration tag-film tag-homosexualitaet grve-entry-item grve-blog-item\" itemscope itemType=\"http:\/\/schema.org\/BlogPosting\">\r\n\t\t<div class=\"grve-isotope-item-inner\">\r\n\t\t\t<div class=\"grve-post-item grve-small-style-2 grve-format-standard\">\r\n\t<div class=\"grve-post-item-inner\">\r\n\t\t\t\t\t<a class=\"grve-item-url\" href=\"https:\/\/www.qwien.at\/en\/qwien-books\/der-schoenste-mann-des-deutschen-films\/\" rel=\"bookmark\"><span class=\"screen-reader-text\">Der sch\u00f6nste Mann des deutschen Films<\/span><\/a>\r\n\r\n\t\t\r\n\t\t\t\t<div class=\"grve-post-content\">\r\n\t\t\t<h3 class=\"grve-post-title grve-heading-color grve-h4\" itemprop=\"headline\"><span>Der sch\u00f6nste Mann des deutschen Films<\/span><\/h3>\t\t\t\t\t\t<p>Das Filmarchiv Austria widmet dem Schauspieler Adolf Wohlbr\u00fcck eine umfassende Retrospektive und eine Publikation sp\u00fcrt dem Leben und seinem beeindruckenden filmischen Werk nach. Andreas Brunner hat das Buch gelesen und&hellip;<\/p>\t\t\t\t\t<\/div>\r\n\t\t<a class=\"grve-read-more grve-link-text\" href=\"https:\/\/www.qwien.at\/en\/qwien-books\/der-schoenste-mann-des-deutschen-films\/\"><span>Read more<\/span>\t\t\t\t<svg width=\"40px\" height=\"16px\" viewBox=\"0 0 40 16\">\r\n\t\t\t\t\t<polygon class=\"grve-arrow-line\" points=\"0 7 38 7 38 9 0 9\"><\/polygon>\r\n\t\t\t\t\t<polygon class=\"grve-arrow-point\" points=\"31.3481912 0 40 8 31.3481912 16 30 14.5816219 37.1 8 30 1.41837809\"><\/polygon>\r\n\t\t\t\t<\/svg>\r\n\t\t\t<\/a>\t<\/div>\r\n\t\t\t<span class=\"grve-hidden\">\r\n\t\t\t<span class=\"grve-structured-data\" itemprop=\"image\" itemscope itemtype=\"http:\/\/schema.org\/ImageObject\">\r\n\t\t\t   <span itemprop='url' >https:\/\/www.qwien.at\/wp-content\/uploads\/2021\/11\/Wohlbrueck-Ausschnitt-758x426-1.jpg<\/span>\r\n\t\t\t   <span itemprop='height' >758<\/span>\r\n\t\t\t   <span itemprop='width' >426<\/span>\r\n\t\t\t<\/span>\r\n\t\t\t\t\t\t<span class=\"grve-structured-data\" itemprop=\"author\" itemscope itemtype=\"http:\/\/schema.org\/Person\">\r\n\t\t\t\t<span itemprop=\"name\">Qwien - Zentrum f\u00fcr queere Geschichte<\/span>\r\n\t\t\t<\/span>\r\n\t\t\t<span class=\"grve-structured-data\" itemprop=\"publisher\" itemscope itemtype=\"http:\/\/schema.org\/Organization\">\r\n\t\t\t\t<span itemprop='name'>Qwien - Zentrum f\u00fcr queere Geschichte<\/span>\r\n\t\t\t\t<span itemprop='logo' itemscope itemtype='http:\/\/schema.org\/ImageObject'>\r\n\t\t\t\t\t<span itemprop='url'>https:\/\/www.qwien.at\/wp-content\/uploads\/2021\/11\/Wohlbrueck-Ausschnitt-758x426-1.jpg<\/span>\r\n\t\t\t\t<\/span>\r\n\t\t\t<\/span>\r\n\t\t\t\t\t\t<time class=\"grve-structured-data\" itemprop=\"datePublished\" datetime=\"2025-07-15T21:37:13+02:00\">15. July 2025<\/time>\r\n\t\t\t<time class=\"grve-structured-data\" itemprop=\"dateModified\"  datetime=\"2025-07-15T21:37:13+02:00\">15. July 2025<\/time>\r\n\t\t\t<span class=\"grve-structured-data\" itemprop=\"mainEntityOfPage\" itemscope itemtype=\"http:\/\/schema.org\/WebPage\" itemid=\"https:\/\/www.qwien.at\/en\/qwien-books\/der-schoenste-mann-des-deutschen-films\/\"><\/span>\r\n\t\t<\/span>\r\n\t<\/div>\r\n\t\t<\/div>\r\n\t<\/article>\r\n\t\t<\/div>\r\n<div class=\"grve-infinite-pagination\"><ul class='page-numbers'>\n\t<li><span aria-current=\"page\" class=\"page-numbers current\">1<\/span><\/li>\n\t<li><a class=\"page-numbers\" href=\"https:\/\/www.qwien.at\/en\/wp-json\/wp\/v2\/pages\/10662\/page\/2\/\">2<\/a><\/li>\n\t<li><a class=\"page-numbers\" href=\"https:\/\/www.qwien.at\/en\/wp-json\/wp\/v2\/pages\/10662\/page\/3\/\">3<\/a><\/li>\n\t<li><span class=\"page-numbers dots\">&hellip;<\/span><\/li>\n\t<li><a class=\"page-numbers\" href=\"https:\/\/www.qwien.at\/en\/wp-json\/wp\/v2\/pages\/10662\/page\/10\/\">10<\/a><\/li>\n\t<li><a class=\"next page-numbers\" href=\"https:\/\/www.qwien.at\/en\/wp-json\/wp\/v2\/pages\/10662\/page\/2\/\"><svg width=\"40px\" height=\"16px\" viewBox=\"0 0 40 16\"><polygon class=\"grve-arrow-line\" points=\"0 7 38 7 38 9 0 9\"><\/polygon><polygon class=\"grve-arrow-point\" points=\"31.3481912 0 40 8 31.3481912 16 30 14.5816219 37.1 8 30 1.41837809\"><\/polygon><\/svg><\/a><\/li>\n<\/ul>\n<\/div><div class=\"grve-infinite-page-load\">\r\n\t\t\t\t\t<div class=\"grve-loader-ellips\">\r\n\t\t\t\t\t\t<span class=\"grve-loader-ellips-dot\"><\/span>\r\n\t\t\t\t\t\t<span class=\"grve-loader-ellips-dot\"><\/span>\r\n\t\t\t\t\t\t<span class=\"grve-loader-ellips-dot\"><\/span>\r\n\t\t\t\t\t\t<span class=\"grve-loader-ellips-dot\"><\/span>\r\n\t\t\t\t\t<\/div>\r\n\t\t\t\t<\/div><\/div>\r\n[\/vc_column_inner][\/vc_row_inner][\/vc_column][\/vc_row]<\/p>\n<\/div>","protected":false},"excerpt":{"rendered":"<p>[vc_row section_type=&#8221;container-width&#8221; padding_top_multiplier=&#8221;2x&#8221; padding_bottom_multiplier=&#8221;4x&#8221; rc_heading_color=&#8221;primary-2&#8243; rc_link_color=&#8221;primary-1&#8243; rc_link_hover_color=&#8221;primary-3&#8243; columns_gap=&#8221;60&#8243; rc_font_color=&#8221;#2D0045&#8243; section_id=&#8221;oeffnungszeiten&#8221; scroll_section_title=&#8221;Ausstellungen &amp; Veranstaltungen&#8221;][vc_column][vc_row_inner padding_top_multiplier=&#8221;1x&#8221; padding_bottom_multiplier=&#8221;2x&#8221; columns_gap=&#8221;60&#8243;][vc_column_inner][\/vc_column_inner][\/vc_row_inner][\/vc_column][\/vc_row][vc_row section_type=&#8221;container-width&#8221; padding_top_multiplier=&#8221;&#8221; padding_bottom_multiplier=&#8221;4x&#8221; rc_heading_color=&#8221;primary-2&#8243; rc_link_color=&#8221;primary-1&#8243; rc_link_hover_color=&#8221;primary-3&#8243; columns_gap=&#8221;60&#8243; rc_font_color=&#8221;#2D0045&#8243; section_id=&#8221;oeffnungszeiten&#8221; scroll_section_title=&#8221;Literatur&#8221;][vc_column][vc_row_inner padding_top_multiplier=&#8221;1x&#8221; padding_bottom_multiplier=&#8221;2x&#8221; columns_gap=&#8221;60&#8243;][vc_column_inner][\/vc_column_inner][\/vc_row_inner][\/vc_column][\/vc_row]<\/p>\n","protected":false},"author":11,"featured_media":10128,"parent":0,"menu_order":0,"comment_status":"closed","ping_status":"closed","template":"page-templates\/template-section-nav.php","meta":{"_acf_changed":false,"footnotes":""},"class_list":["post-10662","page","type-page","status-publish","has-post-thumbnail","hentry","grve-entry-item"],"acf":[],"yoast_head":"<!-- This site is optimized with the Yoast SEO plugin v27.5 - https:\/\/yoast.com\/product\/yoast-seo-wordpress\/ -->\n<title>Qwien Archive - Exploring queer history<\/title>\n<meta name=\"description\" content=\"Qwien Archive: Collections on LGBTIQ+ history in Austria. Documents, photos, posters &amp; estates on the queer movement and Nazi persecution.\" \/>\n<meta name=\"robots\" content=\"index, follow, max-snippet:-1, max-image-preview:large, max-video-preview:-1\" \/>\n<link rel=\"canonical\" href=\"https:\/\/www.qwien.at\/en\/archive\/\" \/>\n<meta property=\"og:locale\" content=\"en_US\" \/>\n<meta property=\"og:type\" content=\"article\" \/>\n<meta property=\"og:title\" content=\"Qwien Archive - Exploring queer history\" \/>\n<meta property=\"og:description\" content=\"Qwien Archive: Collections on LGBTIQ+ history in Austria. Documents, photos, posters &amp; estates on the queer movement and Nazi persecution.\" \/>\n<meta property=\"og:url\" content=\"https:\/\/www.qwien.at\/en\/archive\/\" \/>\n<meta property=\"og:site_name\" content=\"Qwien - Zentrum f\u00fcr queere Geschichte\" \/>\n<meta property=\"article:modified_time\" content=\"2026-02-23T09:05:24+00:00\" \/>\n<meta property=\"og:image\" content=\"https:\/\/www.qwien.at\/wp-content\/uploads\/2025\/06\/seo-yoast-2.png\" \/>\n\t<meta property=\"og:image:width\" content=\"697\" \/>\n\t<meta property=\"og:image:height\" content=\"697\" \/>\n\t<meta property=\"og:image:type\" content=\"image\/png\" \/>\n<meta name=\"twitter:card\" content=\"summary_large_image\" \/>\n<meta name=\"twitter:label1\" content=\"Est. reading time\" \/>\n\t<meta name=\"twitter:data1\" content=\"1 minute\" \/>\n<script type=\"application\/ld+json\" class=\"yoast-schema-graph\">{\"@context\":\"https:\\\/\\\/schema.org\",\"@graph\":[{\"@type\":\"WebPage\",\"@id\":\"https:\\\/\\\/www.qwien.at\\\/en\\\/archive\\\/\",\"url\":\"https:\\\/\\\/www.qwien.at\\\/en\\\/archive\\\/\",\"name\":\"Qwien Archive - Exploring queer history\",\"isPartOf\":{\"@id\":\"https:\\\/\\\/www.qwien.at\\\/en\\\/#website\"},\"primaryImageOfPage\":{\"@id\":\"https:\\\/\\\/www.qwien.at\\\/en\\\/archive\\\/#primaryimage\"},\"image\":{\"@id\":\"https:\\\/\\\/www.qwien.at\\\/en\\\/archive\\\/#primaryimage\"},\"thumbnailUrl\":\"https:\\\/\\\/www.qwien.at\\\/wp-content\\\/uploads\\\/2025\\\/06\\\/seo-yoast-2.png\",\"datePublished\":\"2025-07-14T08:04:47+00:00\",\"dateModified\":\"2026-02-23T09:05:24+00:00\",\"description\":\"Qwien Archive: Collections on LGBTIQ+ history in Austria. Documents, photos, posters & estates on the queer movement and Nazi persecution.\",\"breadcrumb\":{\"@id\":\"https:\\\/\\\/www.qwien.at\\\/en\\\/archive\\\/#breadcrumb\"},\"inLanguage\":\"en-US\",\"potentialAction\":[{\"@type\":\"ReadAction\",\"target\":[\"https:\\\/\\\/www.qwien.at\\\/en\\\/archive\\\/\"]}]},{\"@type\":\"ImageObject\",\"inLanguage\":\"en-US\",\"@id\":\"https:\\\/\\\/www.qwien.at\\\/en\\\/archive\\\/#primaryimage\",\"url\":\"https:\\\/\\\/www.qwien.at\\\/wp-content\\\/uploads\\\/2025\\\/06\\\/seo-yoast-2.png\",\"contentUrl\":\"https:\\\/\\\/www.qwien.at\\\/wp-content\\\/uploads\\\/2025\\\/06\\\/seo-yoast-2.png\",\"width\":697,\"height\":697,\"caption\":\"Text graphic featuring the word \\\"Qwien\\\" in bold, dark letters on a bright pink background.\"},{\"@type\":\"BreadcrumbList\",\"@id\":\"https:\\\/\\\/www.qwien.at\\\/en\\\/archive\\\/#breadcrumb\",\"itemListElement\":[{\"@type\":\"ListItem\",\"position\":1,\"name\":\"Startseite\",\"item\":\"https:\\\/\\\/www.qwien.at\\\/en\\\/\"},{\"@type\":\"ListItem\",\"position\":2,\"name\":\"Archive\"}]},{\"@type\":\"WebSite\",\"@id\":\"https:\\\/\\\/www.qwien.at\\\/en\\\/#website\",\"url\":\"https:\\\/\\\/www.qwien.at\\\/en\\\/\",\"name\":\"Qwien - Zentrum f\u00fcr queere Geschichte\",\"description\":\"\",\"publisher\":{\"@id\":\"https:\\\/\\\/www.qwien.at\\\/en\\\/#organization\"},\"potentialAction\":[{\"@type\":\"SearchAction\",\"target\":{\"@type\":\"EntryPoint\",\"urlTemplate\":\"https:\\\/\\\/www.qwien.at\\\/en\\\/?s={search_term_string}\"},\"query-input\":{\"@type\":\"PropertyValueSpecification\",\"valueRequired\":true,\"valueName\":\"search_term_string\"}}],\"inLanguage\":\"en-US\"},{\"@type\":\"Organization\",\"@id\":\"https:\\\/\\\/www.qwien.at\\\/en\\\/#organization\",\"name\":\"Qwien\",\"url\":\"https:\\\/\\\/www.qwien.at\\\/en\\\/\",\"logo\":{\"@type\":\"ImageObject\",\"inLanguage\":\"en-US\",\"@id\":\"https:\\\/\\\/www.qwien.at\\\/en\\\/#\\\/schema\\\/logo\\\/image\\\/\",\"url\":\"https:\\\/\\\/www.qwien.at\\\/wp-content\\\/uploads\\\/2025\\\/06\\\/seo-yoast-2.png\",\"contentUrl\":\"https:\\\/\\\/www.qwien.at\\\/wp-content\\\/uploads\\\/2025\\\/06\\\/seo-yoast-2.png\",\"width\":697,\"height\":697,\"caption\":\"Qwien\"},\"image\":{\"@id\":\"https:\\\/\\\/www.qwien.at\\\/en\\\/#\\\/schema\\\/logo\\\/image\\\/\"},\"sameAs\":[\"https:\\\/\\\/www.instagram.com\\\/qwien.zentrum\\\/\"]}]}<\/script>\n<!-- \/ Yoast SEO plugin. -->","yoast_head_json":{"title":"Qwien Archive - Exploring queer history","description":"Qwien Archive: Collections on LGBTIQ+ history in Austria. Documents, photos, posters & estates on the queer movement and Nazi persecution.","robots":{"index":"index","follow":"follow","max-snippet":"max-snippet:-1","max-image-preview":"max-image-preview:large","max-video-preview":"max-video-preview:-1"},"canonical":"https:\/\/www.qwien.at\/en\/archive\/","og_locale":"en_US","og_type":"article","og_title":"Qwien Archive - Exploring queer history","og_description":"Qwien Archive: Collections on LGBTIQ+ history in Austria. Documents, photos, posters & estates on the queer movement and Nazi persecution.","og_url":"https:\/\/www.qwien.at\/en\/archive\/","og_site_name":"Qwien - Zentrum f\u00fcr queere Geschichte","article_modified_time":"2026-02-23T09:05:24+00:00","og_image":[{"width":697,"height":697,"url":"https:\/\/www.qwien.at\/wp-content\/uploads\/2025\/06\/seo-yoast-2.png","type":"image\/png"}],"twitter_card":"summary_large_image","twitter_misc":{"Est. reading time":"1 minute"},"schema":{"@context":"https:\/\/schema.org","@graph":[{"@type":"WebPage","@id":"https:\/\/www.qwien.at\/en\/archive\/","url":"https:\/\/www.qwien.at\/en\/archive\/","name":"Qwien Archive - Exploring queer history","isPartOf":{"@id":"https:\/\/www.qwien.at\/en\/#website"},"primaryImageOfPage":{"@id":"https:\/\/www.qwien.at\/en\/archive\/#primaryimage"},"image":{"@id":"https:\/\/www.qwien.at\/en\/archive\/#primaryimage"},"thumbnailUrl":"https:\/\/www.qwien.at\/wp-content\/uploads\/2025\/06\/seo-yoast-2.png","datePublished":"2025-07-14T08:04:47+00:00","dateModified":"2026-02-23T09:05:24+00:00","description":"Qwien Archive: Collections on LGBTIQ+ history in Austria. Documents, photos, posters & estates on the queer movement and Nazi persecution.","breadcrumb":{"@id":"https:\/\/www.qwien.at\/en\/archive\/#breadcrumb"},"inLanguage":"en-US","potentialAction":[{"@type":"ReadAction","target":["https:\/\/www.qwien.at\/en\/archive\/"]}]},{"@type":"ImageObject","inLanguage":"en-US","@id":"https:\/\/www.qwien.at\/en\/archive\/#primaryimage","url":"https:\/\/www.qwien.at\/wp-content\/uploads\/2025\/06\/seo-yoast-2.png","contentUrl":"https:\/\/www.qwien.at\/wp-content\/uploads\/2025\/06\/seo-yoast-2.png","width":697,"height":697,"caption":"Text graphic featuring the word \"Qwien\" in bold, dark letters on a bright pink background."},{"@type":"BreadcrumbList","@id":"https:\/\/www.qwien.at\/en\/archive\/#breadcrumb","itemListElement":[{"@type":"ListItem","position":1,"name":"Startseite","item":"https:\/\/www.qwien.at\/en\/"},{"@type":"ListItem","position":2,"name":"Archive"}]},{"@type":"WebSite","@id":"https:\/\/www.qwien.at\/en\/#website","url":"https:\/\/www.qwien.at\/en\/","name":"Qwien - Zentrum f\u00fcr queere Geschichte","description":"","publisher":{"@id":"https:\/\/www.qwien.at\/en\/#organization"},"potentialAction":[{"@type":"SearchAction","target":{"@type":"EntryPoint","urlTemplate":"https:\/\/www.qwien.at\/en\/?s={search_term_string}"},"query-input":{"@type":"PropertyValueSpecification","valueRequired":true,"valueName":"search_term_string"}}],"inLanguage":"en-US"},{"@type":"Organization","@id":"https:\/\/www.qwien.at\/en\/#organization","name":"Qwien","url":"https:\/\/www.qwien.at\/en\/","logo":{"@type":"ImageObject","inLanguage":"en-US","@id":"https:\/\/www.qwien.at\/en\/#\/schema\/logo\/image\/","url":"https:\/\/www.qwien.at\/wp-content\/uploads\/2025\/06\/seo-yoast-2.png","contentUrl":"https:\/\/www.qwien.at\/wp-content\/uploads\/2025\/06\/seo-yoast-2.png","width":697,"height":697,"caption":"Qwien"},"image":{"@id":"https:\/\/www.qwien.at\/en\/#\/schema\/logo\/image\/"},"sameAs":["https:\/\/www.instagram.com\/qwien.zentrum\/"]}]}},"_links":{"self":[{"href":"https:\/\/www.qwien.at\/en\/wp-json\/wp\/v2\/pages\/10662","targetHints":{"allow":["GET"]}}],"collection":[{"href":"https:\/\/www.qwien.at\/en\/wp-json\/wp\/v2\/pages"}],"about":[{"href":"https:\/\/www.qwien.at\/en\/wp-json\/wp\/v2\/types\/page"}],"author":[{"embeddable":true,"href":"https:\/\/www.qwien.at\/en\/wp-json\/wp\/v2\/users\/11"}],"replies":[{"embeddable":true,"href":"https:\/\/www.qwien.at\/en\/wp-json\/wp\/v2\/comments?post=10662"}],"version-history":[{"count":6,"href":"https:\/\/www.qwien.at\/en\/wp-json\/wp\/v2\/pages\/10662\/revisions"}],"predecessor-version":[{"id":12725,"href":"https:\/\/www.qwien.at\/en\/wp-json\/wp\/v2\/pages\/10662\/revisions\/12725"}],"wp:featuredmedia":[{"embeddable":true,"href":"https:\/\/www.qwien.at\/en\/wp-json\/wp\/v2\/media\/10128"}],"wp:attachment":[{"href":"https:\/\/www.qwien.at\/en\/wp-json\/wp\/v2\/media?parent=10662"}],"curies":[{"name":"wp","href":"https:\/\/api.w.org\/{rel}","templated":true}]}}