{"id":10714,"date":"2025-08-13T14:13:28","date_gmt":"2025-08-13T12:13:28","guid":{"rendered":"https:\/\/www.qwien.at\/collection\/"},"modified":"2025-10-24T18:57:13","modified_gmt":"2025-10-24T16:57:13","slug":"collection","status":"publish","type":"page","link":"https:\/\/www.qwien.at\/en\/collection\/","title":{"rendered":"Collection"},"content":{"rendered":"<div class=\"wpb-content-wrapper\"><p>[vc_row section_type=&#8221;container-width&#8221; padding_top_multiplier=&#8221;4x&#8221; padding_bottom_multiplier=&#8221;&#8221; rc_heading_color=&#8221;primary-2&#8243; rc_link_color=&#8221;primary-1&#8243; rc_link_hover_color=&#8221;primary-3&#8243; columns_gap=&#8221;60&#8243; rc_font_color=&#8221;#2D0045&#8243; scroll_section_title=&#8221;Library&#8221; section_id=&#8221;bibliothek&#8221;][vc_column]<h2 class=\"grve-element grve-title grve-align-inherit grve-h2\"><span>Library<\/span><\/h2><div class=\"grve-element grve-divider\"><span class=\"grve-custom-divider grve-bg-primary-2 grve-align-center\" style=\"width: 100%;height: 1px;\"><\/span><\/div>[vc_row_inner padding_top_multiplier=&#8221;1x&#8221; padding_bottom_multiplier=&#8221;1x&#8221; columns_gap=&#8221;60&#8243;][vc_column_inner width=&#8221;1\/2&#8243;]<h3 class=\"grve-element grve-title grve-align-inherit grve-h4\"><span>Opening hours<\/span><\/h3>[vc_column_text css=&#8221;&#8221;]Tue &#8211; Fri 10 am &#8211; 6 pm<br \/>\nThu 10 am &#8211; 8 pm[\/vc_column_text]<div class=\"grve-empty-space grve-height-1x\"><\/div>[vc_column_text css=&#8221;&#8221;]The Qwien library offers around 10,000 books and other publications on LGBTIQ* topics and queer content &#8211; from all subject areas, in a wide variety of publication formats, from all genres and literary genres. There are 20 reading places available in the reading room, 6 of which are equipped with PCs for catalog and database research as well as the use of digital holdings.<\/p>\n<p>The Qwien library is a reference library: the holdings can be used on site in the reading room, borrowing outside the library is not possible.<\/p>\n<p>The prerequisite for use is the completion of a user form on the first visit.[\/vc_column_text][\/vc_column_inner][vc_column_inner width=&#8221;1\/2&#8243;]<div class=\"grve-element grve-slider grve-layout-1\" style=\"margin-bottom: 15px;\">\r\n\t<div class=\"grve-carousel-wrapper\">\r\n\t\t\t<div class=\"grve-carousel-navigation grve-navigation-arrow-1\">\r\n\t\t<div class=\"grve-carousel-buttons\">\r\n\t\t\t<div class=\"grve-carousel-prev\"><div class=\"grve-svg-icon grve-direction-left grve-arrow-1 grve-svg-primary-2 grve-with-shape grve-circle grve-bg-primary-1\">\t\t\t<svg width=\"12px\" height=\"12px\" viewBox=\"0 0 12 12\">\r\n\t\t\t\t<polygon points=\"3.6 0 10 6 3.6 12 2 10.5 6.8 6 2 1.5\"><\/polygon>\r\n\t\t\t<\/svg>\r\n\t\t\t<\/div><\/div>\r\n\t\t\t<div class=\"grve-carousel-next\"><div class=\"grve-svg-icon grve-direction-right grve-arrow-1 grve-svg-primary-2 grve-with-shape grve-circle grve-bg-primary-1\">\t\t\t<svg width=\"12px\" height=\"12px\" viewBox=\"0 0 12 12\">\r\n\t\t\t\t<polygon points=\"3.6 0 10 6 3.6 12 2 10.5 6.8 6 2 1.5\"><\/polygon>\r\n\t\t\t<\/svg>\r\n\t\t\t<\/div><\/div>\r\n\t\t<\/div>\r\n\t<\/div>\r\n\t\t<div data-slider-autoplay=\"yes\" data-slider-loop=\"yes\" data-slider-speed=\"3000\" data-slider-pause=\"yes\" data-slider-transition=\"slide\" data-slider-autoheight=\"yes\" data-pagination=\"yes\" data-pagination-speed=\"400\" class=\"grve-slider-element\">\r\n\t\t\t<div class=\"grve-slider-item\">\r\n\t\t\t\t\r\n\r\n<div class=\"grve-image-wrapper grve-radius- grve-shadow- grve-no-effect\">\r\n\t\t<div class=\"grve-thumbnail-wrapper\"><div class=\"grve-thumbnail\"  style=\"padding-top: 71.406%;\"><img loading=\"lazy\" decoding=\"async\" width=\"1920\" height=\"1371\" src=\"https:\/\/www.qwien.at\/wp-content\/uploads\/2025\/08\/QWien__GH19602_fullres.jpg\" class=\"attachment-impeka-grve-fullscreen size-impeka-grve-fullscreen\" alt=\"Moderne Bibliothek mit Regalen voller B\u00fccher und mehreren Tischen zum Lesen und Arbeiten.\" data-lazyload=\"\" data-column-space=\"100\" data-grve-filter=\"yes\" srcset=\"https:\/\/www.qwien.at\/wp-content\/uploads\/2025\/08\/QWien__GH19602_fullres.jpg 1920w, https:\/\/www.qwien.at\/wp-content\/uploads\/2025\/08\/QWien__GH19602_fullres-300x214.jpg 300w, https:\/\/www.qwien.at\/wp-content\/uploads\/2025\/08\/QWien__GH19602_fullres-1024x731.jpg 1024w, https:\/\/www.qwien.at\/wp-content\/uploads\/2025\/08\/QWien__GH19602_fullres-768x548.jpg 768w, https:\/\/www.qwien.at\/wp-content\/uploads\/2025\/08\/QWien__GH19602_fullres-1536x1097.jpg 1536w\" sizes=\"auto, (max-width: 1920px) 100vw, 1920px\" \/><\/div><\/div>\t<\/div>\r\n\t\t\t<\/div>\r\n\t\t\t<div class=\"grve-slider-item\">\r\n\t\t\t\t\r\n\r\n<div class=\"grve-image-wrapper grve-radius- grve-shadow- grve-no-effect\">\r\n\t\t<div class=\"grve-thumbnail-wrapper\"><div class=\"grve-thumbnail\"  style=\"padding-top: 71.406%;\"><img loading=\"lazy\" decoding=\"async\" width=\"1920\" height=\"1371\" src=\"https:\/\/www.qwien.at\/wp-content\/uploads\/2025\/08\/QWien__GH19770_fullres.jpg\" class=\"attachment-impeka-grve-fullscreen size-impeka-grve-fullscreen\" alt=\"Heller Besprechungsraum mit einem gro\u00dfen Tisch, St\u00fchlen und B\u00fccherregalen.\" data-lazyload=\"\" data-column-space=\"100\" data-grve-filter=\"yes\" srcset=\"https:\/\/www.qwien.at\/wp-content\/uploads\/2025\/08\/QWien__GH19770_fullres.jpg 1920w, https:\/\/www.qwien.at\/wp-content\/uploads\/2025\/08\/QWien__GH19770_fullres-300x214.jpg 300w, https:\/\/www.qwien.at\/wp-content\/uploads\/2025\/08\/QWien__GH19770_fullres-1024x731.jpg 1024w, https:\/\/www.qwien.at\/wp-content\/uploads\/2025\/08\/QWien__GH19770_fullres-768x548.jpg 768w, https:\/\/www.qwien.at\/wp-content\/uploads\/2025\/08\/QWien__GH19770_fullres-1536x1097.jpg 1536w\" sizes=\"auto, (max-width: 1920px) 100vw, 1920px\" \/><\/div><\/div>\t<\/div>\r\n\t\t\t<\/div>\r\n\t\t\t<div class=\"grve-slider-item\">\r\n\t\t\t\t\r\n\r\n<div class=\"grve-image-wrapper grve-radius- grve-shadow- grve-no-effect\">\r\n\t\t<div class=\"grve-thumbnail-wrapper\"><div class=\"grve-thumbnail\"  style=\"padding-top: 71.406%;\"><img loading=\"lazy\" decoding=\"async\" width=\"1920\" height=\"1371\" src=\"https:\/\/www.qwien.at\/wp-content\/uploads\/2025\/08\/QWien_Bibliothek_GH19647_fullres.jpg\" class=\"attachment-impeka-grve-fullscreen size-impeka-grve-fullscreen\" alt=\"Moderne Bibliothek mit Regalen voller B\u00fccher, Tischen und Computern f\u00fcr Lernende.\" data-lazyload=\"\" data-column-space=\"100\" data-grve-filter=\"yes\" srcset=\"https:\/\/www.qwien.at\/wp-content\/uploads\/2025\/08\/QWien_Bibliothek_GH19647_fullres.jpg 1920w, https:\/\/www.qwien.at\/wp-content\/uploads\/2025\/08\/QWien_Bibliothek_GH19647_fullres-300x214.jpg 300w, https:\/\/www.qwien.at\/wp-content\/uploads\/2025\/08\/QWien_Bibliothek_GH19647_fullres-1024x731.jpg 1024w, https:\/\/www.qwien.at\/wp-content\/uploads\/2025\/08\/QWien_Bibliothek_GH19647_fullres-768x548.jpg 768w, https:\/\/www.qwien.at\/wp-content\/uploads\/2025\/08\/QWien_Bibliothek_GH19647_fullres-1536x1097.jpg 1536w\" sizes=\"auto, (max-width: 1920px) 100vw, 1920px\" \/><\/div><\/div>\t<\/div>\r\n\t\t\t<\/div>\r\n\t\t<\/div>\r\n\t<\/div>\r\n<\/div>\r\n[\/vc_column_inner][\/vc_row_inner][\/vc_column][\/vc_row][vc_row section_type=&#8221;container-width&#8221; padding_top_multiplier=&#8221;&#8221; padding_bottom_multiplier=&#8221;4x&#8221; rc_heading_color=&#8221;primary-2&#8243; rc_link_color=&#8221;primary-1&#8243; rc_link_hover_color=&#8221;primary-3&#8243; columns_gap=&#8221;60&#8243; rc_font_color=&#8221;#2D0045&#8243; section_id=&#8221;institutionelle-sammlungen-und-archive&#8221; scroll_section_title=&#8221;Stocks&#8221;][vc_column][vc_tta_accordion c_position=&#8221;right&#8221; active_section=&#8221;0&#8243; heading=&#8221;h4&#8243; accordion_go_top=&#8221;yes&#8221;][vc_tta_section title=&#8221;Stocks&#8221; tab_id=&#8221;1755089586424-1c45c1f3-59f6&#8243;][vc_row_inner][vc_column_inner width=&#8221;2\/3&#8243;][vc_column_text css=&#8221;&#8221;]One focus of the book collection is on queer history and academic research literature from various disciplines. In addition to history, these include sociology, political science, sexology, medicine, psychology, education, art history, literature, gender studies and philosophy. In addition, the library offers popular non-fiction books, experience reports or biographies as well as travel guides and guidebooks, reference works, exhibition catalogs, art books or photographic illustrated books, comics and graphic novels as well as novels, short stories or poetry. We also collect all kinds of books written by queer people, even if they are not thematically relevant.<\/p>\n<p>In addition, the collection has a special focus:<\/p>\n<ul>\n<li>Comprehensive research literature on the persecution of homosexuals under National Socialism<\/li>\n<li>Writings of the lesbian and gay movement, political pamphlets and gray literature<\/li>\n<li>Literature on transgender<\/li>\n<li>Queer and feminist theory<\/li>\n<li>Research and educational literature on HIV\/AIDS<\/li>\n<li>Diploma theses, dissertations and research reports<\/li>\n<li>A collection of older non-fiction and fiction on the subject of homosexuality from the 19th century to the 1960s<\/li>\n<li>Bibliophile rarities, signed books and dedication copies<\/li>\n<\/ul>\n<p>Over the course of more than 15 years, a diverse collection of books has been created, which continues to grow and now includes literature in almost 40 different languages. Numerous books have come to us through donations or the acquisition of archive holdings. Qwien&#8217;s library therefore also reflects the interests and lives of numerous people and the activities of various groups and associations. Many titles are not available in other Viennese libraries, some are even unique in Austria.<\/p>\n<p>We are always happy to receive book donations!<br \/>\n[\/vc_column_text][\/vc_column_inner][vc_column_inner width=&#8221;1\/3&#8243;][\/vc_column_inner][\/vc_row_inner][\/vc_tta_section][vc_tta_section title=&#8221;Magazine collection&#8221; tab_id=&#8221;1755089586478-15f1b7eb-20fd&#8221;][vc_row_inner][vc_column_inner width=&#8221;2\/3&#8243;][vc_column_text css=&#8221;&#8221;]Qwien is home to the most comprehensive collection of gay, lesbian and queer magazines in Austria. It includes magazines of the gay and lesbian movement as well as lifestyle, scene and pornographic magazines &#8211; in total around 25,000 individual issues of more than 700 different magazines from around 20 countries, in 25 different languages from 1951 to the present day. The constantly growing collection has also achieved its wide range through the acquisition of the magazine archives of HOSI Vienna and Bussi magazine as well as the collection of Erich Lifka.<\/p>\n<p>The journal collection is almost complete and can be searched via the library catalog.[\/vc_column_text][\/vc_column_inner][vc_column_inner width=&#8221;1\/3&#8243;][\/vc_column_inner][\/vc_row_inner][\/vc_tta_section][vc_tta_section title=&#8221;Research in the library catalog&#8221; tab_id=&#8221;1755089642489-28652c5c-b2fb&#8221;][vc_row_inner][vc_column_inner width=&#8221;2\/3&#8243;][vc_column_text css=&#8221;&#8221;]For practical reasons, the books are arranged on the shelves according to size and consecutive number. Thematic access and literature searches are carried out via the catalog, which is accessible at the workstation PCs in the reading room or online.<\/p>\n<p>The holdings can be searched online at <a href=\"http:\/\/katalog.qwien.at\" target=\"_blank\" rel=\"noopener\">http:\/\/katalog.qwien.at<\/a>. Data records for more than 10,000 library titles and around 25,000 individual issues of the journal collection are currently available.<br \/>\nYou can search for book titles, authors, publishers, book series or thematic keywords. The tables of contents of numerous books are also digitally recorded and can therefore also be searched. Finally, the catalog offers images of the book covers.<\/p>\n<p>The online catalog makes the library&#8217;s holdings accessible through two different search options: keyword searches in search fields and browsing in alphabetical lists.<\/p>\n<p>Three different search masks are available for <strong>keyword searches<\/strong>:<\/p>\n<ul>\n<li>Simple search: Quick search in all fields<\/li>\n<li>Advanced search: targeted and combinable search in predefined fields (e.g. persons, titles, keywords, year of publication)<\/li>\n<li>Search with field selection (search fields and combinations freely selectable)<\/li>\n<\/ul>\n<p>In all search fields, the asterisk functions as a placeholder that can be used at the beginning or end of the search term. This makes it possible to find all word forms or compounds that contain the search term.<\/p>\n<p>It is also possible to browse through the catalog using the alphabetical lists. Such index lists are available for the titles of works, persons, publishers, keywords, languages, etc.<\/p>\n<p>The above search options are also available for searching the journal collection. The shelfmarks of the journal collection always begin with the prefix &#8220;ZA&#8221;. This allows the catalog search to be restricted to the journal collection: in the simple search by entering the letter sequence &#8220;ZA&#8221; in addition to the search terms and in the search with field selection by additionally selecting the field &#8220;Signature&#8221; and entering the letter sequence &#8220;ZA&#8221; there.<\/p>\n<p>The catalog already contains master records for numerous journals with information on publication history, holdings and indexing or usage. The records for all individual issues of the journal available at Qwien are also linked here. Missing master data records are constantly being added and revised.<\/p>\n<p>Part of the journal collection is also available in digitized form, including all Austrian journals since the 1970s. The availability of a digital copy can be recognized by the entry &#8220;PDF file&#8221; in the field &#8220;Media type\/form&#8221; of the respective data record or by the corresponding note in the master data record of the journal. For legal reasons, most digital copies can only be used at the workstation PCs on site. Where this is possible and we have permission, the digital copies can also be accessed directly via the online catalog. The tables of contents for parts of the journal collection have also been digitized and are therefore accessible via the catalog search.<\/p>\n<p>We are constantly working to expand and improve our catalog. New titles are added on an ongoing basis, while existing data records are revised and completed. If anyone notices any incorrect or missing information, please let us know.<\/p>\n<p>The online publication of the catalog was made possible by a special grant from the City of Vienna&#8217;s Department of Culture (MA 7), Division for the Promotion of Science and Research.<br \/>\nThe continuation of the collection and the digitization of parts of the periodicals collection were made possible by a grant from the Federal Ministry of Arts, Culture, the Civil Service and Sport.<br \/>\n[\/vc_column_text][\/vc_column_inner][vc_column_inner width=&#8221;1\/3&#8243;][\/vc_column_inner][\/vc_row_inner][\/vc_tta_section][vc_tta_section title=&#8221;Regulations for use&#8221; tab_id=&#8221;1758132801580-5a8db583-09be&#8221;][vc_row_inner][vc_column_inner width=&#8221;2\/3&#8243;][vc_column_text css=&#8221;&#8221;]Info is coming.[\/vc_column_text][\/vc_column_inner][vc_column_inner width=&#8221;1\/3&#8243;][\/vc_column_inner][\/vc_row_inner][\/vc_tta_section][\/vc_tta_accordion][\/vc_column][\/vc_row][vc_row section_type=&#8221;container-width&#8221; padding_top_multiplier=&#8221;&#8221; padding_bottom_multiplier=&#8221;2x&#8221; rc_heading_color=&#8221;primary-2&#8243; rc_link_color=&#8221;primary-1&#8243; rc_link_hover_color=&#8221;primary-3&#8243; columns_gap=&#8221;60&#8243; rc_font_color=&#8221;#2D0045&#8243; scroll_section_title=&#8221;Archive&#8221; section_id=&#8221;archiv&#8221;][vc_column]<h2 class=\"grve-element grve-title grve-align-inherit grve-h2\"><span>Archive<\/span><\/h2><div class=\"grve-element grve-divider\"><span class=\"grve-custom-divider grve-bg-primary-2 grve-align-center\" style=\"width: 100%;height: 1px;\"><\/span><\/div>[vc_row_inner padding_top_multiplier=&#8221;1x&#8221; padding_bottom_multiplier=&#8221;2x&#8221; columns_gap=&#8221;60&#8243;][vc_column_inner width=&#8221;1\/2&#8243;][vc_column_text css=&#8221;&#8221;]The Qwien archive collects and preserves testimonies, documents and relics from the queer history of Vienna and Austria. It documents the life and culture of lesbians, gays, bisexuals, transgender, intersex and queer people as well as the history of their emancipation movements. As a collection and movement archive, Qwien makes a wide range of materials available for academic research.<\/p>\n<p>In addition to private collections, biographical documents and complete estates of individuals, it includes archives and holdings of queer institutions, groups and associations as well as materials on exhibitions and research projects.<\/p>\n<p>The archive also offers extensive collections of posters, photographs, films, audio documents, flyers, postcards, brochures, program booklets and flyers, newspaper clippings, digital sources as well as artefacts, works of art and objects.<\/p>\n<p>Large parts of the archive and collections have not yet been inventoried, but some of them have been indexed. The archive and collection holdings are accessible on request and, if necessary, after checking data protection and archive law restrictions. The following overview provides a selection of the holdings, the further indexing of which is ongoing.[\/vc_column_text][\/vc_column_inner][vc_column_inner width=&#8221;1\/2&#8243;]<div class=\"grve-element grve-slider grve-layout-1\" style=\"margin-bottom: 15px;\">\r\n\t<div class=\"grve-carousel-wrapper\">\r\n\t\t\t<div class=\"grve-carousel-navigation grve-navigation-arrow-1\">\r\n\t\t<div class=\"grve-carousel-buttons\">\r\n\t\t\t<div class=\"grve-carousel-prev\"><div class=\"grve-svg-icon grve-direction-left grve-arrow-1 grve-svg-primary-2 grve-with-shape grve-circle grve-bg-primary-1\">\t\t\t<svg width=\"12px\" height=\"12px\" viewBox=\"0 0 12 12\">\r\n\t\t\t\t<polygon points=\"3.6 0 10 6 3.6 12 2 10.5 6.8 6 2 1.5\"><\/polygon>\r\n\t\t\t<\/svg>\r\n\t\t\t<\/div><\/div>\r\n\t\t\t<div class=\"grve-carousel-next\"><div class=\"grve-svg-icon grve-direction-right grve-arrow-1 grve-svg-primary-2 grve-with-shape grve-circle grve-bg-primary-1\">\t\t\t<svg width=\"12px\" height=\"12px\" viewBox=\"0 0 12 12\">\r\n\t\t\t\t<polygon points=\"3.6 0 10 6 3.6 12 2 10.5 6.8 6 2 1.5\"><\/polygon>\r\n\t\t\t<\/svg>\r\n\t\t\t<\/div><\/div>\r\n\t\t<\/div>\r\n\t<\/div>\r\n\t\t<div data-slider-autoplay=\"yes\" data-slider-loop=\"yes\" data-slider-speed=\"3000\" data-slider-pause=\"yes\" data-slider-transition=\"slide\" data-slider-autoheight=\"yes\" data-pagination=\"yes\" data-pagination-speed=\"400\" class=\"grve-slider-element\">\r\n\t\t\t<div class=\"grve-slider-item\">\r\n\t\t\t\t\r\n\r\n<div class=\"grve-image-wrapper grve-radius- grve-shadow- grve-no-effect\">\r\n\t\t<div class=\"grve-thumbnail-wrapper\"><div class=\"grve-thumbnail\"  style=\"padding-top: 71.406%;\"><img loading=\"lazy\" decoding=\"async\" width=\"1920\" height=\"1371\" src=\"https:\/\/www.qwien.at\/wp-content\/uploads\/2025\/08\/QWien__GH19420_fullres.jpg\" class=\"attachment-impeka-grve-fullscreen size-impeka-grve-fullscreen\" alt=\"Kunstwerke und Archivboxen in einem modernen Ausstellungsraum, vielf\u00e4ltige Stile und Farben.\" data-lazyload=\"\" data-column-space=\"100\" data-grve-filter=\"yes\" srcset=\"https:\/\/www.qwien.at\/wp-content\/uploads\/2025\/08\/QWien__GH19420_fullres.jpg 1920w, https:\/\/www.qwien.at\/wp-content\/uploads\/2025\/08\/QWien__GH19420_fullres-300x214.jpg 300w, https:\/\/www.qwien.at\/wp-content\/uploads\/2025\/08\/QWien__GH19420_fullres-1024x731.jpg 1024w, https:\/\/www.qwien.at\/wp-content\/uploads\/2025\/08\/QWien__GH19420_fullres-768x548.jpg 768w, https:\/\/www.qwien.at\/wp-content\/uploads\/2025\/08\/QWien__GH19420_fullres-1536x1097.jpg 1536w\" sizes=\"auto, (max-width: 1920px) 100vw, 1920px\" \/><\/div><\/div>\t<\/div>\r\n\t\t\t<\/div>\r\n\t\t\t<div class=\"grve-slider-item\">\r\n\t\t\t\t\r\n\r\n<div class=\"grve-image-wrapper grve-radius- grve-shadow- grve-no-effect\">\r\n\t\t<div class=\"grve-thumbnail-wrapper\"><div class=\"grve-thumbnail\"  style=\"padding-top: 71.458%;\"><img loading=\"lazy\" decoding=\"async\" width=\"1920\" height=\"1372\" src=\"https:\/\/www.qwien.at\/wp-content\/uploads\/2025\/08\/QWien__GH193911-1920x1372.jpg\" class=\"attachment-impeka-grve-fullscreen size-impeka-grve-fullscreen\" alt=\"Image of a storage facility showcasing organized shelves filled with boxes and archival materials.\" data-lazyload=\"\" data-column-space=\"100\" data-grve-filter=\"yes\" srcset=\"https:\/\/www.qwien.at\/wp-content\/uploads\/2025\/08\/QWien__GH193911-1920x1372.jpg 1920w, https:\/\/www.qwien.at\/wp-content\/uploads\/2025\/08\/QWien__GH193911-300x214.jpg 300w, https:\/\/www.qwien.at\/wp-content\/uploads\/2025\/08\/QWien__GH193911-1024x732.jpg 1024w, https:\/\/www.qwien.at\/wp-content\/uploads\/2025\/08\/QWien__GH193911-768x549.jpg 768w, https:\/\/www.qwien.at\/wp-content\/uploads\/2025\/08\/QWien__GH193911-1536x1097.jpg 1536w\" sizes=\"auto, (max-width: 1920px) 100vw, 1920px\" \/><\/div><\/div>\t<\/div>\r\n\t\t\t<\/div>\r\n\t\t\t<div class=\"grve-slider-item\">\r\n\t\t\t\t\r\n\r\n<div class=\"grve-image-wrapper grve-radius- grve-shadow- grve-no-effect\">\r\n\t\t<div class=\"grve-thumbnail-wrapper\"><div class=\"grve-thumbnail\"  style=\"padding-top: 71.458%;\"><img loading=\"lazy\" decoding=\"async\" width=\"1920\" height=\"1372\" src=\"https:\/\/www.qwien.at\/wp-content\/uploads\/2025\/08\/QWien__GH19391_fullres-1920x1372.jpg\" class=\"attachment-impeka-grve-fullscreen size-impeka-grve-fullscreen\" alt=\"Modern art collection storage with organized shelves, artwork displays, and a central table.\" data-lazyload=\"\" data-column-space=\"100\" data-grve-filter=\"yes\" srcset=\"https:\/\/www.qwien.at\/wp-content\/uploads\/2025\/08\/QWien__GH19391_fullres-1920x1372.jpg 1920w, https:\/\/www.qwien.at\/wp-content\/uploads\/2025\/08\/QWien__GH19391_fullres-300x214.jpg 300w, https:\/\/www.qwien.at\/wp-content\/uploads\/2025\/08\/QWien__GH19391_fullres-1024x732.jpg 1024w, https:\/\/www.qwien.at\/wp-content\/uploads\/2025\/08\/QWien__GH19391_fullres-768x549.jpg 768w, https:\/\/www.qwien.at\/wp-content\/uploads\/2025\/08\/QWien__GH19391_fullres-1536x1097.jpg 1536w\" sizes=\"auto, (max-width: 1920px) 100vw, 1920px\" \/><\/div><\/div>\t<\/div>\r\n\t\t\t<\/div>\r\n\t\t<\/div>\r\n\t<\/div>\r\n<\/div>\r\n[\/vc_column_inner][\/vc_row_inner][\/vc_column][\/vc_row][vc_row section_type=&#8221;container-width&#8221; padding_top_multiplier=&#8221;&#8221; padding_bottom_multiplier=&#8221;4x&#8221; rc_heading_color=&#8221;primary-2&#8243; rc_link_color=&#8221;primary-1&#8243; rc_link_hover_color=&#8221;primary-3&#8243; columns_gap=&#8221;60&#8243; rc_font_color=&#8221;#2D0045&#8243; section_id=&#8221;institutionelle-sammlungen-und-archive&#8221; scroll_section_title=&#8221;Institutional collections and archives&#8221;][vc_column]<h3 class=\"grve-element grve-title grve-align-inherit grve-h3\"><span>Institutional collections and archives<\/span><\/h3><div class=\"grve-empty-space grve-height-1x\"><\/div>[vc_tta_accordion c_position=&#8221;right&#8221; active_section=&#8221;0&#8243; heading=&#8221;h4&#8243; accordion_go_top=&#8221;yes&#8221;][vc_tta_section title=&#8221;Archive of AIDS-Hilfe Vienna&#8221; tab_id=&#8221;1755089586424-1c45c1f3-59f6&#8243;][vc_row_inner][vc_column_inner width=&#8221;2\/3&#8243;][vc_column_text css=&#8221;&#8221;]Parts of the historical archive of AIDS-Hilfe Wien are kept at Qwien. The collection includes materials on the history of the institution from 1985 to 2010, the development of medical discourse, prevention campaigns and events, press materials, etc.<\/p>\n<p>The collection comprises around 100 archive boxes and is indexed in a provisional inventory.[\/vc_column_text][\/vc_column_inner][vc_column_inner width=&#8221;1\/3&#8243;][\/vc_column_inner][\/vc_row_inner][\/vc_tta_section][vc_tta_section title=&#8221;Archive of the Turquoise Pink Purple Villa&#8221; tab_id=&#8221;1755089586478-15f1b7eb-20fd&#8221;][vc_row_inner][vc_column_inner width=&#8221;2\/3&#8243;][vc_column_text css=&#8221;&#8221;]The historical archive contains materials on the history of the building since 1982, the general renovation (1987\/88), counselling activities, political campaigns, cultural work and cooperation with other organizations of the LGBTIQ* community.<\/p>\n<p>Size: more than 50 archive boxes.<br \/>\nThe collection is partially indexed but only accessible after a data protection check.[\/vc_column_text][\/vc_column_inner][vc_column_inner width=&#8221;1\/3&#8243;][\/vc_column_inner][\/vc_row_inner][\/vc_tta_section][vc_tta_section title=&#8221;Archive of the L\u00f6wenherz bookshop and the Berggasse cultural association&#8221; tab_id=&#8221;1755089642489-28652c5c-b2fb&#8221;][vc_row_inner][vc_column_inner width=&#8221;2\/3&#8243;][vc_column_text css=&#8221;&#8221;]Materials on the founding history of the L\u00f6wenherz bookshop, which opened in 1993, and on the cultural program of the affiliated Berggasse cultural association;<\/p>\n<p>6 archive boxes, indexed with a finding aid.[\/vc_column_text][\/vc_column_inner][vc_column_inner width=&#8221;1\/3&#8243;][\/vc_column_inner][\/vc_row_inner][\/vc_tta_section][vc_tta_section title=&#8221;Archive of the Leather and Motorbike Community (LMC Vienna)&#8221; tab_id=&#8221;1755089643729-efa3b355-c1f7&#8243;][vc_row_inner][vc_column_inner width=&#8221;2\/3&#8243;][vc_column_text css=&#8221;&#8221;]Materials on the club&#8217;s history since 1985, international contacts (EMCM, European Confederation of Motorcycle Clubs), HIV\/AIDS prevention work, event programs (&#8220;Vienna in Black&#8221;).<\/p>\n<p>The collection comprises 6 archive boxes and is indexed in a finding aid.[\/vc_column_text][\/vc_column_inner][vc_column_inner width=&#8221;1\/3&#8243;][\/vc_column_inner][\/vc_row_inner][\/vc_tta_section][vc_tta_section title=&#8221;Stock Ecce Homo&#8221; tab_id=&#8221;1755089644439-d50f342f-9334&#8243;][vc_row_inner][vc_column_inner width=&#8221;2\/3&#8243;][vc_column_text css=&#8221;&#8221;]Ecce Homo is the predecessor association of Qwien, which organized the queer cultural festival &#8220;Wien ist andersrum&#8221; (1996-2004) and the exhibition &#8220;Geheimsache:Leben&#8221; (2005).<\/p>\n<p>Scope: 20 archive boxes, indexed by an inventory.[\/vc_column_text][\/vc_column_inner][vc_column_inner width=&#8221;1\/3&#8243;][\/vc_column_inner][\/vc_row_inner][\/vc_tta_section][vc_tta_section title=&#8221;Homosexuality and the Church (HuK) or Homosexuality and Faith (HuG)&#8221; tab_id=&#8221;1755089645362-714b90a8-5da9&#8243;][vc_row_inner][vc_column_inner width=&#8221;2\/3&#8243;][vc_column_text css=&#8221;&#8221;]Size: 6 small archive boxes.[\/vc_column_text][\/vc_column_inner][vc_column_inner width=&#8221;1\/3&#8243;][\/vc_column_inner][\/vc_row_inner][\/vc_tta_section][vc_tta_section title=&#8221;Inventory Literary Agency Diana Voigt\/Andreas Brunner (1996-2009)&#8221; tab_id=&#8221;1755089645970-2b0475fe-1df8&#8243;][vc_row_inner][vc_column_inner width=&#8221;2\/3&#8243;][vc_column_text css=&#8221;&#8221;]Austria&#8217;s only literary agency that also represented queer authors.<\/p>\n<p>Scope: approx. 30 folders, not yet indexed.[\/vc_column_text][\/vc_column_inner][vc_column_inner width=&#8221;1\/3&#8243;][\/vc_column_inner][\/vc_row_inner][\/vc_tta_section][vc_tta_section title=&#8221;Stock of the Austrian Lesbian and Gay Forum (1995-2000)&#8221; tab_id=&#8221;1755089695194-e8923c28-19cb&#8221;][vc_row_inner][vc_column_inner width=&#8221;2\/3&#8243;][vc_column_text css=&#8221;&#8221;]approx. 5 boxes, indexed by an inventory.[\/vc_column_text][\/vc_column_inner][vc_column_inner width=&#8221;1\/3&#8243;][\/vc_column_inner][\/vc_row_inner][\/vc_tta_section][vc_tta_section title=&#8221;Stock Buddy Club&#8221; tab_id=&#8221;1755089707808-e09b9652-2c55&#8243;][vc_row_inner][vc_column_inner width=&#8221;2\/3&#8243;][vc_column_text css=&#8221;&#8221;]Materials of the self-help association founded in 1991 to support people with HIV\/AIDS;<\/p>\n<p>Scope: approx. 20 folders, not yet indexed.[\/vc_column_text][\/vc_column_inner][vc_column_inner width=&#8221;1\/3&#8243;][\/vc_column_inner][\/vc_row_inner][\/vc_tta_section][\/vc_tta_accordion]<div class=\"grve-empty-space grve-height-4x\"><\/div><div class=\"grve-element grve-divider\"><span class=\"grve-custom-divider grve-bg-primary-2 grve-align-center\" style=\"width: 100%;height: 1px;\"><\/span><\/div>[\/vc_column][\/vc_row][vc_row section_type=&#8221;container-width&#8221; padding_top_multiplier=&#8221;&#8221; padding_bottom_multiplier=&#8221;4x&#8221; rc_heading_color=&#8221;primary-2&#8243; rc_link_color=&#8221;primary-1&#8243; rc_link_hover_color=&#8221;primary-3&#8243; columns_gap=&#8221;60&#8243; rc_font_color=&#8221;#2D0045&#8243; section_id=&#8221;unterrichtsmaterialien&#8221; scroll_section_title=&#8221;Private collections and estates&#8221;][vc_column]<h3 class=\"grve-element grve-title grve-align-inherit grve-h3\"><span>Private collections and estates<\/span><\/h3><div class=\"grve-empty-space grve-height-1x\"><\/div>[vc_tta_accordion c_position=&#8221;right&#8221; active_section=&#8221;0&#8243; heading=&#8221;h4&#8243; accordion_go_top=&#8221;yes&#8221;][vc_tta_section title=&#8221;Hermes Phettberg&#8221; tab_id=&#8221;1755092233923-94b81e79-edc2&#8243;][vc_row_inner][vc_column_inner width=&#8221;2\/3&#8243;][vc_column_text css=&#8221;&#8221;]Partial estate of the writer, SM activist and entertainer Hermes Phettberg (Josef Fenz, 1952-2024) with materials on the &#8220;Gestionsprotokollen&#8221;, correspondence, testimonies and objects;<\/p>\n<p>Scope: 40 archive boxes, partially indexed.[\/vc_column_text][\/vc_column_inner][vc_column_inner width=&#8221;1\/3&#8243;][\/vc_column_inner][\/vc_row_inner][\/vc_tta_section][vc_tta_section title=&#8221;Ulrike Lunacek&#8221; tab_id=&#8221;1755092234088-735410ce-273f&#8221;][vc_row_inner][vc_column_inner width=&#8221;2\/3&#8243;][vc_column_text css=&#8221;&#8221;]Collection of the politician Ulrike Lunacek (born 1957) with biographical documents, material on queer political projects and her sporting activities, including a collection of medals;<\/p>\n<p>5 archive boxes, partially indexed by an inventory.[\/vc_column_text][\/vc_column_inner][vc_column_inner width=&#8221;1\/3&#8243;][\/vc_column_inner][\/vc_row_inner][\/vc_tta_section][vc_tta_section title=&#8221;Franz-Xaver Gugg&#8221; tab_id=&#8221;1755092309577-e0dc4434-3d87&#8243;][vc_row_inner][vc_column_inner width=&#8221;2\/3&#8243;][vc_column_text css=&#8221;&#8221;]Documents and private papers of the lawyer, activist and pioneer of the homosexual movement Franz-Xaver Gugg (1921-2003), after whom the HOSI Vienna clubhouse is named; 11 archive boxes, partially indexed.[\/vc_column_text][\/vc_column_inner][vc_column_inner width=&#8221;1\/3&#8243;][\/vc_column_inner][\/vc_row_inner][\/vc_tta_section][vc_tta_section title=&#8221;Erich Lifka&#8221; tab_id=&#8221;1755092234421-c31883ab-3c76&#8243;][vc_row_inner][vc_column_inner width=&#8221;2\/3&#8243;][vc_column_text css=&#8221;&#8221;]Partial estate of the writer and activist Erich Lifka (1924-2007). The collection includes around 70 of his &#8220;reading diaries&#8221; from the 1930s to around the year 2000, typescripts of his stories and translations for journals and magazines such as Amigo, Der Kreis, Der Weg, Him and Coq, as well as private documents;<\/p>\n<p>40 small archive boxes, indexed by inventory lists.[\/vc_column_text][\/vc_column_inner][vc_column_inner width=&#8221;1\/3&#8243;][\/vc_column_inner][\/vc_row_inner][\/vc_tta_section][vc_tta_section title=&#8221;Wolfgang Reder&#8221; tab_id=&#8221;1755092234590-34b6e773-ccc4&#8243;][vc_row_inner][vc_column_inner width=&#8221;2\/3&#8243;][vc_column_text css=&#8221;&#8221;]Estate of the activist and artist Wolfgang Reder (1946-2017) with personal documents, collections and collages. More than 70 folders plus hard disk, not yet indexed.[\/vc_column_text][\/vc_column_inner][vc_column_inner width=&#8221;1\/3&#8243;][\/vc_column_inner][\/vc_row_inner][\/vc_tta_section][vc_tta_section title=&#8221;G\u00fcnter Tolar&#8221; tab_id=&#8221;1755092234781-37ec3c32-230f&#8221;][vc_row_inner][vc_column_inner width=&#8221;2\/3&#8243;][vc_column_text css=&#8221;&#8221;]Collection of the television presenter, actor and activist G\u00fcnter Tolar (born 1939) with personal documents, correspondence or materials relating to his work for the &#8220;Positiv Leben&#8221; association; 2 archive boxes, indexed by an inventory.[\/vc_column_text][\/vc_column_inner][vc_column_inner width=&#8221;1\/3&#8243;][\/vc_column_inner][\/vc_row_inner][\/vc_tta_section][vc_tta_section title=&#8221;Andrzej Selerowicz and John Clark&#8221; tab_id=&#8221;1755092234974-7662d697-635a&#8221;][vc_row_inner][vc_column_inner width=&#8221;2\/3&#8243;][vc_column_text css=&#8221;&#8221;]The collection of the Polish-Austrian activist Andrzej Selerowicz (born 1948) contains materials on his activities in Eastern Europe (Eastern European Information Pool, EEIP Report 1982-1986). The collection of HOSI activist and ILGA General Secretary John Clark contains documents on the history of the ILGA in the 1990s. The documents on their participation in dance tournaments and on queer Jewish life in Vienna are shared. 3 archive boxes, partially indexed by an inventory.[\/vc_column_text][\/vc_column_inner][vc_column_inner width=&#8221;1\/3&#8243;][\/vc_column_inner][\/vc_row_inner][\/vc_tta_section][\/vc_tta_accordion]<div class=\"grve-empty-space grve-height-4x\"><\/div><div class=\"grve-element grve-divider\"><span class=\"grve-custom-divider grve-bg-primary-2 grve-align-center\" style=\"width: 100%;height: 1px;\"><\/span><\/div>[\/vc_column][\/vc_row][vc_row section_type=&#8221;container-width&#8221; padding_top_multiplier=&#8221;&#8221; padding_bottom_multiplier=&#8221;4x&#8221; rc_heading_color=&#8221;primary-2&#8243; rc_link_color=&#8221;primary-1&#8243; rc_link_hover_color=&#8221;primary-3&#8243; columns_gap=&#8221;60&#8243; rc_font_color=&#8221;#2D0045&#8243; section_id=&#8221;unterrichtsmaterialien&#8221; scroll_section_title=&#8221;Collections and holdings&#8221;][vc_column]<h3 class=\"grve-element grve-title grve-align-inherit grve-h3\"><span>Collections and holdings<\/span><\/h3><div class=\"grve-empty-space grve-height-1x\"><\/div>[vc_tta_accordion c_position=&#8221;right&#8221; active_section=&#8221;0&#8243; heading_tag=&#8221;h4&#8243; heading=&#8221;h4&#8243; accordion_go_top=&#8221;yes&#8221;][vc_tta_section title=&#8221;Poster collection&#8221; tab_id=&#8221;1755092599751-7d5957d0-627a&#8221;][vc_row_inner][vc_column_inner width=&#8221;2\/3&#8243;][vc_column_text css=&#8221;&#8221;]Qwien&#8217;s poster collection comprises more than 1,000 posters from the 1970s onwards, including posters for events, AIDS prevention campaigns, film and theater, posters for the Rainbow Parade and the Rainbow Ball, posters for organizations such as AIDS-Hilfe, T\u00fcrkis Rosa Lila Villa, LMC Vienna and many more.[\/vc_column_text][\/vc_column_inner][vc_column_inner width=&#8221;1\/3&#8243;][\/vc_column_inner][\/vc_row_inner][\/vc_tta_section][vc_tta_section title=&#8221;Photo archive&#8221; tab_id=&#8221;1755092599950-cfd4b1e1-8906&#8243;][vc_row_inner][vc_column_inner width=&#8221;2\/3&#8243;][vc_column_text css=&#8221;&#8221;]The photo archive includes private photo collections such as those of Johann Graf (activist of the association &#8220;Wiener Runde&#8221; &#8211; B\u00e4renclub) or professional photographers such as Anthony Gayton, the E. J. collection, photos from numerous rainbow parades and events of community groups, photos from the collection of the T\u00fcrkis Rosa Lila Villa and HOSI Vienna. The photo collection is only partially indexed and only accessible by appointment or after clarification of copyrights.[\/vc_column_text][\/vc_column_inner][vc_column_inner width=&#8221;1\/3&#8243;][\/vc_column_inner][\/vc_row_inner][\/vc_tta_section][vc_tta_section title=&#8221;Film, video, and audio&#8221; tab_id=&#8221;1755092600171-a04d21fa-11fd&#8221;][vc_row_inner][vc_column_inner width=&#8221;2\/3&#8243;][vc_column_text css=&#8221;&#8221;]The extensive collection of VHS cassettes and DVDs, tape cassettes, records and CDs has only been partially indexed to date. Around 700 videos from private collections (including numerous home video recordings of television programmes) have been digitized as working copies. A large number of feature and documentary films, TV series and pornographic films are available for research purposes on VHS or DVD, music recordings and other sound documents on CD, vinyl or tape cassette.[\/vc_column_text][\/vc_column_inner][vc_column_inner width=&#8221;1\/3&#8243;][\/vc_column_inner][\/vc_row_inner][\/vc_tta_section][vc_tta_section title=&#8221;Newspaper clippings&#8221; tab_id=&#8221;1755092600414-1a0f3002-7348&#8243;][vc_row_inner][vc_column_inner width=&#8221;2\/3&#8243;][vc_column_text css=&#8221;&#8221;]A comprehensive and constantly expanding collection of 64 boxes of newspaper cuttings from the 1970s to the present day has so far only been arranged chronologically by year, but not thematically. The collection also includes a collection of APA press releases and newspaper clippings by HOSI activist Kurt Krickler (11 boxes), a collection of newspaper clippings on lesbian issues by HOSI activist Waltraud Riegler (18 folders) and a collection of newspaper clippings by political scientist and HOSI activist Gudrun Hauer.[\/vc_column_text][\/vc_column_inner][vc_column_inner width=&#8221;1\/3&#8243;][\/vc_column_inner][\/vc_row_inner][\/vc_tta_section][vc_tta_section title=&#8221;Archive of the Austrian League for Human Rights&#8221; tab_id=&#8221;1755092600642-9430823e-bca0&#8243;][vc_row_inner][vc_column_inner width=&#8221;2\/3&#8243;][vc_column_text css=&#8221;&#8221;]Founded in 1926, the Austrian League for Human Rights (\u00d6LfM) is the oldest human rights organization in Austria. After its dissolution in 1938, it was re-founded in 1945 and has since been dedicated to a variety of human rights policy issues and initiatives.<\/p>\n<p>As early as the 1930s and again from the late 1940s, the \u00d6LfM also advocated the decriminalization and removal of taboos surrounding homosexuality. Its extensive archive (around 280 boxes) documents this commitment as well as all other areas of activity of the \u00d6LfM, making it a first-class source on Austrian legal, political, social and educational history after 1945. In 2017, the \u00d6LfM handed over its archive to Qwien on permanent loan. Here it was archivally processed, indexed in a separate database and made accessible for academic research. For reasons of data protection and archival law, the archive database is only accessible on site after prior registration and declaration of specific research interest.[\/vc_column_text][\/vc_column_inner][vc_column_inner width=&#8221;1\/3&#8243;][\/vc_column_inner][\/vc_row_inner][\/vc_tta_section][vc_tta_section title=&#8221;Objects and art&#8221; tab_id=&#8221;1755092888862-cee9e200-a58a&#8221;][vc_row_inner padding_top_multiplier=&#8221;1x&#8221; padding_bottom_multiplier=&#8221;2x&#8221; columns_gap=&#8221;60&#8243;][vc_column_inner width=&#8221;2\/3&#8243;][vc_column_text css=&#8221;&#8221;]The Qwien collection also includes a wide variety of objects relating to queer history. These include works of art (graphics, paintings, photographs, sculptures), pins, buttons and badges, furnishings, local signs, T-shirts, banners and demo posters, costumes, memorabilia and artifacts of queer life and activism.[\/vc_column_text][\/vc_column_inner][vc_column_inner width=&#8221;1\/3&#8243;][\/vc_column_inner][\/vc_row_inner][\/vc_tta_section][vc_tta_section title=&#8221;Object of the month&#8221; tab_id=&#8221;1755092928098-e7efe70a-2e32&#8243;][vc_row_inner padding_top_multiplier=&#8221;1x&#8221; padding_bottom_multiplier=&#8221;2x&#8221; columns_gap=&#8221;60&#8243;][vc_column_inner]<div data-display-style=\"load-more\" data-spinner=\"no\" data-columns-large-screen=\"1\" data-columns=\"1\" data-columns-tablet-landscape=\"1\" data-columns-tablet-portrait=\"1\" data-columns-mobile=\"1\" data-layout=\"fitRows\" data-animation=\"fade-in-up\" class=\"grve-element grve-blog grve-blog-small grve-isotope grve-with-gap\" id=\"el-1755092601521-3ea63ecc-942b\">\r\n\t<div class=\"grve-isotope-container\">\r\n\t\t<div class=\"grve-grid-sizer\"><\/div>\r\n\r\n\t<article class=\"post-10942 post type-post status-publish format-standard has-post-thumbnail hentry category-find-of-the-month category-webarchive grve-entry-item grve-blog-item\" itemscope itemType=\"http:\/\/schema.org\/BlogPosting\">\r\n\t\t<div class=\"grve-isotope-item-inner\">\r\n\t\t\t<div class=\"grve-post-item grve-small-style-2 grve-format-standard\">\r\n\t<div class=\"grve-post-item-inner\">\r\n\t\t\t\t\t<a class=\"grve-item-url\" href=\"https:\/\/www.qwien.at\/en\/find-of-the-month\/fundstuck-des-monats-februar\/\" rel=\"bookmark\"><span class=\"screen-reader-text\">Fundst\u00fcck des Monats Februar<\/span><\/a>\r\n\r\n\t\t\r\n\t\t\t\t<div class=\"grve-post-content\">\r\n\t\t\t<h5 class=\"grve-post-title grve-heading-color grve-h4\" itemprop=\"headline\"><span>Fundst\u00fcck des Monats Februar<\/span><\/h5>\t\t\t\t\t\t<p>Das Fundst\u00fcck des Monats Februar ist ein Plakat der \u00d6sterreichischen AIDS Hilfe aus dem Jahr 1988. Es ist eines von sechs Motiven der allerersten\u00a0von\u00a0Peter Baumann fotografierten Pr\u00e4ventionskampagne der \u00d6sterreichischen Aidshilfe&hellip;<\/p>\t\t\t\t\t<\/div>\r\n\t\t<a class=\"grve-read-more grve-link-text\" href=\"https:\/\/www.qwien.at\/en\/find-of-the-month\/fundstuck-des-monats-februar\/\"><span>Read more<\/span>\t\t\t\t<svg width=\"40px\" height=\"16px\" viewBox=\"0 0 40 16\">\r\n\t\t\t\t\t<polygon class=\"grve-arrow-line\" points=\"0 7 38 7 38 9 0 9\"><\/polygon>\r\n\t\t\t\t\t<polygon class=\"grve-arrow-point\" points=\"31.3481912 0 40 8 31.3481912 16 30 14.5816219 37.1 8 30 1.41837809\"><\/polygon>\r\n\t\t\t\t<\/svg>\r\n\t\t\t<\/a>\t<\/div>\r\n\t\t\t<span class=\"grve-hidden\">\r\n\t\t\t<span class=\"grve-structured-data\" itemprop=\"image\" itemscope itemtype=\"http:\/\/schema.org\/ImageObject\">\r\n\t\t\t   <span itemprop='url' >https:\/\/www.qwien.at\/wp-content\/uploads\/2024\/02\/20240226_140603-scaled.jpg<\/span>\r\n\t\t\t   <span itemprop='height' >1834<\/span>\r\n\t\t\t   <span itemprop='width' >2560<\/span>\r\n\t\t\t<\/span>\r\n\t\t\t\t\t\t<span class=\"grve-structured-data\" itemprop=\"author\" itemscope itemtype=\"http:\/\/schema.org\/Person\">\r\n\t\t\t\t<span itemprop=\"name\">Qwien - Zentrum f\u00fcr queere Geschichte<\/span>\r\n\t\t\t<\/span>\r\n\t\t\t<span class=\"grve-structured-data\" itemprop=\"publisher\" itemscope itemtype=\"http:\/\/schema.org\/Organization\">\r\n\t\t\t\t<span itemprop='name'>Qwien - Zentrum f\u00fcr queere Geschichte<\/span>\r\n\t\t\t\t<span itemprop='logo' itemscope itemtype='http:\/\/schema.org\/ImageObject'>\r\n\t\t\t\t\t<span itemprop='url'>https:\/\/www.qwien.at\/wp-content\/uploads\/2024\/02\/20240226_140603-scaled.jpg<\/span>\r\n\t\t\t\t<\/span>\r\n\t\t\t<\/span>\r\n\t\t\t\t\t\t<time class=\"grve-structured-data\" itemprop=\"datePublished\" datetime=\"2025-07-15T21:37:17+02:00\">15. July 2025<\/time>\r\n\t\t\t<time class=\"grve-structured-data\" itemprop=\"dateModified\"  datetime=\"2025-07-15T21:37:17+02:00\">15. July 2025<\/time>\r\n\t\t\t<span class=\"grve-structured-data\" itemprop=\"mainEntityOfPage\" itemscope itemtype=\"http:\/\/schema.org\/WebPage\" itemid=\"https:\/\/www.qwien.at\/en\/find-of-the-month\/fundstuck-des-monats-februar\/\"><\/span>\r\n\t\t<\/span>\r\n\t<\/div>\r\n\t\t<\/div>\r\n\t<\/article>\r\n\t\r\n\t<article class=\"post-10944 post type-post status-publish format-standard has-post-thumbnail hentry category-find-of-the-month category-webarchive grve-entry-item grve-blog-item\" itemscope itemType=\"http:\/\/schema.org\/BlogPosting\">\r\n\t\t<div class=\"grve-isotope-item-inner\">\r\n\t\t\t<div class=\"grve-post-item grve-small-style-2 grve-format-standard\">\r\n\t<div class=\"grve-post-item-inner\">\r\n\t\t\t\t\t<a class=\"grve-item-url\" href=\"https:\/\/www.qwien.at\/en\/find-of-the-month\/fundstueck-des-monats-cd-zur-vienna-pride-2001\/\" rel=\"bookmark\"><span class=\"screen-reader-text\">Fundst\u00fcck des Monats: CD zur Vienna Pride 2001<\/span><\/a>\r\n\r\n\t\t\r\n\t\t\t\t<div class=\"grve-post-content\">\r\n\t\t\t<h5 class=\"grve-post-title grve-heading-color grve-h4\" itemprop=\"headline\"><span>Fundst\u00fcck des Monats: CD zur Vienna Pride 2001<\/span><\/h5>\t\t\t\t\t\t<p>2001 fand die Europride in Wien statt. F\u00fcnf Jahre nach der ersten Wiener Regenbogen-Parade und der Gr\u00fcndung vom WIEN IST ANDERSRUM Festival stand im CD-Booklet zum Soundtrack: \"Europride steht f\u00fcr&hellip;<\/p>\t\t\t\t\t<\/div>\r\n\t\t<a class=\"grve-read-more grve-link-text\" href=\"https:\/\/www.qwien.at\/en\/find-of-the-month\/fundstueck-des-monats-cd-zur-vienna-pride-2001\/\"><span>Read more<\/span>\t\t\t\t<svg width=\"40px\" height=\"16px\" viewBox=\"0 0 40 16\">\r\n\t\t\t\t\t<polygon class=\"grve-arrow-line\" points=\"0 7 38 7 38 9 0 9\"><\/polygon>\r\n\t\t\t\t\t<polygon class=\"grve-arrow-point\" points=\"31.3481912 0 40 8 31.3481912 16 30 14.5816219 37.1 8 30 1.41837809\"><\/polygon>\r\n\t\t\t\t<\/svg>\r\n\t\t\t<\/a>\t<\/div>\r\n\t\t\t<span class=\"grve-hidden\">\r\n\t\t\t<span class=\"grve-structured-data\" itemprop=\"image\" itemscope itemtype=\"http:\/\/schema.org\/ImageObject\">\r\n\t\t\t   <span itemprop='url' >https:\/\/www.qwien.at\/wp-content\/uploads\/2024\/03\/20240328_144357-removebg-preview.png<\/span>\r\n\t\t\t   <span itemprop='height' >531<\/span>\r\n\t\t\t   <span itemprop='width' >470<\/span>\r\n\t\t\t<\/span>\r\n\t\t\t\t\t\t<span class=\"grve-structured-data\" itemprop=\"author\" itemscope itemtype=\"http:\/\/schema.org\/Person\">\r\n\t\t\t\t<span itemprop=\"name\">Qwien - Zentrum f\u00fcr queere Geschichte<\/span>\r\n\t\t\t<\/span>\r\n\t\t\t<span class=\"grve-structured-data\" itemprop=\"publisher\" itemscope itemtype=\"http:\/\/schema.org\/Organization\">\r\n\t\t\t\t<span itemprop='name'>Qwien - Zentrum f\u00fcr queere Geschichte<\/span>\r\n\t\t\t\t<span itemprop='logo' itemscope itemtype='http:\/\/schema.org\/ImageObject'>\r\n\t\t\t\t\t<span itemprop='url'>https:\/\/www.qwien.at\/wp-content\/uploads\/2024\/03\/20240328_144357-removebg-preview.png<\/span>\r\n\t\t\t\t<\/span>\r\n\t\t\t<\/span>\r\n\t\t\t\t\t\t<time class=\"grve-structured-data\" itemprop=\"datePublished\" datetime=\"2025-07-15T21:37:17+02:00\">15. July 2025<\/time>\r\n\t\t\t<time class=\"grve-structured-data\" itemprop=\"dateModified\"  datetime=\"2025-07-15T21:37:17+02:00\">15. July 2025<\/time>\r\n\t\t\t<span class=\"grve-structured-data\" itemprop=\"mainEntityOfPage\" itemscope itemtype=\"http:\/\/schema.org\/WebPage\" itemid=\"https:\/\/www.qwien.at\/en\/find-of-the-month\/fundstueck-des-monats-cd-zur-vienna-pride-2001\/\"><\/span>\r\n\t\t<\/span>\r\n\t<\/div>\r\n\t\t<\/div>\r\n\t<\/article>\r\n\t\r\n\t<article class=\"post-10947 post type-post status-publish format-standard has-post-thumbnail hentry category-find-of-the-month category-webarchive grve-entry-item grve-blog-item\" itemscope itemType=\"http:\/\/schema.org\/BlogPosting\">\r\n\t\t<div class=\"grve-isotope-item-inner\">\r\n\t\t\t<div class=\"grve-post-item grve-small-style-2 grve-format-standard\">\r\n\t<div class=\"grve-post-item-inner\">\r\n\t\t\t\t\t<a class=\"grve-item-url\" href=\"https:\/\/www.qwien.at\/en\/find-of-the-month\/fundstueck-des-monats-demoschild\/\" rel=\"bookmark\"><span class=\"screen-reader-text\">Fundst\u00fcck des Monats: Demoschild<\/span><\/a>\r\n\r\n\t\t\r\n\t\t\t\t<div class=\"grve-post-content\">\r\n\t\t\t<h5 class=\"grve-post-title grve-heading-color grve-h4\" itemprop=\"headline\"><span>Fundst\u00fcck des Monats: Demoschild<\/span><\/h5>\t\t\t\t\t\t<p>Das Fundst\u00fcck des Monats April ist ein Demoschild aus dem Bestand der T\u00fcrkis Rosa Lila Villa. Auf einem lila Hintergrund steht in blauer SchriftNO BORDERSNO NATIONSQUEER MASTURBATION Wir wissen nicht,&hellip;<\/p>\t\t\t\t\t<\/div>\r\n\t\t<a class=\"grve-read-more grve-link-text\" href=\"https:\/\/www.qwien.at\/en\/find-of-the-month\/fundstueck-des-monats-demoschild\/\"><span>Read more<\/span>\t\t\t\t<svg width=\"40px\" height=\"16px\" viewBox=\"0 0 40 16\">\r\n\t\t\t\t\t<polygon class=\"grve-arrow-line\" points=\"0 7 38 7 38 9 0 9\"><\/polygon>\r\n\t\t\t\t\t<polygon class=\"grve-arrow-point\" points=\"31.3481912 0 40 8 31.3481912 16 30 14.5816219 37.1 8 30 1.41837809\"><\/polygon>\r\n\t\t\t\t<\/svg>\r\n\t\t\t<\/a>\t<\/div>\r\n\t\t\t<span class=\"grve-hidden\">\r\n\t\t\t<span class=\"grve-structured-data\" itemprop=\"image\" itemscope itemtype=\"http:\/\/schema.org\/ImageObject\">\r\n\t\t\t   <span itemprop='url' >https:\/\/www.qwien.at\/wp-content\/uploads\/2024\/04\/20240422_113323-scaled-e1714384662106.jpg<\/span>\r\n\t\t\t   <span itemprop='height' >800<\/span>\r\n\t\t\t   <span itemprop='width' >1067<\/span>\r\n\t\t\t<\/span>\r\n\t\t\t\t\t\t<span class=\"grve-structured-data\" itemprop=\"author\" itemscope itemtype=\"http:\/\/schema.org\/Person\">\r\n\t\t\t\t<span itemprop=\"name\">Qwien - Zentrum f\u00fcr queere Geschichte<\/span>\r\n\t\t\t<\/span>\r\n\t\t\t<span class=\"grve-structured-data\" itemprop=\"publisher\" itemscope itemtype=\"http:\/\/schema.org\/Organization\">\r\n\t\t\t\t<span itemprop='name'>Qwien - Zentrum f\u00fcr queere Geschichte<\/span>\r\n\t\t\t\t<span itemprop='logo' itemscope itemtype='http:\/\/schema.org\/ImageObject'>\r\n\t\t\t\t\t<span itemprop='url'>https:\/\/www.qwien.at\/wp-content\/uploads\/2024\/04\/20240422_113323-scaled-e1714384662106.jpg<\/span>\r\n\t\t\t\t<\/span>\r\n\t\t\t<\/span>\r\n\t\t\t\t\t\t<time class=\"grve-structured-data\" itemprop=\"datePublished\" datetime=\"2025-07-15T21:37:17+02:00\">15. July 2025<\/time>\r\n\t\t\t<time class=\"grve-structured-data\" itemprop=\"dateModified\"  datetime=\"2025-07-15T21:37:17+02:00\">15. July 2025<\/time>\r\n\t\t\t<span class=\"grve-structured-data\" itemprop=\"mainEntityOfPage\" itemscope itemtype=\"http:\/\/schema.org\/WebPage\" itemid=\"https:\/\/www.qwien.at\/en\/find-of-the-month\/fundstueck-des-monats-demoschild\/\"><\/span>\r\n\t\t<\/span>\r\n\t<\/div>\r\n\t\t<\/div>\r\n\t<\/article>\r\n\t\r\n\t<article class=\"post-10950 post type-post status-publish format-standard has-post-thumbnail hentry category-find-of-the-month category-webarchive grve-entry-item grve-blog-item\" itemscope itemType=\"http:\/\/schema.org\/BlogPosting\">\r\n\t\t<div class=\"grve-isotope-item-inner\">\r\n\t\t\t<div class=\"grve-post-item grve-small-style-2 grve-format-standard\">\r\n\t<div class=\"grve-post-item-inner\">\r\n\t\t\t\t\t<a class=\"grve-item-url\" href=\"https:\/\/www.qwien.at\/en\/find-of-the-month\/fundstueck-des-monats-juli-tom-of-finland-kaffee\/\" rel=\"bookmark\"><span class=\"screen-reader-text\">Fundst\u00fcck des Monats Juli: Tom of Finland Kaffee<\/span><\/a>\r\n\r\n\t\t\r\n\t\t\t\t<div class=\"grve-post-content\">\r\n\t\t\t<h5 class=\"grve-post-title grve-heading-color grve-h4\" itemprop=\"headline\"><span>Fundst\u00fcck des Monats Juli: Tom of Finland Kaffee<\/span><\/h5>\t\t\t\t\t\t<p>Im Rahmen ihrer Art Roasts Series hat die finnische Kaffeer\u00f6sterei Robert Paulig Roastery in Zusammenarbeit mit der Tom of Finland Foundation 2016 einen Tom of Finland Coffee herausgebracht. Und eines&hellip;<\/p>\t\t\t\t\t<\/div>\r\n\t\t<a class=\"grve-read-more grve-link-text\" href=\"https:\/\/www.qwien.at\/en\/find-of-the-month\/fundstueck-des-monats-juli-tom-of-finland-kaffee\/\"><span>Read more<\/span>\t\t\t\t<svg width=\"40px\" height=\"16px\" viewBox=\"0 0 40 16\">\r\n\t\t\t\t\t<polygon class=\"grve-arrow-line\" points=\"0 7 38 7 38 9 0 9\"><\/polygon>\r\n\t\t\t\t\t<polygon class=\"grve-arrow-point\" points=\"31.3481912 0 40 8 31.3481912 16 30 14.5816219 37.1 8 30 1.41837809\"><\/polygon>\r\n\t\t\t\t<\/svg>\r\n\t\t\t<\/a>\t<\/div>\r\n\t\t\t<span class=\"grve-hidden\">\r\n\t\t\t<span class=\"grve-structured-data\" itemprop=\"image\" itemscope itemtype=\"http:\/\/schema.org\/ImageObject\">\r\n\t\t\t   <span itemprop='url' >https:\/\/www.qwien.at\/wp-content\/uploads\/2024\/07\/20240729_110502-scaled-e1722251977912.jpg<\/span>\r\n\t\t\t   <span itemprop='height' >1536<\/span>\r\n\t\t\t   <span itemprop='width' >2171<\/span>\r\n\t\t\t<\/span>\r\n\t\t\t\t\t\t<span class=\"grve-structured-data\" itemprop=\"author\" itemscope itemtype=\"http:\/\/schema.org\/Person\">\r\n\t\t\t\t<span itemprop=\"name\">Qwien - Zentrum f\u00fcr queere Geschichte<\/span>\r\n\t\t\t<\/span>\r\n\t\t\t<span class=\"grve-structured-data\" itemprop=\"publisher\" itemscope itemtype=\"http:\/\/schema.org\/Organization\">\r\n\t\t\t\t<span itemprop='name'>Qwien - Zentrum f\u00fcr queere Geschichte<\/span>\r\n\t\t\t\t<span itemprop='logo' itemscope itemtype='http:\/\/schema.org\/ImageObject'>\r\n\t\t\t\t\t<span itemprop='url'>https:\/\/www.qwien.at\/wp-content\/uploads\/2024\/07\/20240729_110502-scaled-e1722251977912.jpg<\/span>\r\n\t\t\t\t<\/span>\r\n\t\t\t<\/span>\r\n\t\t\t\t\t\t<time class=\"grve-structured-data\" itemprop=\"datePublished\" datetime=\"2025-07-15T21:37:17+02:00\">15. July 2025<\/time>\r\n\t\t\t<time class=\"grve-structured-data\" itemprop=\"dateModified\"  datetime=\"2025-07-15T21:37:17+02:00\">15. July 2025<\/time>\r\n\t\t\t<span class=\"grve-structured-data\" itemprop=\"mainEntityOfPage\" itemscope itemtype=\"http:\/\/schema.org\/WebPage\" itemid=\"https:\/\/www.qwien.at\/en\/find-of-the-month\/fundstueck-des-monats-juli-tom-of-finland-kaffee\/\"><\/span>\r\n\t\t<\/span>\r\n\t<\/div>\r\n\t\t<\/div>\r\n\t<\/article>\r\n\t\r\n\t<article class=\"post-10934 post type-post status-publish format-standard has-post-thumbnail hentry category-find-of-the-month category-webarchive grve-entry-item grve-blog-item\" itemscope itemType=\"http:\/\/schema.org\/BlogPosting\">\r\n\t\t<div class=\"grve-isotope-item-inner\">\r\n\t\t\t<div class=\"grve-post-item grve-small-style-2 grve-format-standard\">\r\n\t<div class=\"grve-post-item-inner\">\r\n\t\t\t\t\t<a class=\"grve-item-url\" href=\"https:\/\/www.qwien.at\/en\/find-of-the-month\/fundstueck-des-monats-jaenner\/\" rel=\"bookmark\"><span class=\"screen-reader-text\">Fundst\u00fcck des Monats J\u00e4nner<\/span><\/a>\r\n\r\n\t\t\r\n\t\t\t\t<div class=\"grve-post-content\">\r\n\t\t\t<h5 class=\"grve-post-title grve-heading-color grve-h4\" itemprop=\"headline\"><span>Fundst\u00fcck des Monats J\u00e4nner<\/span><\/h5>\t\t\t\t\t\t<p>Das erste Fundst\u00fcck des Jahres 2024 und wir gehen 29 Jahre zur\u00fcck zum Life Ball 1995! 1993 wurde der Life Ball in Wien vom Verein Aids Life (sp\u00e4ter LIFE+) ins&hellip;<\/p>\t\t\t\t\t<\/div>\r\n\t\t<a class=\"grve-read-more grve-link-text\" href=\"https:\/\/www.qwien.at\/en\/find-of-the-month\/fundstueck-des-monats-jaenner\/\"><span>Read more<\/span>\t\t\t\t<svg width=\"40px\" height=\"16px\" viewBox=\"0 0 40 16\">\r\n\t\t\t\t\t<polygon class=\"grve-arrow-line\" points=\"0 7 38 7 38 9 0 9\"><\/polygon>\r\n\t\t\t\t\t<polygon class=\"grve-arrow-point\" points=\"31.3481912 0 40 8 31.3481912 16 30 14.5816219 37.1 8 30 1.41837809\"><\/polygon>\r\n\t\t\t\t<\/svg>\r\n\t\t\t<\/a>\t<\/div>\r\n\t\t\t<span class=\"grve-hidden\">\r\n\t\t\t<span class=\"grve-structured-data\" itemprop=\"image\" itemscope itemtype=\"http:\/\/schema.org\/ImageObject\">\r\n\t\t\t   <span itemprop='url' >https:\/\/www.qwien.at\/wp-content\/uploads\/2024\/01\/F-1-1-17.jpg<\/span>\r\n\t\t\t   <span itemprop='height' >1754<\/span>\r\n\t\t\t   <span itemprop='width' >1188<\/span>\r\n\t\t\t<\/span>\r\n\t\t\t\t\t\t<span class=\"grve-structured-data\" itemprop=\"author\" itemscope itemtype=\"http:\/\/schema.org\/Person\">\r\n\t\t\t\t<span itemprop=\"name\">Qwien - Zentrum f\u00fcr queere Geschichte<\/span>\r\n\t\t\t<\/span>\r\n\t\t\t<span class=\"grve-structured-data\" itemprop=\"publisher\" itemscope itemtype=\"http:\/\/schema.org\/Organization\">\r\n\t\t\t\t<span itemprop='name'>Qwien - Zentrum f\u00fcr queere Geschichte<\/span>\r\n\t\t\t\t<span itemprop='logo' itemscope itemtype='http:\/\/schema.org\/ImageObject'>\r\n\t\t\t\t\t<span itemprop='url'>https:\/\/www.qwien.at\/wp-content\/uploads\/2024\/01\/F-1-1-17.jpg<\/span>\r\n\t\t\t\t<\/span>\r\n\t\t\t<\/span>\r\n\t\t\t\t\t\t<time class=\"grve-structured-data\" itemprop=\"datePublished\" datetime=\"2025-07-15T21:37:17+02:00\">15. July 2025<\/time>\r\n\t\t\t<time class=\"grve-structured-data\" itemprop=\"dateModified\"  datetime=\"2025-07-15T21:37:17+02:00\">15. July 2025<\/time>\r\n\t\t\t<span class=\"grve-structured-data\" itemprop=\"mainEntityOfPage\" itemscope itemtype=\"http:\/\/schema.org\/WebPage\" itemid=\"https:\/\/www.qwien.at\/en\/find-of-the-month\/fundstueck-des-monats-jaenner\/\"><\/span>\r\n\t\t<\/span>\r\n\t<\/div>\r\n\t\t<\/div>\r\n\t<\/article>\r\n\t\r\n\t<article class=\"post-10956 post type-post status-publish format-standard has-post-thumbnail hentry category-find-of-the-month category-webarchive grve-entry-item grve-blog-item\" itemscope itemType=\"http:\/\/schema.org\/BlogPosting\">\r\n\t\t<div class=\"grve-isotope-item-inner\">\r\n\t\t\t<div class=\"grve-post-item grve-small-style-2 grve-format-standard\">\r\n\t<div class=\"grve-post-item-inner\">\r\n\t\t\t\t\t<a class=\"grve-item-url\" href=\"https:\/\/www.qwien.at\/en\/find-of-the-month\/fundstueck-des-monats-mai-ventana-gay\/\" rel=\"bookmark\"><span class=\"screen-reader-text\">Fundst\u00fcck des Monats Mai: Ventana Gay<\/span><\/a>\r\n\r\n\t\t\r\n\t\t\t\t<div class=\"grve-post-content\">\r\n\t\t\t<h5 class=\"grve-post-title grve-heading-color grve-h4\" itemprop=\"headline\"><span>Fundst\u00fcck des Monats Mai: Ventana Gay<\/span><\/h5>\t\t\t\t\t\t<p>Diesen Monat kommt das Fundst\u00fcck aus unserer breit aufgestellten Zeitschriftensammlung. Es ist die Zeitschrift Ventana Gay, die Anfang der 1980er Jahre als erste gr\u00f6\u00dfere fortlaufende Homosexuellen-Zeitschrift in Kolumbien erschienen ist.&hellip;<\/p>\t\t\t\t\t<\/div>\r\n\t\t<a class=\"grve-read-more grve-link-text\" href=\"https:\/\/www.qwien.at\/en\/find-of-the-month\/fundstueck-des-monats-mai-ventana-gay\/\"><span>Read more<\/span>\t\t\t\t<svg width=\"40px\" height=\"16px\" viewBox=\"0 0 40 16\">\r\n\t\t\t\t\t<polygon class=\"grve-arrow-line\" points=\"0 7 38 7 38 9 0 9\"><\/polygon>\r\n\t\t\t\t\t<polygon class=\"grve-arrow-point\" points=\"31.3481912 0 40 8 31.3481912 16 30 14.5816219 37.1 8 30 1.41837809\"><\/polygon>\r\n\t\t\t\t<\/svg>\r\n\t\t\t<\/a>\t<\/div>\r\n\t\t\t<span class=\"grve-hidden\">\r\n\t\t\t<span class=\"grve-structured-data\" itemprop=\"image\" itemscope itemtype=\"http:\/\/schema.org\/ImageObject\">\r\n\t\t\t   <span itemprop='url' >https:\/\/www.qwien.at\/wp-content\/uploads\/2024\/05\/ventanagay.png<\/span>\r\n\t\t\t   <span itemprop='height' >524<\/span>\r\n\t\t\t   <span itemprop='width' >740<\/span>\r\n\t\t\t<\/span>\r\n\t\t\t\t\t\t<span class=\"grve-structured-data\" itemprop=\"author\" itemscope itemtype=\"http:\/\/schema.org\/Person\">\r\n\t\t\t\t<span itemprop=\"name\">Qwien - Zentrum f\u00fcr queere Geschichte<\/span>\r\n\t\t\t<\/span>\r\n\t\t\t<span class=\"grve-structured-data\" itemprop=\"publisher\" itemscope itemtype=\"http:\/\/schema.org\/Organization\">\r\n\t\t\t\t<span itemprop='name'>Qwien - Zentrum f\u00fcr queere Geschichte<\/span>\r\n\t\t\t\t<span itemprop='logo' itemscope itemtype='http:\/\/schema.org\/ImageObject'>\r\n\t\t\t\t\t<span itemprop='url'>https:\/\/www.qwien.at\/wp-content\/uploads\/2024\/05\/ventanagay.png<\/span>\r\n\t\t\t\t<\/span>\r\n\t\t\t<\/span>\r\n\t\t\t\t\t\t<time class=\"grve-structured-data\" itemprop=\"datePublished\" datetime=\"2025-07-15T21:37:16+02:00\">15. July 2025<\/time>\r\n\t\t\t<time class=\"grve-structured-data\" itemprop=\"dateModified\"  datetime=\"2025-07-15T21:37:16+02:00\">15. July 2025<\/time>\r\n\t\t\t<span class=\"grve-structured-data\" itemprop=\"mainEntityOfPage\" itemscope itemtype=\"http:\/\/schema.org\/WebPage\" itemid=\"https:\/\/www.qwien.at\/en\/find-of-the-month\/fundstueck-des-monats-mai-ventana-gay\/\"><\/span>\r\n\t\t<\/span>\r\n\t<\/div>\r\n\t\t<\/div>\r\n\t<\/article>\r\n\t\r\n\t<article class=\"post-10963 post type-post status-publish format-standard has-post-thumbnail hentry category-find-of-the-month category-qwien category-qwien-tipp category-webarchive tag-aids tag-franz-wassermann tag-hiv tag-kunst grve-entry-item grve-blog-item\" itemscope itemType=\"http:\/\/schema.org\/BlogPosting\">\r\n\t\t<div class=\"grve-isotope-item-inner\">\r\n\t\t\t<div class=\"grve-post-item grve-small-style-2 grve-format-standard\">\r\n\t<div class=\"grve-post-item-inner\">\r\n\t\t\t\t\t<a class=\"grve-item-url\" href=\"https:\/\/www.qwien.at\/en\/find-of-the-month\/fundstueck-des-monats-august-2023\/\" rel=\"bookmark\"><span class=\"screen-reader-text\">Fundst\u00fcck des Monats (August 2023)<\/span><\/a>\r\n\r\n\t\t\r\n\t\t\t\t<div class=\"grve-post-content\">\r\n\t\t\t<h5 class=\"grve-post-title grve-heading-color grve-h4\" itemprop=\"headline\"><span>Fundst\u00fcck des Monats (August 2023)<\/span><\/h5>\t\t\t\t\t\t<p><\/p>\t\t\t\t\t<\/div>\r\n\t\t<a class=\"grve-read-more grve-link-text\" href=\"https:\/\/www.qwien.at\/en\/find-of-the-month\/fundstueck-des-monats-august-2023\/\"><span>Read more<\/span>\t\t\t\t<svg width=\"40px\" height=\"16px\" viewBox=\"0 0 40 16\">\r\n\t\t\t\t\t<polygon class=\"grve-arrow-line\" points=\"0 7 38 7 38 9 0 9\"><\/polygon>\r\n\t\t\t\t\t<polygon class=\"grve-arrow-point\" points=\"31.3481912 0 40 8 31.3481912 16 30 14.5816219 37.1 8 30 1.41837809\"><\/polygon>\r\n\t\t\t\t<\/svg>\r\n\t\t\t<\/a>\t<\/div>\r\n\t\t\t<span class=\"grve-hidden\">\r\n\t\t\t<span class=\"grve-structured-data\" itemprop=\"image\" itemscope itemtype=\"http:\/\/schema.org\/ImageObject\">\r\n\t\t\t   <span itemprop='url' >https:\/\/www.qwien.at\/wp-content\/uploads\/2023\/07\/barbie1.jpg<\/span>\r\n\t\t\t   <span itemprop='height' >1165<\/span>\r\n\t\t\t   <span itemprop='width' >2477<\/span>\r\n\t\t\t<\/span>\r\n\t\t\t\t\t\t<span class=\"grve-structured-data\" itemprop=\"author\" itemscope itemtype=\"http:\/\/schema.org\/Person\">\r\n\t\t\t\t<span itemprop=\"name\">Qwien - Zentrum f\u00fcr queere Geschichte<\/span>\r\n\t\t\t<\/span>\r\n\t\t\t<span class=\"grve-structured-data\" itemprop=\"publisher\" itemscope itemtype=\"http:\/\/schema.org\/Organization\">\r\n\t\t\t\t<span itemprop='name'>Qwien - Zentrum f\u00fcr queere Geschichte<\/span>\r\n\t\t\t\t<span itemprop='logo' itemscope itemtype='http:\/\/schema.org\/ImageObject'>\r\n\t\t\t\t\t<span itemprop='url'>https:\/\/www.qwien.at\/wp-content\/uploads\/2023\/07\/barbie1.jpg<\/span>\r\n\t\t\t\t<\/span>\r\n\t\t\t<\/span>\r\n\t\t\t\t\t\t<time class=\"grve-structured-data\" itemprop=\"datePublished\" datetime=\"2025-07-15T21:37:16+02:00\">15. July 2025<\/time>\r\n\t\t\t<time class=\"grve-structured-data\" itemprop=\"dateModified\"  datetime=\"2025-07-15T21:37:16+02:00\">15. July 2025<\/time>\r\n\t\t\t<span class=\"grve-structured-data\" itemprop=\"mainEntityOfPage\" itemscope itemtype=\"http:\/\/schema.org\/WebPage\" itemid=\"https:\/\/www.qwien.at\/en\/find-of-the-month\/fundstueck-des-monats-august-2023\/\"><\/span>\r\n\t\t<\/span>\r\n\t<\/div>\r\n\t\t<\/div>\r\n\t<\/article>\r\n\t\r\n\t<article class=\"post-10966 post type-post status-publish format-standard has-post-thumbnail hentry category-find-of-the-month category-qwien category-webarchive grve-entry-item grve-blog-item\" itemscope itemType=\"http:\/\/schema.org\/BlogPosting\">\r\n\t\t<div class=\"grve-isotope-item-inner\">\r\n\t\t\t<div class=\"grve-post-item grve-small-style-2 grve-format-standard\">\r\n\t<div class=\"grve-post-item-inner\">\r\n\t\t\t\t\t<a class=\"grve-item-url\" href=\"https:\/\/www.qwien.at\/en\/find-of-the-month\/fundstueck-des-monats-dezember-2022\/\" rel=\"bookmark\"><span class=\"screen-reader-text\">Fundst\u00fcck des Monats (Dezember 2022)<\/span><\/a>\r\n\r\n\t\t\r\n\t\t\t\t<div class=\"grve-post-content\">\r\n\t\t\t<h5 class=\"grve-post-title grve-heading-color grve-h4\" itemprop=\"headline\"><span>Fundst\u00fcck des Monats (Dezember 2022)<\/span><\/h5>\t\t\t\t\t\t<p>Siegfried Anton Felder im Park von Schloss Sch\u00f6nbrunn, ca. 1987. Foto: Rudolf Katzer Siegfried Anton Felder wohnte seit der Besetzung in der Rosa Lila Villa, nach ihrer Renovierung gestaltete er&hellip;<\/p>\t\t\t\t\t<\/div>\r\n\t\t<a class=\"grve-read-more grve-link-text\" href=\"https:\/\/www.qwien.at\/en\/find-of-the-month\/fundstueck-des-monats-dezember-2022\/\"><span>Read more<\/span>\t\t\t\t<svg width=\"40px\" height=\"16px\" viewBox=\"0 0 40 16\">\r\n\t\t\t\t\t<polygon class=\"grve-arrow-line\" points=\"0 7 38 7 38 9 0 9\"><\/polygon>\r\n\t\t\t\t\t<polygon class=\"grve-arrow-point\" points=\"31.3481912 0 40 8 31.3481912 16 30 14.5816219 37.1 8 30 1.41837809\"><\/polygon>\r\n\t\t\t\t<\/svg>\r\n\t\t\t<\/a>\t<\/div>\r\n\t\t\t<span class=\"grve-hidden\">\r\n\t\t\t<span class=\"grve-structured-data\" itemprop=\"image\" itemscope itemtype=\"http:\/\/schema.org\/ImageObject\">\r\n\t\t\t   <span itemprop='url' >https:\/\/www.qwien.at\/wp-content\/uploads\/2022\/11\/Felder-scaled.jpg<\/span>\r\n\t\t\t   <span itemprop='height' >2560<\/span>\r\n\t\t\t   <span itemprop='width' >1920<\/span>\r\n\t\t\t<\/span>\r\n\t\t\t\t\t\t<span class=\"grve-structured-data\" itemprop=\"author\" itemscope itemtype=\"http:\/\/schema.org\/Person\">\r\n\t\t\t\t<span itemprop=\"name\">Qwien - Zentrum f\u00fcr queere Geschichte<\/span>\r\n\t\t\t<\/span>\r\n\t\t\t<span class=\"grve-structured-data\" itemprop=\"publisher\" itemscope itemtype=\"http:\/\/schema.org\/Organization\">\r\n\t\t\t\t<span itemprop='name'>Qwien - Zentrum f\u00fcr queere Geschichte<\/span>\r\n\t\t\t\t<span itemprop='logo' itemscope itemtype='http:\/\/schema.org\/ImageObject'>\r\n\t\t\t\t\t<span itemprop='url'>https:\/\/www.qwien.at\/wp-content\/uploads\/2022\/11\/Felder-scaled.jpg<\/span>\r\n\t\t\t\t<\/span>\r\n\t\t\t<\/span>\r\n\t\t\t\t\t\t<time class=\"grve-structured-data\" itemprop=\"datePublished\" datetime=\"2025-07-15T21:37:16+02:00\">15. July 2025<\/time>\r\n\t\t\t<time class=\"grve-structured-data\" itemprop=\"dateModified\"  datetime=\"2025-07-15T21:37:16+02:00\">15. July 2025<\/time>\r\n\t\t\t<span class=\"grve-structured-data\" itemprop=\"mainEntityOfPage\" itemscope itemtype=\"http:\/\/schema.org\/WebPage\" itemid=\"https:\/\/www.qwien.at\/en\/find-of-the-month\/fundstueck-des-monats-dezember-2022\/\"><\/span>\r\n\t\t<\/span>\r\n\t<\/div>\r\n\t\t<\/div>\r\n\t<\/article>\r\n\t\r\n\t<article class=\"post-10968 post type-post status-publish format-standard has-post-thumbnail hentry category-find-of-the-month category-webarchive grve-entry-item grve-blog-item\" itemscope itemType=\"http:\/\/schema.org\/BlogPosting\">\r\n\t\t<div class=\"grve-isotope-item-inner\">\r\n\t\t\t<div class=\"grve-post-item grve-small-style-2 grve-format-standard\">\r\n\t<div class=\"grve-post-item-inner\">\r\n\t\t\t\t\t<a class=\"grve-item-url\" href=\"https:\/\/www.qwien.at\/en\/find-of-the-month\/fundstueck-des-monats-juni\/\" rel=\"bookmark\"><span class=\"screen-reader-text\">Fundst\u00fcck des Monats Juni<\/span><\/a>\r\n\r\n\t\t\r\n\t\t\t\t<div class=\"grve-post-content\">\r\n\t\t\t<h5 class=\"grve-post-title grve-heading-color grve-h4\" itemprop=\"headline\"><span>Fundst\u00fcck des Monats Juni<\/span><\/h5>\t\t\t\t\t\t<p>Das Fundst\u00fcck des Monats Juni ist eine Collage aus Akt-Zeichnungen von Wolfgang Reder. In unserem Archiv d\u00fcrfen wir zahlreiche Kunstwerke und sorgf\u00e4ltig kuratierte Ordner aus dem Nachlass des Wiener Architekten,&nbsp;K\u00fcnstlers&nbsp;und&hellip;<\/p>\t\t\t\t\t<\/div>\r\n\t\t<a class=\"grve-read-more grve-link-text\" href=\"https:\/\/www.qwien.at\/en\/find-of-the-month\/fundstueck-des-monats-juni\/\"><span>Read more<\/span>\t\t\t\t<svg width=\"40px\" height=\"16px\" viewBox=\"0 0 40 16\">\r\n\t\t\t\t\t<polygon class=\"grve-arrow-line\" points=\"0 7 38 7 38 9 0 9\"><\/polygon>\r\n\t\t\t\t\t<polygon class=\"grve-arrow-point\" points=\"31.3481912 0 40 8 31.3481912 16 30 14.5816219 37.1 8 30 1.41837809\"><\/polygon>\r\n\t\t\t\t<\/svg>\r\n\t\t\t<\/a>\t<\/div>\r\n\t\t\t<span class=\"grve-hidden\">\r\n\t\t\t<span class=\"grve-structured-data\" itemprop=\"image\" itemscope itemtype=\"http:\/\/schema.org\/ImageObject\">\r\n\t\t\t   <span itemprop='url' >https:\/\/www.qwien.at\/wp-content\/uploads\/2024\/06\/20240617_140015-scaled-e1719228200541.jpg<\/span>\r\n\t\t\t   <span itemprop='height' >1898<\/span>\r\n\t\t\t   <span itemprop='width' >1420<\/span>\r\n\t\t\t<\/span>\r\n\t\t\t\t\t\t<span class=\"grve-structured-data\" itemprop=\"author\" itemscope itemtype=\"http:\/\/schema.org\/Person\">\r\n\t\t\t\t<span itemprop=\"name\">Qwien - Zentrum f\u00fcr queere Geschichte<\/span>\r\n\t\t\t<\/span>\r\n\t\t\t<span class=\"grve-structured-data\" itemprop=\"publisher\" itemscope itemtype=\"http:\/\/schema.org\/Organization\">\r\n\t\t\t\t<span itemprop='name'>Qwien - Zentrum f\u00fcr queere Geschichte<\/span>\r\n\t\t\t\t<span itemprop='logo' itemscope itemtype='http:\/\/schema.org\/ImageObject'>\r\n\t\t\t\t\t<span itemprop='url'>https:\/\/www.qwien.at\/wp-content\/uploads\/2024\/06\/20240617_140015-scaled-e1719228200541.jpg<\/span>\r\n\t\t\t\t<\/span>\r\n\t\t\t<\/span>\r\n\t\t\t\t\t\t<time class=\"grve-structured-data\" itemprop=\"datePublished\" datetime=\"2025-07-15T21:37:16+02:00\">15. July 2025<\/time>\r\n\t\t\t<time class=\"grve-structured-data\" itemprop=\"dateModified\"  datetime=\"2025-07-15T21:37:16+02:00\">15. July 2025<\/time>\r\n\t\t\t<span class=\"grve-structured-data\" itemprop=\"mainEntityOfPage\" itemscope itemtype=\"http:\/\/schema.org\/WebPage\" itemid=\"https:\/\/www.qwien.at\/en\/find-of-the-month\/fundstueck-des-monats-juni\/\"><\/span>\r\n\t\t<\/span>\r\n\t<\/div>\r\n\t\t<\/div>\r\n\t<\/article>\r\n\t\r\n\t<article class=\"post-10973 post type-post status-publish format-standard has-post-thumbnail hentry category-find-of-the-month category-webarchive grve-entry-item grve-blog-item\" itemscope itemType=\"http:\/\/schema.org\/BlogPosting\">\r\n\t\t<div class=\"grve-isotope-item-inner\">\r\n\t\t\t<div class=\"grve-post-item grve-small-style-2 grve-format-standard\">\r\n\t<div class=\"grve-post-item-inner\">\r\n\t\t\t\t\t<a class=\"grve-item-url\" href=\"https:\/\/www.qwien.at\/en\/find-of-the-month\/fundstueck-des-monats-jaenner-2023\/\" rel=\"bookmark\"><span class=\"screen-reader-text\">Fundst\u00fcck des Monats (J\u00e4nner 2023)<\/span><\/a>\r\n\r\n\t\t\r\n\t\t\t\t<div class=\"grve-post-content\">\r\n\t\t\t<h5 class=\"grve-post-title grve-heading-color grve-h4\" itemprop=\"headline\"><span>Fundst\u00fcck des Monats (J\u00e4nner 2023)<\/span><\/h5>\t\t\t\t\t\t<p>&nbsp; Zeitungsausschnittsammlung Nationalsozialismus von Gudrun Hauer<\/p>\t\t\t\t\t<\/div>\r\n\t\t<a class=\"grve-read-more grve-link-text\" href=\"https:\/\/www.qwien.at\/en\/find-of-the-month\/fundstueck-des-monats-jaenner-2023\/\"><span>Read more<\/span>\t\t\t\t<svg width=\"40px\" height=\"16px\" viewBox=\"0 0 40 16\">\r\n\t\t\t\t\t<polygon class=\"grve-arrow-line\" points=\"0 7 38 7 38 9 0 9\"><\/polygon>\r\n\t\t\t\t\t<polygon class=\"grve-arrow-point\" points=\"31.3481912 0 40 8 31.3481912 16 30 14.5816219 37.1 8 30 1.41837809\"><\/polygon>\r\n\t\t\t\t<\/svg>\r\n\t\t\t<\/a>\t<\/div>\r\n\t\t\t<span class=\"grve-hidden\">\r\n\t\t\t<span class=\"grve-structured-data\" itemprop=\"image\" itemscope itemtype=\"http:\/\/schema.org\/ImageObject\">\r\n\t\t\t   <span itemprop='url' >https:\/\/www.qwien.at\/wp-content\/uploads\/2023\/01\/IMG_5195-scaled-e1672753885531.jpeg<\/span>\r\n\t\t\t   <span itemprop='height' >1000<\/span>\r\n\t\t\t   <span itemprop='width' >1333<\/span>\r\n\t\t\t<\/span>\r\n\t\t\t\t\t\t<span class=\"grve-structured-data\" itemprop=\"author\" itemscope itemtype=\"http:\/\/schema.org\/Person\">\r\n\t\t\t\t<span itemprop=\"name\">Qwien - Zentrum f\u00fcr queere Geschichte<\/span>\r\n\t\t\t<\/span>\r\n\t\t\t<span class=\"grve-structured-data\" itemprop=\"publisher\" itemscope itemtype=\"http:\/\/schema.org\/Organization\">\r\n\t\t\t\t<span itemprop='name'>Qwien - Zentrum f\u00fcr queere Geschichte<\/span>\r\n\t\t\t\t<span itemprop='logo' itemscope itemtype='http:\/\/schema.org\/ImageObject'>\r\n\t\t\t\t\t<span itemprop='url'>https:\/\/www.qwien.at\/wp-content\/uploads\/2023\/01\/IMG_5195-scaled-e1672753885531.jpeg<\/span>\r\n\t\t\t\t<\/span>\r\n\t\t\t<\/span>\r\n\t\t\t\t\t\t<time class=\"grve-structured-data\" itemprop=\"datePublished\" datetime=\"2025-07-15T21:37:16+02:00\">15. July 2025<\/time>\r\n\t\t\t<time class=\"grve-structured-data\" itemprop=\"dateModified\"  datetime=\"2025-07-15T21:37:16+02:00\">15. July 2025<\/time>\r\n\t\t\t<span class=\"grve-structured-data\" itemprop=\"mainEntityOfPage\" itemscope itemtype=\"http:\/\/schema.org\/WebPage\" itemid=\"https:\/\/www.qwien.at\/en\/find-of-the-month\/fundstueck-des-monats-jaenner-2023\/\"><\/span>\r\n\t\t<\/span>\r\n\t<\/div>\r\n\t\t<\/div>\r\n\t<\/article>\r\n\t\t<\/div>\r\n<div class=\"grve-infinite-pagination\"><ul class='page-numbers'>\n\t<li><span aria-current=\"page\" class=\"page-numbers current\">1<\/span><\/li>\n\t<li><a class=\"page-numbers\" href=\"https:\/\/www.qwien.at\/en\/wp-json\/wp\/v2\/pages\/10714\/page\/2\/\">2<\/a><\/li>\n\t<li><a class=\"page-numbers\" href=\"https:\/\/www.qwien.at\/en\/wp-json\/wp\/v2\/pages\/10714\/page\/3\/\">3<\/a><\/li>\n\t<li><a class=\"next page-numbers\" href=\"https:\/\/www.qwien.at\/en\/wp-json\/wp\/v2\/pages\/10714\/page\/2\/\"><svg width=\"40px\" height=\"16px\" viewBox=\"0 0 40 16\"><polygon class=\"grve-arrow-line\" points=\"0 7 38 7 38 9 0 9\"><\/polygon><polygon class=\"grve-arrow-point\" points=\"31.3481912 0 40 8 31.3481912 16 30 14.5816219 37.1 8 30 1.41837809\"><\/polygon><\/svg><\/a><\/li>\n<\/ul>\n<\/div><div class=\"grve-infinite-button-wrapper\">\r\n\t\t\t\t\t<div class=\"grve-infinite-button grve-link-text\">Load more<\/div>\r\n\t\t\t\t<\/div><\/div>\r\n[\/vc_column_inner][\/vc_row_inner][\/vc_tta_section][\/vc_tta_accordion][\/vc_column][\/vc_row]<\/p>\n<\/div>","protected":false},"excerpt":{"rendered":"<p>[vc_row section_type=&#8221;container-width&#8221; padding_top_multiplier=&#8221;4x&#8221; padding_bottom_multiplier=&#8221;&#8221; rc_heading_color=&#8221;primary-2&#8243; rc_link_color=&#8221;primary-1&#8243; rc_link_hover_color=&#8221;primary-3&#8243; columns_gap=&#8221;60&#8243; rc_font_color=&#8221;#2D0045&#8243; scroll_section_title=&#8221;Library&#8221; section_id=&#8221;bibliothek&#8221;][vc_column][vc_row_inner padding_top_multiplier=&#8221;1x&#8221; padding_bottom_multiplier=&#8221;1x&#8221; columns_gap=&#8221;60&#8243;][vc_column_inner width=&#8221;1\/2&#8243;][vc_column_text css=&#8221;&#8221;]Tue &#8211; Fri 10 am &#8211; 6 pm Thu 10 am &#8211; 8 pm[\/vc_column_text][vc_column_text css=&#8221;&#8221;]The Qwien library offers around 10,000 books and other publications on LGBTIQ* topics and queer content &#8211; from all subject areas, in a wide variety of [&hellip;]<\/p>\n","protected":false},"author":11,"featured_media":10128,"parent":0,"menu_order":0,"comment_status":"closed","ping_status":"closed","template":"page-templates\/template-section-nav.php","meta":{"_acf_changed":false,"footnotes":""},"class_list":["post-10714","page","type-page","status-publish","has-post-thumbnail","hentry","grve-entry-item"],"acf":[],"yoast_head":"<!-- This site is optimized with the Yoast SEO plugin v27.5 - https:\/\/yoast.com\/product\/yoast-seo-wordpress\/ -->\n<title>Qwien Collection - Library &amp; Archive in Vienna<\/title>\n<meta name=\"description\" content=\"Qwien Collection: Over 10,000 books, 25,000 magazines &amp; unique archive holdings on queer history. Library &amp; archive in Vienna.\" \/>\n<meta name=\"robots\" content=\"index, follow, max-snippet:-1, max-image-preview:large, max-video-preview:-1\" \/>\n<link rel=\"canonical\" href=\"https:\/\/www.qwien.at\/en\/collection\/\" \/>\n<meta property=\"og:locale\" content=\"en_US\" \/>\n<meta property=\"og:type\" content=\"article\" \/>\n<meta property=\"og:title\" content=\"Qwien Collection - Library &amp; Archive in Vienna\" \/>\n<meta property=\"og:description\" content=\"Qwien Collection: Over 10,000 books, 25,000 magazines &amp; unique archive holdings on queer history. Library &amp; archive in Vienna.\" \/>\n<meta property=\"og:url\" content=\"https:\/\/www.qwien.at\/en\/collection\/\" \/>\n<meta property=\"og:site_name\" content=\"Qwien - Zentrum f\u00fcr queere Geschichte\" \/>\n<meta property=\"article:modified_time\" content=\"2025-10-24T16:57:13+00:00\" \/>\n<meta property=\"og:image\" content=\"https:\/\/www.qwien.at\/wp-content\/uploads\/2025\/06\/seo-yoast-2.png\" \/>\n\t<meta property=\"og:image:width\" content=\"697\" \/>\n\t<meta property=\"og:image:height\" content=\"697\" \/>\n\t<meta property=\"og:image:type\" content=\"image\/png\" \/>\n<meta name=\"twitter:card\" content=\"summary_large_image\" \/>\n<meta name=\"twitter:label1\" content=\"Est. reading time\" \/>\n\t<meta name=\"twitter:data1\" content=\"16 minutes\" \/>\n<script type=\"application\/ld+json\" class=\"yoast-schema-graph\">{\"@context\":\"https:\\\/\\\/schema.org\",\"@graph\":[{\"@type\":\"WebPage\",\"@id\":\"https:\\\/\\\/www.qwien.at\\\/en\\\/collection\\\/\",\"url\":\"https:\\\/\\\/www.qwien.at\\\/en\\\/collection\\\/\",\"name\":\"Qwien Collection - Library & Archive in Vienna\",\"isPartOf\":{\"@id\":\"https:\\\/\\\/www.qwien.at\\\/en\\\/#website\"},\"primaryImageOfPage\":{\"@id\":\"https:\\\/\\\/www.qwien.at\\\/en\\\/collection\\\/#primaryimage\"},\"image\":{\"@id\":\"https:\\\/\\\/www.qwien.at\\\/en\\\/collection\\\/#primaryimage\"},\"thumbnailUrl\":\"https:\\\/\\\/www.qwien.at\\\/wp-content\\\/uploads\\\/2025\\\/06\\\/seo-yoast-2.png\",\"datePublished\":\"2025-08-13T12:13:28+00:00\",\"dateModified\":\"2025-10-24T16:57:13+00:00\",\"description\":\"Qwien Collection: Over 10,000 books, 25,000 magazines & unique archive holdings on queer history. Library & archive in Vienna.\",\"breadcrumb\":{\"@id\":\"https:\\\/\\\/www.qwien.at\\\/en\\\/collection\\\/#breadcrumb\"},\"inLanguage\":\"en-US\",\"potentialAction\":[{\"@type\":\"ReadAction\",\"target\":[\"https:\\\/\\\/www.qwien.at\\\/en\\\/collection\\\/\"]}]},{\"@type\":\"ImageObject\",\"inLanguage\":\"en-US\",\"@id\":\"https:\\\/\\\/www.qwien.at\\\/en\\\/collection\\\/#primaryimage\",\"url\":\"https:\\\/\\\/www.qwien.at\\\/wp-content\\\/uploads\\\/2025\\\/06\\\/seo-yoast-2.png\",\"contentUrl\":\"https:\\\/\\\/www.qwien.at\\\/wp-content\\\/uploads\\\/2025\\\/06\\\/seo-yoast-2.png\",\"width\":697,\"height\":697,\"caption\":\"Text graphic featuring the word \\\"Qwien\\\" in bold, dark letters on a bright pink background.\"},{\"@type\":\"BreadcrumbList\",\"@id\":\"https:\\\/\\\/www.qwien.at\\\/en\\\/collection\\\/#breadcrumb\",\"itemListElement\":[{\"@type\":\"ListItem\",\"position\":1,\"name\":\"Startseite\",\"item\":\"https:\\\/\\\/www.qwien.at\\\/en\\\/\"},{\"@type\":\"ListItem\",\"position\":2,\"name\":\"Collection\"}]},{\"@type\":\"WebSite\",\"@id\":\"https:\\\/\\\/www.qwien.at\\\/en\\\/#website\",\"url\":\"https:\\\/\\\/www.qwien.at\\\/en\\\/\",\"name\":\"Qwien - Zentrum f\u00fcr queere Geschichte\",\"description\":\"\",\"publisher\":{\"@id\":\"https:\\\/\\\/www.qwien.at\\\/en\\\/#organization\"},\"potentialAction\":[{\"@type\":\"SearchAction\",\"target\":{\"@type\":\"EntryPoint\",\"urlTemplate\":\"https:\\\/\\\/www.qwien.at\\\/en\\\/?s={search_term_string}\"},\"query-input\":{\"@type\":\"PropertyValueSpecification\",\"valueRequired\":true,\"valueName\":\"search_term_string\"}}],\"inLanguage\":\"en-US\"},{\"@type\":\"Organization\",\"@id\":\"https:\\\/\\\/www.qwien.at\\\/en\\\/#organization\",\"name\":\"Qwien\",\"url\":\"https:\\\/\\\/www.qwien.at\\\/en\\\/\",\"logo\":{\"@type\":\"ImageObject\",\"inLanguage\":\"en-US\",\"@id\":\"https:\\\/\\\/www.qwien.at\\\/en\\\/#\\\/schema\\\/logo\\\/image\\\/\",\"url\":\"https:\\\/\\\/www.qwien.at\\\/wp-content\\\/uploads\\\/2025\\\/06\\\/seo-yoast-2.png\",\"contentUrl\":\"https:\\\/\\\/www.qwien.at\\\/wp-content\\\/uploads\\\/2025\\\/06\\\/seo-yoast-2.png\",\"width\":697,\"height\":697,\"caption\":\"Qwien\"},\"image\":{\"@id\":\"https:\\\/\\\/www.qwien.at\\\/en\\\/#\\\/schema\\\/logo\\\/image\\\/\"},\"sameAs\":[\"https:\\\/\\\/www.instagram.com\\\/qwien.zentrum\\\/\"]}]}<\/script>\n<!-- \/ Yoast SEO plugin. -->","yoast_head_json":{"title":"Qwien Collection - Library & Archive in Vienna","description":"Qwien Collection: Over 10,000 books, 25,000 magazines & unique archive holdings on queer history. Library & archive in Vienna.","robots":{"index":"index","follow":"follow","max-snippet":"max-snippet:-1","max-image-preview":"max-image-preview:large","max-video-preview":"max-video-preview:-1"},"canonical":"https:\/\/www.qwien.at\/en\/collection\/","og_locale":"en_US","og_type":"article","og_title":"Qwien Collection - Library & Archive in Vienna","og_description":"Qwien Collection: Over 10,000 books, 25,000 magazines & unique archive holdings on queer history. Library & archive in Vienna.","og_url":"https:\/\/www.qwien.at\/en\/collection\/","og_site_name":"Qwien - Zentrum f\u00fcr queere Geschichte","article_modified_time":"2025-10-24T16:57:13+00:00","og_image":[{"width":697,"height":697,"url":"https:\/\/www.qwien.at\/wp-content\/uploads\/2025\/06\/seo-yoast-2.png","type":"image\/png"}],"twitter_card":"summary_large_image","twitter_misc":{"Est. reading time":"16 minutes"},"schema":{"@context":"https:\/\/schema.org","@graph":[{"@type":"WebPage","@id":"https:\/\/www.qwien.at\/en\/collection\/","url":"https:\/\/www.qwien.at\/en\/collection\/","name":"Qwien Collection - Library & Archive in Vienna","isPartOf":{"@id":"https:\/\/www.qwien.at\/en\/#website"},"primaryImageOfPage":{"@id":"https:\/\/www.qwien.at\/en\/collection\/#primaryimage"},"image":{"@id":"https:\/\/www.qwien.at\/en\/collection\/#primaryimage"},"thumbnailUrl":"https:\/\/www.qwien.at\/wp-content\/uploads\/2025\/06\/seo-yoast-2.png","datePublished":"2025-08-13T12:13:28+00:00","dateModified":"2025-10-24T16:57:13+00:00","description":"Qwien Collection: Over 10,000 books, 25,000 magazines & unique archive holdings on queer history. Library & archive in Vienna.","breadcrumb":{"@id":"https:\/\/www.qwien.at\/en\/collection\/#breadcrumb"},"inLanguage":"en-US","potentialAction":[{"@type":"ReadAction","target":["https:\/\/www.qwien.at\/en\/collection\/"]}]},{"@type":"ImageObject","inLanguage":"en-US","@id":"https:\/\/www.qwien.at\/en\/collection\/#primaryimage","url":"https:\/\/www.qwien.at\/wp-content\/uploads\/2025\/06\/seo-yoast-2.png","contentUrl":"https:\/\/www.qwien.at\/wp-content\/uploads\/2025\/06\/seo-yoast-2.png","width":697,"height":697,"caption":"Text graphic featuring the word \"Qwien\" in bold, dark letters on a bright pink background."},{"@type":"BreadcrumbList","@id":"https:\/\/www.qwien.at\/en\/collection\/#breadcrumb","itemListElement":[{"@type":"ListItem","position":1,"name":"Startseite","item":"https:\/\/www.qwien.at\/en\/"},{"@type":"ListItem","position":2,"name":"Collection"}]},{"@type":"WebSite","@id":"https:\/\/www.qwien.at\/en\/#website","url":"https:\/\/www.qwien.at\/en\/","name":"Qwien - Zentrum f\u00fcr queere Geschichte","description":"","publisher":{"@id":"https:\/\/www.qwien.at\/en\/#organization"},"potentialAction":[{"@type":"SearchAction","target":{"@type":"EntryPoint","urlTemplate":"https:\/\/www.qwien.at\/en\/?s={search_term_string}"},"query-input":{"@type":"PropertyValueSpecification","valueRequired":true,"valueName":"search_term_string"}}],"inLanguage":"en-US"},{"@type":"Organization","@id":"https:\/\/www.qwien.at\/en\/#organization","name":"Qwien","url":"https:\/\/www.qwien.at\/en\/","logo":{"@type":"ImageObject","inLanguage":"en-US","@id":"https:\/\/www.qwien.at\/en\/#\/schema\/logo\/image\/","url":"https:\/\/www.qwien.at\/wp-content\/uploads\/2025\/06\/seo-yoast-2.png","contentUrl":"https:\/\/www.qwien.at\/wp-content\/uploads\/2025\/06\/seo-yoast-2.png","width":697,"height":697,"caption":"Qwien"},"image":{"@id":"https:\/\/www.qwien.at\/en\/#\/schema\/logo\/image\/"},"sameAs":["https:\/\/www.instagram.com\/qwien.zentrum\/"]}]}},"_links":{"self":[{"href":"https:\/\/www.qwien.at\/en\/wp-json\/wp\/v2\/pages\/10714","targetHints":{"allow":["GET"]}}],"collection":[{"href":"https:\/\/www.qwien.at\/en\/wp-json\/wp\/v2\/pages"}],"about":[{"href":"https:\/\/www.qwien.at\/en\/wp-json\/wp\/v2\/types\/page"}],"author":[{"embeddable":true,"href":"https:\/\/www.qwien.at\/en\/wp-json\/wp\/v2\/users\/11"}],"replies":[{"embeddable":true,"href":"https:\/\/www.qwien.at\/en\/wp-json\/wp\/v2\/comments?post=10714"}],"version-history":[{"count":5,"href":"https:\/\/www.qwien.at\/en\/wp-json\/wp\/v2\/pages\/10714\/revisions"}],"predecessor-version":[{"id":10832,"href":"https:\/\/www.qwien.at\/en\/wp-json\/wp\/v2\/pages\/10714\/revisions\/10832"}],"wp:featuredmedia":[{"embeddable":true,"href":"https:\/\/www.qwien.at\/en\/wp-json\/wp\/v2\/media\/10128"}],"wp:attachment":[{"href":"https:\/\/www.qwien.at\/en\/wp-json\/wp\/v2\/media?parent=10714"}],"curies":[{"name":"wp","href":"https:\/\/api.w.org\/{rel}","templated":true}]}}